{"id":88657,"date":"2024-06-28T13:14:53","date_gmt":"2024-06-28T11:14:53","guid":{"rendered":"https:\/\/acelerapyme.depourense.es\/evento\/webinar-descobre-a-facturacion-electronica-lexislacion-e-novidades\/"},"modified":"2024-11-05T08:53:21","modified_gmt":"2024-11-05T07:53:21","slug":"webinar-descobre-a-facturacion-electronica-lexislacion-e-novidades","status":"publish","type":"tribe_events","link":"https:\/\/acelerapyme.depourense.es\/gl\/evento\/webinar-descobre-a-facturacion-electronica-lexislacion-e-novidades\/","title":{"rendered":"WEBINAR: \u201cDescobre a facturaci\u00f3n electr\u00f3nica: lexislaci\u00f3n e novidades\u201d"},"content":{"rendered":"\t\t<div data-elementor-type=\"tec_event_single_static\" data-elementor-id=\"88657\" class=\"elementor elementor-88657 elementor-87933\" data-elementor-post-type=\"tribe_events\">\n\t\t\t\t\t\t<section class=\"elementor-section elementor-top-section elementor-element elementor-element-53ef51ec elementor-section-boxed elementor-section-height-default elementor-section-height-default\" data-id=\"53ef51ec\" data-element_type=\"section\" data-settings=\"{&quot;_ha_eqh_enable&quot;:false}\">\n\t\t\t\t\t\t<div class=\"elementor-container elementor-column-gap-default\">\n\t\t\t\t\t<div class=\"elementor-column elementor-col-100 elementor-top-column elementor-element elementor-element-3ed0845\" data-id=\"3ed0845\" data-element_type=\"column\">\n\t\t\t<div class=\"elementor-widget-wrap elementor-element-populated\">\n\t\t\t\t\t\t<div class=\"elementor-element elementor-element-4eebbb68 elementor-widget elementor-widget-tec_events_elementor_widget_event_status\" data-id=\"4eebbb68\" data-element_type=\"widget\" data-widget_type=\"tec_events_elementor_widget_event_status.default\">\n\t\t\t\t<div class=\"elementor-widget-container\">\n\t\t\t<p  class=\"tec-events-elementor-event-widget__status-passed\" >This event has passed.<\/p>\n\t\t<\/div>\n\t\t\t\t<\/div>\n\t\t\t\t<div class=\"elementor-element elementor-element-234d1d5e elementor-widget elementor-widget-tec_events_elementor_widget_event_title\" data-id=\"234d1d5e\" data-element_type=\"widget\" data-widget_type=\"tec_events_elementor_widget_event_title.default\">\n\t\t\t\t<div class=\"elementor-widget-container\">\n\t\t\t<h1  class=\"tec-events-elementor-event-widget__title\" >\n\tWEBINAR: \u201cDescobre a facturaci\u00f3n electr\u00f3nica: lexislaci\u00f3n e novidades\u201d<\/h1>\t\t<\/div>\n\t\t\t\t<\/div>\n\t\t\t\t<div class=\"elementor-element elementor-element-37b1c98a elementor-widget elementor-widget-tec_events_elementor_widget_event_datetime\" data-id=\"37b1c98a\" data-element_type=\"widget\" data-widget_type=\"tec_events_elementor_widget_event_datetime.default\">\n\t\t\t\t<div class=\"elementor-widget-container\">\n\t\t\t<div  class=\"tec-events-elementor-event-widget__datetime-wrapper\" >\n\t\t<div  class=\"tec-events-elementor-event-widget__datetime\" >\n\t\t\t<span  class=\"tec-events-elementor-event-widget__datetime-date tec-events-elementor-event-widget__datetime-date--start\" >July 4<\/span>\n\n\t\n<span  class=\"tec-events-elementor-event-widget__datetime-separator\" >\n\t  @  <\/span>\n\n\n<span  class=\"tec-events-elementor-event-widget__datetime-time tec-events-elementor-event-widget__datetime-time--start\" >10:00<\/span>\n\n\t\t\n\n\n\n\t<span  class=\"tec-events-elementor-event-widget__datetime-separator\" >\n\t  -  <\/span>\n<\/span>\n\n<span  class=\"tec-events-elementor-event-widget__datetime-time tec-events-elementor-event-widget__datetime-time--end\" >11:00<\/span>\n\n\n<span class=\"tribe-events-abbr tribe-events-time-zone published\"><\/span>\n\t<\/div><\/div>\n\t\t<\/div>\n\t\t\t\t<\/div>\n\t\t\t\t<div class=\"elementor-element elementor-element-b46c478 elementor-widget elementor-widget-tec_events_elementor_widget_event_image\" data-id=\"b46c478\" data-element_type=\"widget\" data-widget_type=\"tec_events_elementor_widget_event_image.default\">\n\t\t\t\t<div class=\"elementor-widget-container\">\n\t\t\t<div  class=\"tec-events-elementor-event-widget__image\" >\n\t<img fetchpriority=\"high\" decoding=\"async\" width=\"1024\" height=\"576\" src=\"https:\/\/acelerapyme.depourense.es\/wp-content\/uploads\/2024\/06\/Facturacion-electronica-1024x576.jpg\" class=\"elementor-image\" alt=\"\" srcset=\"https:\/\/acelerapyme.depourense.es\/wp-content\/uploads\/2024\/06\/Facturacion-electronica-1024x576.jpg 1024w, https:\/\/acelerapyme.depourense.es\/wp-content\/uploads\/2024\/06\/Facturacion-electronica-300x169.jpg 300w, https:\/\/acelerapyme.depourense.es\/wp-content\/uploads\/2024\/06\/Facturacion-electronica-768x432.jpg 768w, https:\/\/acelerapyme.depourense.es\/wp-content\/uploads\/2024\/06\/Facturacion-electronica.jpg 1200w\" sizes=\"(max-width: 1024px) 100vw, 1024px\" \/><\/div>\n\t\t<\/div>\n\t\t\t\t<\/div>\n\t\t\t\t<div class=\"elementor-element elementor-element-a7669bb elementor-widget elementor-widget-text-editor\" data-id=\"a7669bb\" data-element_type=\"widget\" data-widget_type=\"text-editor.default\">\n\t\t\t\t<div class=\"elementor-widget-container\">\n\t\t\t\t\t\t\tNeste webinar, exploraremos en detalle a lexislaci\u00f3n actual e as \u00faltimas novidades en facturaci\u00f3n electr\u00f3nica. Mant\u00e9n a t\u00faa empresa ao d\u00eda coas normativas e aproveita as vantaxes da dixitalizaci\u00f3n na xesti\u00f3n fiscal. Inscr\u00edbeche agora e descobre como a facturaci\u00f3n electr\u00f3nica pode simplificar e mellorar os teus procesos administrativos. Non cho perdas!   \t\t\t\t\t\t<\/div>\n\t\t\t\t<\/div>\n\t\t\t\t<section class=\"elementor-section elementor-inner-section elementor-element elementor-element-92175f2 elementor-section-full_width elementor-section-height-default elementor-section-height-default\" data-id=\"92175f2\" data-element_type=\"section\" data-settings=\"{&quot;_ha_eqh_enable&quot;:false}\">\n\t\t\t\t\t\t<div class=\"elementor-container elementor-column-gap-default\">\n\t\t\t\t\t<div class=\"elementor-column elementor-col-50 elementor-inner-column elementor-element elementor-element-3c9add4c\" data-id=\"3c9add4c\" data-element_type=\"column\">\n\t\t\t<div class=\"elementor-widget-wrap elementor-element-populated\">\n\t\t\t\t\t\t\t<\/div>\n\t\t<\/div>\n\t\t\t\t<div class=\"elementor-column elementor-col-50 elementor-inner-column elementor-element elementor-element-3542ae29\" data-id=\"3542ae29\" data-element_type=\"column\">\n\t\t\t<div class=\"elementor-widget-wrap elementor-element-populated\">\n\t\t\t\t\t\t\t<\/div>\n\t\t<\/div>\n\t\t\t\t\t<\/div>\n\t\t<\/section>\n\t\t\t\t<section class=\"elementor-section elementor-inner-section elementor-element elementor-element-fbd9064 elementor-section-full_width elementor-section-height-default elementor-section-height-default\" data-id=\"fbd9064\" data-element_type=\"section\" data-settings=\"{&quot;_ha_eqh_enable&quot;:false}\">\n\t\t\t\t\t\t<div class=\"elementor-container elementor-column-gap-default\">\n\t\t\t\t\t<div class=\"elementor-column elementor-col-100 elementor-inner-column elementor-element elementor-element-7fc8773c\" data-id=\"7fc8773c\" data-element_type=\"column\">\n\t\t\t<div class=\"elementor-widget-wrap elementor-element-populated\">\n\t\t\t\t\t\t\t<\/div>\n\t\t<\/div>\n\t\t\t\t\t<\/div>\n\t\t<\/section>\n\t\t\t\t<section class=\"elementor-section elementor-inner-section elementor-element elementor-element-7cdddabd elementor-section-full_width elementor-section-height-default elementor-section-height-default\" data-id=\"7cdddabd\" data-element_type=\"section\" data-settings=\"{&quot;_ha_eqh_enable&quot;:false}\">\n\t\t\t\t\t\t<div class=\"elementor-container elementor-column-gap-default\">\n\t\t\t\t\t<div class=\"elementor-column elementor-col-100 elementor-inner-column elementor-element elementor-element-7177ea16\" data-id=\"7177ea16\" data-element_type=\"column\">\n\t\t\t<div class=\"elementor-widget-wrap elementor-element-populated\">\n\t\t\t\t\t\t<div class=\"elementor-element elementor-element-1e6562e1 elementor-widget elementor-widget-tec_events_elementor_widget_event_export\" data-id=\"1e6562e1\" data-element_type=\"widget\" data-widget_type=\"tec_events_elementor_widget_event_export.default\">\n\t\t\t\t<div class=\"elementor-widget-container\">\n\t\t\t<div  class=\"tec-events-elementor-event-widget__export\" >\n\t<div  class=\"tec-events-elementor-event-widget__export-dropdown\" >\n\t\t\n<button\n\t class=\"tec-events-elementor-event-widget__export-dropdown-button tribe-common-c-btn-border tribe-events-c-subscribe-dropdown__button\" \taria-expanded=\"false\"\n\taria-controls=\"\"\n\taria-label=\"View links to add events to your calendar\"\n>\n\t<i\n\t\t class=\"eicon eicon-export-kit tec-events-elementor-event-widget__export-dropdown-export-icon\" \t\taria-hidden=\"true\"\n\t><\/i>\n\tAdd to calendar\t<svg\n\t\t class=\"tec-events-elementor-event-widget__export-dropdown-icon\" \t\tviewBox=\"0 0 12 8\"\n\t\txmlns=\"http:\/\/www.w3.org\/2000\/svg\"\n\t>\n\t\t<path d=\"M1.21.85L6 5.64 10.79.85 11.94 2 6 7.94.06 2z\" fill=\"currentColor\" fill-rule=\"nonzero\"\/>\n\t<\/svg>\n<\/button>\n\t\t<div\n\t\t\t class=\"tec-events-elementor-event-widget__export-dropdown-content\" \t\t\tstyle=\"display: none;\"\n\t\t>\n\t\t\t<ul  class=\"tec-events-elementor-event-widget__export-dropdown-list\" >\n\t\t\t\t\t\t\t\t\t<li  class=\"tec-events-elementor-event-widget__export-dropdown-list-item tec-events-elementor-event-widget__export-dropdown--gcal\" >\n\t<a\n\t class=\"tec-events-elementor-event-widget__export-dropdown-link\" \thref=\"https:\/\/www.google.com\/calendar\/event?action=TEMPLATE&#038;dates=20240704T100000\/20240704T110000&#038;text=WEBINAR%3A%20%E2%80%9CDescobre%20a%20facturaci%C3%B3n%20electr%C3%B3nica%3A%20lexislaci%C3%B3n%20e%20novidades%E2%80%9D&#038;details=Neste+webinar%2C+exploraremos+en+detalle+a+lexislaci%C3%B3n+actual+e+as+%C3%BAltimas+novidades+en+facturaci%C3%B3n+electr%C3%B3nica.+Mant%C3%A9n+a+t%C3%BAa+empresa+ao+d%C3%ADa+coas+normativas+e+aproveita+as+vantaxes+da+dixitalizaci%C3%B3n+na+xesti%C3%B3n+fiscal.+Inscr%C3%ADbeche+agora+e+descobre+como+a+facturaci%C3%B3n+electr%C3%B3nica+pode+simplificar+e+mellorar+os+teus+procesos+administrativos.+Non+cho+perdas%21&#038;trp=false&#038;ctz=Europe\/Madrid&#038;sprop=website:https:\/\/acelerapyme.depourense.es\/gl\/\"\n\ttarget=\"_blank\"\n\trel=\"noopener noreferrer\"\n>Google Calendar<\/a>\n<\/li>\n\t\t\t\t\t\t\t\t\t<li  class=\"tec-events-elementor-event-widget__export-dropdown-list-item tec-events-elementor-event-widget__export-dropdown--ical\" >\n\t<a\n\t class=\"tec-events-elementor-event-widget__export-dropdown-link\" \thref=\"https:\/\/acelerapyme.depourense.es\/gl\/evento\/webinar-descobre-a-facturacion-electronica-lexislacion-e-novidades\/?ical=1\"\n\ttarget=\"_blank\"\n\trel=\"noopener noreferrer\"\n>iCalendar<\/a>\n<\/li>\n\t\t\t\t\t\t\t\t\t<li  class=\"tec-events-elementor-event-widget__export-dropdown-list-item tec-events-elementor-event-widget__export-dropdown--outlook-365\" >\n\t<a\n\t class=\"tec-events-elementor-event-widget__export-dropdown-link\" \thref=\"https:\/\/outlook.office.com\/owa\/?path=\/calendar\/action\/compose&#038;rrv=addevent&#038;startdt=2024-07-04T10:00:00+02:00&#038;enddt=2024-07-04T11:00:00+02:00&#038;location&#038;subject=WEBINAR%3A%20%E2%80%9CDescobre%20a%20facturaci%C3%B3n%20electr%C3%B3nica%3A%20lexislaci%C3%B3n%20e%20novidades%E2%80%9D&#038;body=Neste%20webinar%2C%20exploraremos%20en%20detalle%20a%20lexislaci%C3%B3n%20actual%20e%20as%20%C3%BAltimas%20novidades%20en%20facturaci%C3%B3n%20electr%C3%B3nica.%20Mant%C3%A9n%20a%20t%C3%BAa%20empresa%20ao%20d%C3%ADa%20coas%20normativas%20e%20aproveita%20as%20vantaxes%20da%20dixitalizaci%C3%B3n%20na%20xesti%C3%B3n%20fiscal.%20Inscr%C3%ADbeche%20agora%20e%20descobre%20como%20a%20facturaci%C3%B3n%20electr%C3%B3nica%20pode%20simplificar%20e%20mellorar%20os%20teus%20procesos%20administrativos.%20Non%20cho%20perdas%21\"\n\ttarget=\"_blank\"\n\trel=\"noopener noreferrer\"\n>Outlook 365<\/a>\n<\/li>\n\t\t\t\t\t\t\t\t\t<li  class=\"tec-events-elementor-event-widget__export-dropdown-list-item tec-events-elementor-event-widget__export-dropdown--outlook-live\" >\n\t<a\n\t class=\"tec-events-elementor-event-widget__export-dropdown-link\" \thref=\"https:\/\/outlook.live.com\/owa\/?path=\/calendar\/action\/compose&#038;rrv=addevent&#038;startdt=2024-07-04T10:00:00+02:00&#038;enddt=2024-07-04T11:00:00+02:00&#038;location&#038;subject=WEBINAR%3A%20%E2%80%9CDescobre%20a%20facturaci%C3%B3n%20electr%C3%B3nica%3A%20lexislaci%C3%B3n%20e%20novidades%E2%80%9D&#038;body=Neste%20webinar%2C%20exploraremos%20en%20detalle%20a%20lexislaci%C3%B3n%20actual%20e%20as%20%C3%BAltimas%20novidades%20en%20facturaci%C3%B3n%20electr%C3%B3nica.%20Mant%C3%A9n%20a%20t%C3%BAa%20empresa%20ao%20d%C3%ADa%20coas%20normativas%20e%20aproveita%20as%20vantaxes%20da%20dixitalizaci%C3%B3n%20na%20xesti%C3%B3n%20fiscal.%20Inscr%C3%ADbeche%20agora%20e%20descobre%20como%20a%20facturaci%C3%B3n%20electr%C3%B3nica%20pode%20simplificar%20e%20mellorar%20os%20teus%20procesos%20administrativos.%20Non%20cho%20perdas%21\"\n\ttarget=\"_blank\"\n\trel=\"noopener noreferrer\"\n>Outlook Live<\/a>\n<\/li>\n\t\t\t\t\t\t\t<\/ul>\n\t\t<\/div>\n\n\t\t<script>\n\t\t\t\/\/ Some JS to toggle the dropdown, todo: maybe move this to a separate file?\n\t\t\tvar exportButton = document.querySelector( \".tec-events-elementor-event-widget__export-dropdown-button\" );\n\t\t\tvar exportDropdownContent = document.querySelector( \".tec-events-elementor-event-widget__export-dropdown-content\" );\n\t\t\tvar exportDropdownIcon = document.querySelector( \".tec-events-elementor-event-widget__export-dropdown-icon\" );\n\n\t\t\texportButton.addEventListener(\n\t\t\t\t\"click\",\n\t\t\t\tfunction () {\n\t\t\t\t\tlet isClosed = exportDropdownContent.style.display !== \"block\";\n\t\t\t\t\texportButton.ariaExpanded = isClosed ? \"true\" : \"false\"; \/\/ Update aria-expanded.\n\t\t\t\t\texportDropdownContent.style.display = isClosed ? \"block\" : \"none\"; \/\/ Toggle display.\n\t\t\t\t\texportDropdownIcon.classList.toggle( \"tec-events-elementor-event-widget__export-dropdown-icon--active\" ); \/\/ Toggle arrow direction.\n\t\t\t\t}\n\t\t\t);\n\t\t<\/script>\n\t<\/div>\n<\/div>\n\t\t<\/div>\n\t\t\t\t<\/div>\n\t\t\t\t\t<\/div>\n\t\t<\/div>\n\t\t\t\t\t<\/div>\n\t\t<\/section>\n\t\t\t\t<section class=\"elementor-section elementor-inner-section elementor-element elementor-element-7dbc4061 elementor-section-boxed elementor-section-height-default elementor-section-height-default\" data-id=\"7dbc4061\" data-element_type=\"section\" data-settings=\"{&quot;_ha_eqh_enable&quot;:false}\">\n\t\t\t\t\t\t<div class=\"elementor-container elementor-column-gap-default\">\n\t\t\t\t\t<div class=\"elementor-column elementor-col-100 elementor-inner-column elementor-element elementor-element-5bf1423a\" data-id=\"5bf1423a\" data-element_type=\"column\">\n\t\t\t<div class=\"elementor-widget-wrap elementor-element-populated\">\n\t\t\t\t\t\t<div class=\"elementor-element elementor-element-2fc16baf elementor-widget elementor-widget-tec_events_elementor_widget_event_navigation\" data-id=\"2fc16baf\" data-element_type=\"widget\" data-widget_type=\"tec_events_elementor_widget_event_navigation.default\">\n\t\t\t\t<div class=\"elementor-widget-container\">\n\t\t\t<nav  class=\"tec-events-elementor-event-widget__navigation\"  aria-label=\"Events\">\n\t<ul  class=\"tec-events-elementor-event-widget__navigation--subnav\" >\n\t\t\n\t\t<li  class=\"tec-events-elementor-event-widget__navigation--next\" >\n\t<a href=\"https:\/\/acelerapyme.depourense.es\/gl\/evento\/webinar-aprende-a-investir-de-maneira-eficiente-en-paid-media\/\">\n\t\tWebinar \u201cAprende a investir de maneira eficiente en Paid Media\u201d\t\t<svg xmlns=\"http:\/\/www.w3.org\/2000\/svg\"><path d=\"M.084 2.159L2 .243l9.9 9.9L2 20.041.084 18.126l7.983-7.984z\" \/><\/svg>\t<\/a>\n<\/li>\n\t<\/ul>\n<\/nav>\n\t\t<\/div>\n\t\t\t\t<\/div>\n\t\t\t\t\t<\/div>\n\t\t<\/div>\n\t\t\t\t\t<\/div>\n\t\t<\/section>\n\t\t\t\t\t<\/div>\n\t\t<\/div>\n\t\t\t\t\t<\/div>\n\t\t<\/section>\n\t\t\t\t<\/div>\n\t\t","protected":false},"excerpt":{"rendered":"<p>Neste webinar, exploraremos en detalle a lexislaci\u00f3n actual e as \u00faltimas novidades en facturaci\u00f3n electr\u00f3nica. Mant\u00e9n a t\u00faa empresa ao d\u00eda coas normativas e aproveita as vantaxes da dixitalizaci\u00f3n na&hellip;<\/p>\n","protected":false},"author":1,"featured_media":88480,"comment_status":"closed","ping_status":"closed","template":"","meta":{"_tribe_events_status":"","_tribe_events_status_reason":"","footnotes":""},"tags":[],"tribe_events_cat":[],"class_list":["post-88657","tribe_events","type-tribe_events","status-publish","has-post-thumbnail","hentry"],"yoast_head":"<!-- This site is optimized with the Yoast SEO plugin v23.0 - https:\/\/yoast.com\/wordpress\/plugins\/seo\/ -->\n<title>WEBINAR: \u201cDescobre a facturaci\u00f3n electr\u00f3nica: lexislaci\u00f3n e novidades\u201d - Acelerou<\/title>\n<meta name=\"robots\" content=\"index, follow, max-snippet:-1, max-image-preview:large, max-video-preview:-1\" \/>\n<link rel=\"canonical\" href=\"https:\/\/acelerapyme.depourense.es\/gl\/evento\/webinar-descobre-a-facturacion-electronica-lexislacion-e-novidades\/\" \/>\n<meta property=\"og:locale\" content=\"gl_ES\" \/>\n<meta property=\"og:type\" content=\"article\" \/>\n<meta property=\"og:title\" content=\"WEBINAR: \u201cDescobre a facturaci\u00f3n electr\u00f3nica: lexislaci\u00f3n e novidades\u201d - Acelerou\" \/>\n<meta property=\"og:description\" content=\"Neste webinar, exploraremos en detalle a lexislaci\u00f3n actual e as \u00faltimas novidades en facturaci\u00f3n electr\u00f3nica. Mant\u00e9n a t\u00faa empresa ao d\u00eda coas normativas e aproveita as vantaxes da dixitalizaci\u00f3n na&hellip;\" \/>\n<meta property=\"og:url\" content=\"https:\/\/acelerapyme.depourense.es\/gl\/evento\/webinar-descobre-a-facturacion-electronica-lexislacion-e-novidades\/\" \/>\n<meta property=\"og:site_name\" content=\"Acelerou\" \/>\n<meta property=\"article:modified_time\" content=\"2024-11-05T07:53:21+00:00\" \/>\n<meta property=\"og:image\" content=\"https:\/\/acelerapyme.depourense.es\/wp-content\/uploads\/2024\/06\/Facturacion-electronica.jpg\" \/>\n\t<meta property=\"og:image:width\" content=\"1200\" \/>\n\t<meta property=\"og:image:height\" content=\"675\" \/>\n\t<meta property=\"og:image:type\" content=\"image\/jpeg\" \/>\n<meta name=\"twitter:card\" content=\"summary_large_image\" \/>\n<script type=\"application\/ld+json\" class=\"yoast-schema-graph\">{\"@context\":\"https:\/\/schema.org\",\"@graph\":[{\"@type\":\"WebPage\",\"@id\":\"https:\/\/acelerapyme.depourense.es\/gl\/evento\/webinar-descobre-a-facturacion-electronica-lexislacion-e-novidades\/\",\"url\":\"https:\/\/acelerapyme.depourense.es\/gl\/evento\/webinar-descobre-a-facturacion-electronica-lexislacion-e-novidades\/\",\"name\":\"WEBINAR: \u201cDescobre a facturaci\u00f3n electr\u00f3nica: lexislaci\u00f3n e novidades\u201d - Acelerou\",\"isPartOf\":{\"@id\":\"https:\/\/acelerapyme.depourense.es\/#website\"},\"primaryImageOfPage\":{\"@id\":\"https:\/\/acelerapyme.depourense.es\/gl\/evento\/webinar-descobre-a-facturacion-electronica-lexislacion-e-novidades\/#primaryimage\"},\"image\":{\"@id\":\"https:\/\/acelerapyme.depourense.es\/gl\/evento\/webinar-descobre-a-facturacion-electronica-lexislacion-e-novidades\/#primaryimage\"},\"thumbnailUrl\":\"https:\/\/acelerapyme.depourense.es\/wp-content\/uploads\/2024\/06\/Facturacion-electronica.jpg\",\"datePublished\":\"2024-06-28T11:14:53+00:00\",\"dateModified\":\"2024-11-05T07:53:21+00:00\",\"breadcrumb\":{\"@id\":\"https:\/\/acelerapyme.depourense.es\/gl\/evento\/webinar-descobre-a-facturacion-electronica-lexislacion-e-novidades\/#breadcrumb\"},\"inLanguage\":\"gl-ES\",\"potentialAction\":[{\"@type\":\"ReadAction\",\"target\":[\"https:\/\/acelerapyme.depourense.es\/gl\/evento\/webinar-descobre-a-facturacion-electronica-lexislacion-e-novidades\/\"]}]},{\"@type\":\"ImageObject\",\"inLanguage\":\"gl-ES\",\"@id\":\"https:\/\/acelerapyme.depourense.es\/gl\/evento\/webinar-descobre-a-facturacion-electronica-lexislacion-e-novidades\/#primaryimage\",\"url\":\"https:\/\/acelerapyme.depourense.es\/wp-content\/uploads\/2024\/06\/Facturacion-electronica.jpg\",\"contentUrl\":\"https:\/\/acelerapyme.depourense.es\/wp-content\/uploads\/2024\/06\/Facturacion-electronica.jpg\",\"width\":1200,\"height\":675},{\"@type\":\"BreadcrumbList\",\"@id\":\"https:\/\/acelerapyme.depourense.es\/gl\/evento\/webinar-descobre-a-facturacion-electronica-lexislacion-e-novidades\/#breadcrumb\",\"itemListElement\":[{\"@type\":\"ListItem\",\"position\":1,\"name\":\"Portada\",\"item\":\"https:\/\/acelerapyme.depourense.es\/\"},{\"@type\":\"ListItem\",\"position\":2,\"name\":\"Eventos\",\"item\":\"https:\/\/acelerapyme.depourense.es\/eventos\/\"},{\"@type\":\"ListItem\",\"position\":3,\"name\":\"WEBINAR: \u201cDescobre a facturaci\u00f3n electr\u00f3nica: lexislaci\u00f3n e novidades\u201d\"}]},{\"@type\":\"WebSite\",\"@id\":\"https:\/\/acelerapyme.depourense.es\/#website\",\"url\":\"https:\/\/acelerapyme.depourense.es\/\",\"name\":\"Acelerou\",\"description\":\"\",\"publisher\":{\"@id\":\"https:\/\/acelerapyme.depourense.es\/#organization\"},\"potentialAction\":[{\"@type\":\"SearchAction\",\"target\":{\"@type\":\"EntryPoint\",\"urlTemplate\":\"https:\/\/acelerapyme.depourense.es\/?s={search_term_string}\"},\"query-input\":\"required name=search_term_string\"}],\"inLanguage\":\"gl-ES\"},{\"@type\":\"Organization\",\"@id\":\"https:\/\/acelerapyme.depourense.es\/#organization\",\"name\":\"Acelerou\",\"url\":\"https:\/\/acelerapyme.depourense.es\/\",\"logo\":{\"@type\":\"ImageObject\",\"inLanguage\":\"gl-ES\",\"@id\":\"https:\/\/acelerapyme.depourense.es\/#\/schema\/logo\/image\/\",\"url\":\"https:\/\/acelerapyme.depourense.es\/wp-content\/uploads\/2024\/06\/logo2.png\",\"contentUrl\":\"https:\/\/acelerapyme.depourense.es\/wp-content\/uploads\/2024\/06\/logo2.png\",\"width\":1012,\"height\":189,\"caption\":\"Acelerou\"},\"image\":{\"@id\":\"https:\/\/acelerapyme.depourense.es\/#\/schema\/logo\/image\/\"}}]}<\/script>\n<!-- \/ Yoast SEO plugin. -->","yoast_head_json":{"title":"WEBINAR: \u201cDescobre a facturaci\u00f3n electr\u00f3nica: lexislaci\u00f3n e novidades\u201d - Acelerou","robots":{"index":"index","follow":"follow","max-snippet":"max-snippet:-1","max-image-preview":"max-image-preview:large","max-video-preview":"max-video-preview:-1"},"canonical":"https:\/\/acelerapyme.depourense.es\/gl\/evento\/webinar-descobre-a-facturacion-electronica-lexislacion-e-novidades\/","og_locale":"gl_ES","og_type":"article","og_title":"WEBINAR: \u201cDescobre a facturaci\u00f3n electr\u00f3nica: lexislaci\u00f3n e novidades\u201d - Acelerou","og_description":"Neste webinar, exploraremos en detalle a lexislaci\u00f3n actual e as \u00faltimas novidades en facturaci\u00f3n electr\u00f3nica. Mant\u00e9n a t\u00faa empresa ao d\u00eda coas normativas e aproveita as vantaxes da dixitalizaci\u00f3n na&hellip;","og_url":"https:\/\/acelerapyme.depourense.es\/gl\/evento\/webinar-descobre-a-facturacion-electronica-lexislacion-e-novidades\/","og_site_name":"Acelerou","article_modified_time":"2024-11-05T07:53:21+00:00","og_image":[{"width":1200,"height":675,"url":"https:\/\/acelerapyme.depourense.es\/wp-content\/uploads\/2024\/06\/Facturacion-electronica.jpg","type":"image\/jpeg"}],"twitter_card":"summary_large_image","schema":{"@context":"https:\/\/schema.org","@graph":[{"@type":"WebPage","@id":"https:\/\/acelerapyme.depourense.es\/gl\/evento\/webinar-descobre-a-facturacion-electronica-lexislacion-e-novidades\/","url":"https:\/\/acelerapyme.depourense.es\/gl\/evento\/webinar-descobre-a-facturacion-electronica-lexislacion-e-novidades\/","name":"WEBINAR: \u201cDescobre a facturaci\u00f3n electr\u00f3nica: lexislaci\u00f3n e novidades\u201d - Acelerou","isPartOf":{"@id":"https:\/\/acelerapyme.depourense.es\/#website"},"primaryImageOfPage":{"@id":"https:\/\/acelerapyme.depourense.es\/gl\/evento\/webinar-descobre-a-facturacion-electronica-lexislacion-e-novidades\/#primaryimage"},"image":{"@id":"https:\/\/acelerapyme.depourense.es\/gl\/evento\/webinar-descobre-a-facturacion-electronica-lexislacion-e-novidades\/#primaryimage"},"thumbnailUrl":"https:\/\/acelerapyme.depourense.es\/wp-content\/uploads\/2024\/06\/Facturacion-electronica.jpg","datePublished":"2024-06-28T11:14:53+00:00","dateModified":"2024-11-05T07:53:21+00:00","breadcrumb":{"@id":"https:\/\/acelerapyme.depourense.es\/gl\/evento\/webinar-descobre-a-facturacion-electronica-lexislacion-e-novidades\/#breadcrumb"},"inLanguage":"gl-ES","potentialAction":[{"@type":"ReadAction","target":["https:\/\/acelerapyme.depourense.es\/gl\/evento\/webinar-descobre-a-facturacion-electronica-lexislacion-e-novidades\/"]}]},{"@type":"ImageObject","inLanguage":"gl-ES","@id":"https:\/\/acelerapyme.depourense.es\/gl\/evento\/webinar-descobre-a-facturacion-electronica-lexislacion-e-novidades\/#primaryimage","url":"https:\/\/acelerapyme.depourense.es\/wp-content\/uploads\/2024\/06\/Facturacion-electronica.jpg","contentUrl":"https:\/\/acelerapyme.depourense.es\/wp-content\/uploads\/2024\/06\/Facturacion-electronica.jpg","width":1200,"height":675},{"@type":"BreadcrumbList","@id":"https:\/\/acelerapyme.depourense.es\/gl\/evento\/webinar-descobre-a-facturacion-electronica-lexislacion-e-novidades\/#breadcrumb","itemListElement":[{"@type":"ListItem","position":1,"name":"Portada","item":"https:\/\/acelerapyme.depourense.es\/"},{"@type":"ListItem","position":2,"name":"Eventos","item":"https:\/\/acelerapyme.depourense.es\/eventos\/"},{"@type":"ListItem","position":3,"name":"WEBINAR: \u201cDescobre a facturaci\u00f3n electr\u00f3nica: lexislaci\u00f3n e novidades\u201d"}]},{"@type":"WebSite","@id":"https:\/\/acelerapyme.depourense.es\/#website","url":"https:\/\/acelerapyme.depourense.es\/","name":"Acelerou","description":"","publisher":{"@id":"https:\/\/acelerapyme.depourense.es\/#organization"},"potentialAction":[{"@type":"SearchAction","target":{"@type":"EntryPoint","urlTemplate":"https:\/\/acelerapyme.depourense.es\/?s={search_term_string}"},"query-input":"required name=search_term_string"}],"inLanguage":"gl-ES"},{"@type":"Organization","@id":"https:\/\/acelerapyme.depourense.es\/#organization","name":"Acelerou","url":"https:\/\/acelerapyme.depourense.es\/","logo":{"@type":"ImageObject","inLanguage":"gl-ES","@id":"https:\/\/acelerapyme.depourense.es\/#\/schema\/logo\/image\/","url":"https:\/\/acelerapyme.depourense.es\/wp-content\/uploads\/2024\/06\/logo2.png","contentUrl":"https:\/\/acelerapyme.depourense.es\/wp-content\/uploads\/2024\/06\/logo2.png","width":1012,"height":189,"caption":"Acelerou"},"image":{"@id":"https:\/\/acelerapyme.depourense.es\/#\/schema\/logo\/image\/"}}]}},"_links":{"self":[{"href":"https:\/\/acelerapyme.depourense.es\/gl\/wp-json\/wp\/v2\/tribe_events\/88657","targetHints":{"allow":["GET"]}}],"collection":[{"href":"https:\/\/acelerapyme.depourense.es\/gl\/wp-json\/wp\/v2\/tribe_events"}],"about":[{"href":"https:\/\/acelerapyme.depourense.es\/gl\/wp-json\/wp\/v2\/types\/tribe_events"}],"author":[{"embeddable":true,"href":"https:\/\/acelerapyme.depourense.es\/gl\/wp-json\/wp\/v2\/users\/1"}],"replies":[{"embeddable":true,"href":"https:\/\/acelerapyme.depourense.es\/gl\/wp-json\/wp\/v2\/comments?post=88657"}],"version-history":[{"count":1,"href":"https:\/\/acelerapyme.depourense.es\/gl\/wp-json\/wp\/v2\/tribe_events\/88657\/revisions"}],"predecessor-version":[{"id":88658,"href":"https:\/\/acelerapyme.depourense.es\/gl\/wp-json\/wp\/v2\/tribe_events\/88657\/revisions\/88658"}],"wp:featuredmedia":[{"embeddable":true,"href":"https:\/\/acelerapyme.depourense.es\/gl\/wp-json\/wp\/v2\/media\/88480"}],"wp:attachment":[{"href":"https:\/\/acelerapyme.depourense.es\/gl\/wp-json\/wp\/v2\/media?parent=88657"}],"wp:term":[{"taxonomy":"post_tag","embeddable":true,"href":"https:\/\/acelerapyme.depourense.es\/gl\/wp-json\/wp\/v2\/tags?post=88657"},{"taxonomy":"tribe_events_cat","embeddable":true,"href":"https:\/\/acelerapyme.depourense.es\/gl\/wp-json\/wp\/v2\/tribe_events_cat?post=88657"}],"curies":[{"name":"wp","href":"https:\/\/api.w.org\/{rel}","templated":true}]}}