{"id":88529,"date":"2020-11-21T18:29:44","date_gmt":"2020-11-21T17:29:44","guid":{"rendered":"https:\/\/acelerapyme.depourense.es\/casa\/"},"modified":"2025-06-16T14:13:51","modified_gmt":"2025-06-16T12:13:51","slug":"casa","status":"publish","type":"page","link":"https:\/\/acelerapyme.depourense.es\/gl\/","title":{"rendered":"Casa"},"content":{"rendered":"\t\t<div data-elementor-type=\"wp-page\" data-elementor-id=\"88529\" class=\"elementor elementor-88529 elementor-16461\" data-elementor-post-type=\"page\">\n\t\t\t\t\t\t<section class=\"elementor-section elementor-top-section elementor-element elementor-element-9f701d8 elementor-section-height-full elementor-section-full_width elementor-section-content-middle elementor-section-items-stretch hero-class elementor-section-height-default\" data-id=\"9f701d8\" data-element_type=\"section\" data-settings=\"{&quot;background_background&quot;:&quot;classic&quot;,&quot;animation&quot;:&quot;none&quot;,&quot;motion_fx_motion_fx_scrolling&quot;:&quot;yes&quot;,&quot;motion_fx_devices&quot;:[&quot;desktop&quot;,&quot;tablet&quot;,&quot;mobile&quot;]}\">\n\t\t\t\t\t\t\t<div class=\"elementor-background-overlay\"><\/div>\n\t\t\t\t\t\t\t<div class=\"elementor-container elementor-column-gap-wide\">\n\t\t\t\t\t<div class=\"elementor-column elementor-col-100 elementor-top-column elementor-element elementor-element-d2e1974\" data-id=\"d2e1974\" data-element_type=\"column\" data-settings=\"{&quot;motion_fx_motion_fx_scrolling&quot;:&quot;yes&quot;,&quot;motion_fx_translateY_effect&quot;:&quot;yes&quot;,&quot;motion_fx_translateY_speed&quot;:{&quot;unit&quot;:&quot;px&quot;,&quot;size&quot;:2,&quot;sizes&quot;:[]},&quot;background_background&quot;:&quot;classic&quot;,&quot;motion_fx_translateY_affectedRange&quot;:{&quot;unit&quot;:&quot;%&quot;,&quot;size&quot;:&quot;&quot;,&quot;sizes&quot;:{&quot;start&quot;:0,&quot;end&quot;:100}},&quot;motion_fx_devices&quot;:[&quot;desktop&quot;,&quot;tablet&quot;,&quot;mobile&quot;]}\">\n\t\t\t<div class=\"elementor-widget-wrap elementor-element-populated\">\n\t\t\t\t\t\t<div class=\"elementor-element elementor-element-d8c081f elementor-invisible elementor-widget elementor-widget-image\" data-id=\"d8c081f\" data-element_type=\"widget\" data-settings=\"{&quot;_animation&quot;:&quot;fadeInUp&quot;,&quot;_animation_delay&quot;:850}\" data-widget_type=\"image.default\">\n\t\t\t\t<div class=\"elementor-widget-container\">\n\t\t\t\t\t\t\t\t\t\t\t\t\t<img fetchpriority=\"high\" decoding=\"async\" width=\"1012\" height=\"189\" src=\"https:\/\/acelerapyme.depourense.es\/wp-content\/uploads\/2024\/06\/logo2.png\" class=\"attachment-large size-large wp-image-87445\" alt=\"\" \/>\t\t\t\t\t\t\t\t\t\t\t\t\t<\/div>\n\t\t\t\t<\/div>\n\t\t\t\t<div class=\"elementor-element elementor-element-40dda41 animated-slow elementor-invisible elementor-widget elementor-widget-heading\" data-id=\"40dda41\" data-element_type=\"widget\" data-settings=\"{&quot;_animation&quot;:&quot;fadeIn&quot;,&quot;_animation_delay&quot;:500}\" data-widget_type=\"heading.default\">\n\t\t\t\t<div class=\"elementor-widget-container\">\n\t\t\t<h3 class=\"elementor-heading-title elementor-size-default\">A transformaci\u00f3n<br> Dixital ao teu alcance<\/h3>\t\t<\/div>\n\t\t\t\t<\/div>\n\t\t\t\t\t<\/div>\n\t\t<\/div>\n\t\t\t\t\t<\/div>\n\t\t<\/section>\n\t\t\t\t<section class=\"elementor-section elementor-top-section elementor-element elementor-element-071d0fe elementor-section-full_width elementor-section-height-default elementor-section-height-default\" data-id=\"071d0fe\" data-element_type=\"section\" data-settings=\"{&quot;_ha_eqh_enable&quot;:false}\">\n\t\t\t\t\t\t<div class=\"elementor-container elementor-column-gap-no\">\n\t\t\t\t\t<div class=\"elementor-column elementor-col-100 elementor-top-column elementor-element elementor-element-2e66839\" data-id=\"2e66839\" data-element_type=\"column\">\n\t\t\t<div class=\"elementor-widget-wrap elementor-element-populated\">\n\t\t\t\t\t\t<div class=\"elementor-element elementor-element-a0c7ddb elementor-absolute ha-has-bg-overlay elementor-widget elementor-widget-spacer\" data-id=\"a0c7ddb\" data-element_type=\"widget\" data-settings=\"{&quot;_position&quot;:&quot;absolute&quot;}\" data-widget_type=\"spacer.default\">\n\t\t\t\t<div class=\"elementor-widget-container\">\n\t\t\t\t\t<div class=\"elementor-spacer\">\n\t\t\t<div class=\"elementor-spacer-inner\"><\/div>\n\t\t<\/div>\n\t\t\t\t<\/div>\n\t\t\t\t<\/div>\n\t\t\t\t\t<\/div>\n\t\t<\/div>\n\t\t\t\t\t<\/div>\n\t\t<\/section>\n\t\t\t\t<section class=\"elementor-section elementor-top-section elementor-element elementor-element-bd863d0 elementor-section-full_width elementor-section-height-default elementor-section-height-default\" data-id=\"bd863d0\" data-element_type=\"section\" data-settings=\"{&quot;_ha_eqh_enable&quot;:false}\">\n\t\t\t\t\t\t<div class=\"elementor-container elementor-column-gap-no\">\n\t\t\t\t\t<div class=\"elementor-column elementor-col-100 elementor-top-column elementor-element elementor-element-66a61d2\" data-id=\"66a61d2\" data-element_type=\"column\">\n\t\t\t<div class=\"elementor-widget-wrap elementor-element-populated\">\n\t\t\t\t\t\t<div class=\"elementor-element elementor-element-ac0caae elementor-widget elementor-widget-template\" data-id=\"ac0caae\" data-element_type=\"widget\" data-widget_type=\"template.default\">\n\t\t\t\t<div class=\"elementor-widget-container\">\n\t\t\t\t\t<div class=\"elementor-template\">\n\t\t\t\t\t<div data-elementor-type=\"section\" data-elementor-id=\"88498\" class=\"elementor elementor-88498 elementor-79256\" data-elementor-post-type=\"elementor_library\">\n\t\t\t\t\t<section class=\"elementor-section elementor-top-section elementor-element elementor-element-62787cea elementor-section-height-min-height elementor-section-boxed elementor-section-height-default elementor-section-items-middle\" data-id=\"62787cea\" data-element_type=\"section\" data-settings=\"{&quot;_ha_eqh_enable&quot;:false}\">\n\t\t\t\t\t\t<div class=\"elementor-container elementor-column-gap-wide\">\n\t\t\t\t\t<div class=\"elementor-column elementor-col-100 elementor-top-column elementor-element elementor-element-5ee9e2fc\" data-id=\"5ee9e2fc\" data-element_type=\"column\">\n\t\t\t<div class=\"elementor-widget-wrap elementor-element-populated\">\n\t\t\t\t\t\t<div class=\"elementor-element elementor-element-3802d4d8 elementor-widget-divider--view-line elementor-widget elementor-widget-divider\" data-id=\"3802d4d8\" data-element_type=\"widget\" data-widget_type=\"divider.default\">\n\t\t\t\t<div class=\"elementor-widget-container\">\n\t\t\t\t\t<div class=\"elementor-divider\">\n\t\t\t<span class=\"elementor-divider-separator\">\n\t\t\t\t\t\t<\/span>\n\t\t<\/div>\n\t\t\t\t<\/div>\n\t\t\t\t<\/div>\n\t\t\t\t\t<\/div>\n\t\t<\/div>\n\t\t\t\t\t<\/div>\n\t\t<\/section>\n\t\t\t\t<\/div>\n\t\t\t\t<\/div>\n\t\t\t\t<\/div>\n\t\t\t\t<\/div>\n\t\t\t\t\t<\/div>\n\t\t<\/div>\n\t\t\t\t\t<\/div>\n\t\t<\/section>\n\t\t\t\t<section class=\"elementor-section elementor-top-section elementor-element elementor-element-ec5522f elementor-section-boxed elementor-section-height-default elementor-section-height-default\" data-id=\"ec5522f\" data-element_type=\"section\" data-settings=\"{&quot;_ha_eqh_enable&quot;:false}\">\n\t\t\t\t\t\t<div class=\"elementor-container elementor-column-gap-wide\">\n\t\t\t\t\t<div class=\"elementor-column elementor-col-100 elementor-top-column elementor-element elementor-element-02cae50\" data-id=\"02cae50\" data-element_type=\"column\">\n\t\t\t<div class=\"elementor-widget-wrap elementor-element-populated\">\n\t\t\t\t\t\t<div class=\"elementor-element elementor-element-84d38cd elementor-widget elementor-widget-heading\" data-id=\"84d38cd\" data-element_type=\"widget\" data-widget_type=\"heading.default\">\n\t\t\t\t<div class=\"elementor-widget-container\">\n\t\t\t<h3 class=\"elementor-heading-title elementor-size-default\">O que podemos ofrecerche<\/h3>\t\t<\/div>\n\t\t\t\t<\/div>\n\t\t\t\t<div class=\"elementor-element elementor-element-8cad061 elementor-widget__width-initial elementor-widget elementor-widget-text-editor\" data-id=\"8cad061\" data-element_type=\"widget\" data-widget_type=\"text-editor.default\">\n\t\t\t\t<div class=\"elementor-widget-container\">\n\t\t\t\t\t\t\t<p>Impulsamos a transformaci\u00f3n dixital das empresas da provincia de Ourense. Axudamos paso a paso \u00e1s pequenas e medianas empresas na s\u00faa evoluci\u00f3n dixital. <\/p>\n\t\t\t\t\t\t<\/div>\n\t\t\t\t<\/div>\n\t\t\t\t\t<\/div>\n\t\t<\/div>\n\t\t\t\t\t<\/div>\n\t\t<\/section>\n\t\t\t\t<section class=\"elementor-section elementor-top-section elementor-element elementor-element-0c370f5 elementor-section-boxed elementor-section-height-default elementor-section-height-default\" data-id=\"0c370f5\" data-element_type=\"section\" data-settings=\"{&quot;_ha_eqh_enable&quot;:false}\">\n\t\t\t\t\t\t<div class=\"elementor-container elementor-column-gap-wide\">\n\t\t\t\t\t<div class=\"elementor-column elementor-col-100 elementor-top-column elementor-element elementor-element-7e9ec36\" data-id=\"7e9ec36\" data-element_type=\"column\">\n\t\t\t<div class=\"elementor-widget-wrap elementor-element-populated\">\n\t\t\t\t\t\t<div class=\"elementor-element elementor-element-515bf58 content-align-tablet-left icon-vertical-align-tablet-start icon-position-top icon-position-tablet-left content-align-center icon-vertical-align-center icon-box-vertical-align-top elementor-widget elementor-widget-the7_icon_box_grid_widget\" data-id=\"515bf58\" data-element_type=\"widget\" data-widget_type=\"the7_icon_box_grid_widget.default\">\n\t\t\t\t<div class=\"elementor-widget-container\">\n\t\t\t<div class=\"the7-box-grid-wrapper the7-elementor-widget loading-effect-none the7_icon_box_grid_widget-515bf58\">\t\t\t<div class=\"dt-css-grid\">\n\t\t\t\t\t\t\t\t\t<div class=\"wf-cell shown\">\n\t\t\t\t\t\t<div class=\"the7-icon-box-grid\">\t\t\t\t\t\t\t<div class=\"box-content-wrapper\">\n\t\t\t\t\t\t\t\t\t\t\t\t\t\t\t\t\t<a class=\"elementor-icon-div\" aria-label=\"Asesoramento e informaci\u00f3n \u00e1s pemes\">\t\t\t\t\t\t\t\t\t\t<div class=\"elementor-icon\">\n\t\t\t\t\t\t\t\t\t\t\t<svg aria-hidden=\"true\" class=\"e-font-icon-svg e-fas-info-circle\" viewBox=\"0 0 512 512\" xmlns=\"http:\/\/www.w3.org\/2000\/svg\"><path d=\"M256 8C119.043 8 8 119.083 8 256c0 136.997 111.043 248 248 248s248-111.003 248-248C504 119.083 392.957 8 256 8zm0 110c23.196 0 42 18.804 42 42s-18.804 42-42 42-42-18.804-42-42 18.804-42 42-42zm56 254c0 6.627-5.373 12-12 12h-88c-6.627 0-12-5.373-12-12v-24c0-6.627 5.373-12 12-12h12v-64h-12c-6.627 0-12-5.373-12-12v-24c0-6.627 5.373-12 12-12h64c6.627 0 12 5.373 12 12v100h12c6.627 0 12 5.373 12 12v24z\"><\/path><\/svg>\t\t\t\t\t\t\t\t\t\t<\/div>\n\t\t\t\t\t\t\t\t\t<\/a>\t\t\t\t\t\t\t\t\t\t\t\t\t\t\t\t<div class=\"box-content\">\n\t\t\t\t\t\t\t\t\t\t\t\t\t\t\t\t\t\t\t\t\t\t\t\t\t\t\t\t\t<h4 class=\"box-heading\">\n\t\t\t\t\t\t\t\t\t\t\t<a aria-label=\"Asesoramento e informaci\u00f3n \u00e1s pemes\">\t\t\t\t\t\t\t\t\t\t\t\tAsesoramento e informaci\u00f3n \u00e1s pemes\t\t\t\t\t\t\t\t\t\t\t<\/a>\t\t\t\t\t\t\t\t\t\t<\/h4>\n\t\t\t\t\t\t\t\t\t\t\t\t\t\t\t\t\t\t\t\t\t\t\t\t\t\t\t\t<div class=\"box-description\">Actividades de sensibilizaci\u00f3n, informaci\u00f3n e apoio sobre tecnolox\u00edas para a t\u00faa transformaci\u00f3n dixital<\/div>\n\t\t\t\t\t\t\t\t\t\t\t\t\t\t\t\t\t\t\t\t\t\t\t\t\t\t<\/div>\n\t\t\t\t\t\t\t<\/div>\n\t\t\t\t\t\t<\/div>\t\t\t\t\t<\/div>\n\t\t\t\t\t\t\t\t\t<div class=\"wf-cell shown\">\n\t\t\t\t\t\t<div class=\"the7-icon-box-grid\">\t\t\t\t\t\t\t<div class=\"box-content-wrapper\">\n\t\t\t\t\t\t\t\t\t\t\t\t\t\t\t\t\t<a class=\"elementor-icon-div\" aria-label=\"Diagnosticamos a t\u00faa empresa\">\t\t\t\t\t\t\t\t\t\t<div class=\"elementor-icon\">\n\t\t\t\t\t\t\t\t\t\t\t<svg xmlns=\"http:\/\/www.w3.org\/2000\/svg\" viewBox=\"0 0 24 24\" width=\"24\" height=\"24\"><path fill=\"none\" d=\"M0 0h24v24H0z\"><\/path><path d=\"M5 8v12h4V8H5zM3 7l4-5 4 5v15H3V7zm16 9v-2h-3v-2h3v-2h-2V8h2V6h-4v14h4v-2h-2v-2h2zM14 4h6a1 1 0 0 1 1 1v16a1 1 0 0 1-1 1h-6a1 1 0 0 1-1-1V5a1 1 0 0 1 1-1z\"><\/path><\/svg>\t\t\t\t\t\t\t\t\t\t<\/div>\n\t\t\t\t\t\t\t\t\t<\/a>\t\t\t\t\t\t\t\t\t\t\t\t\t\t\t\t<div class=\"box-content\">\n\t\t\t\t\t\t\t\t\t\t\t\t\t\t\t\t\t\t\t\t\t\t\t\t\t\t\t\t\t<h4 class=\"box-heading\">\n\t\t\t\t\t\t\t\t\t\t\t<a aria-label=\"Diagnosticamos a t\u00faa empresa\">\t\t\t\t\t\t\t\t\t\t\t\tDiagnosticamos a t\u00faa empresa\t\t\t\t\t\t\t\t\t\t\t<\/a>\t\t\t\t\t\t\t\t\t\t<\/h4>\n\t\t\t\t\t\t\t\t\t\t\t\t\t\t\t\t\t\t\t\t\t\t\t\t\t\t\t\t<div class=\"box-description\">Servizo de resoluci\u00f3n de consultas e asesoramento personalizado en transformaci\u00f3n dixital<\/div>\n\t\t\t\t\t\t\t\t\t\t\t\t\t\t\t\t\t\t\t\t\t\t\t\t\t\t<\/div>\n\t\t\t\t\t\t\t<\/div>\n\t\t\t\t\t\t<\/div>\t\t\t\t\t<\/div>\n\t\t\t\t\t\t\t\t\t<div class=\"wf-cell shown\">\n\t\t\t\t\t\t<div class=\"the7-icon-box-grid\">\t\t\t\t\t\t\t<div class=\"box-content-wrapper\">\n\t\t\t\t\t\t\t\t\t\t\t\t\t\t\t\t\t<a class=\"elementor-icon-div\" aria-label=\"Asesoramento b\u00e1sico e avanzado\">\t\t\t\t\t\t\t\t\t\t<div class=\"elementor-icon\">\n\t\t\t\t\t\t\t\t\t\t\t<svg aria-hidden=\"true\" class=\"e-font-icon-svg e-far-comments\" viewBox=\"0 0 576 512\" xmlns=\"http:\/\/www.w3.org\/2000\/svg\"><path d=\"M532 386.2c27.5-27.1 44-61.1 44-98.2 0-80-76.5-146.1-176.2-157.9C368.3 72.5 294.3 32 208 32 93.1 32 0 103.6 0 192c0 37 16.5 71 44 98.2-15.3 30.7-37.3 54.5-37.7 54.9-6.3 6.7-8.1 16.5-4.4 25 3.6 8.5 12 14 21.2 14 53.5 0 96.7-20.2 125.2-38.8 9.2 2.1 18.7 3.7 28.4 4.9C208.1 407.6 281.8 448 368 448c20.8 0 40.8-2.4 59.8-6.8C456.3 459.7 499.4 480 553 480c9.2 0 17.5-5.5 21.2-14 3.6-8.5 1.9-18.3-4.4-25-.4-.3-22.5-24.1-37.8-54.8zm-392.8-92.3L122.1 305c-14.1 9.1-28.5 16.3-43.1 21.4 2.7-4.7 5.4-9.7 8-14.8l15.5-31.1L77.7 256C64.2 242.6 48 220.7 48 192c0-60.7 73.3-112 160-112s160 51.3 160 112-73.3 112-160 112c-16.5 0-33-1.9-49-5.6l-19.8-4.5zM498.3 352l-24.7 24.4 15.5 31.1c2.6 5.1 5.3 10.1 8 14.8-14.6-5.1-29-12.3-43.1-21.4l-17.1-11.1-19.9 4.6c-16 3.7-32.5 5.6-49 5.6-54 0-102.2-20.1-131.3-49.7C338 339.5 416 272.9 416 192c0-3.4-.4-6.7-.7-10C479.7 196.5 528 238.8 528 288c0 28.7-16.2 50.6-29.7 64z\"><\/path><\/svg>\t\t\t\t\t\t\t\t\t\t<\/div>\n\t\t\t\t\t\t\t\t\t<\/a>\t\t\t\t\t\t\t\t\t\t\t\t\t\t\t\t<div class=\"box-content\">\n\t\t\t\t\t\t\t\t\t\t\t\t\t\t\t\t\t\t\t\t\t\t\t\t\t\t\t\t\t<h4 class=\"box-heading\">\n\t\t\t\t\t\t\t\t\t\t\t<a aria-label=\"Asesoramento b\u00e1sico e avanzado\">\t\t\t\t\t\t\t\t\t\t\t\tAsesoramento b\u00e1sico e avanzado\t\t\t\t\t\t\t\t\t\t\t<\/a>\t\t\t\t\t\t\t\t\t\t<\/h4>\n\t\t\t\t\t\t\t\t\t\t\t\t\t\t\t\t\t\t\t\t\t\t\t\t\t\t\t\t<div class=\"box-description\">Servizo de informaci\u00f3n e asesoramento sobre as convocatorias de axudas auton\u00f3micas<\/div>\n\t\t\t\t\t\t\t\t\t\t\t\t\t\t\t\t\t\t\t\t\t\t\t\t\t\t<\/div>\n\t\t\t\t\t\t\t<\/div>\n\t\t\t\t\t\t<\/div>\t\t\t\t\t<\/div>\n\t\t\t\t\t\t\t\t\t<div class=\"wf-cell shown\">\n\t\t\t\t\t\t<div class=\"the7-icon-box-grid\">\t\t\t\t\t\t\t<div class=\"box-content-wrapper\">\n\t\t\t\t\t\t\t\t\t\t\t\t\t\t\t\t\t<a class=\"elementor-icon-div\" aria-label=\"Transformaci\u00f3n dixital e networking\">\t\t\t\t\t\t\t\t\t\t<div class=\"elementor-icon\">\n\t\t\t\t\t\t\t\t\t\t\t<svg aria-hidden=\"true\" class=\"e-font-icon-svg e-fas-compass\" viewBox=\"0 0 496 512\" xmlns=\"http:\/\/www.w3.org\/2000\/svg\"><path d=\"M225.38 233.37c-12.5 12.5-12.5 32.76 0 45.25 12.49 12.5 32.76 12.5 45.25 0 12.5-12.5 12.5-32.76 0-45.25-12.5-12.49-32.76-12.49-45.25 0zM248 8C111.03 8 0 119.03 0 256s111.03 248 248 248 248-111.03 248-248S384.97 8 248 8zm126.14 148.05L308.17 300.4a31.938 31.938 0 0 1-15.77 15.77l-144.34 65.97c-16.65 7.61-33.81-9.55-26.2-26.2l65.98-144.35a31.938 31.938 0 0 1 15.77-15.77l144.34-65.97c16.65-7.6 33.8 9.55 26.19 26.2z\"><\/path><\/svg>\t\t\t\t\t\t\t\t\t\t<\/div>\n\t\t\t\t\t\t\t\t\t<\/a>\t\t\t\t\t\t\t\t\t\t\t\t\t\t\t\t<div class=\"box-content\">\n\t\t\t\t\t\t\t\t\t\t\t\t\t\t\t\t\t\t\t\t\t\t\t\t\t\t\t\t\t<h4 class=\"box-heading\">\n\t\t\t\t\t\t\t\t\t\t\t<a aria-label=\"Transformaci\u00f3n dixital e networking\">\t\t\t\t\t\t\t\t\t\t\t\tTransformaci\u00f3n dixital e networking\t\t\t\t\t\t\t\t\t\t\t<\/a>\t\t\t\t\t\t\t\t\t\t<\/h4>\n\t\t\t\t\t\t\t\t\t\t\t\t\t\t\t\t\t\t\t\t\t\t\t\t\t\t\t\t<div class=\"box-description\">Realizaci\u00f3n de actividades de networking entre provedores e demandantes de tecnolox\u00eda<\/div>\n\t\t\t\t\t\t\t\t\t\t\t\t\t\t\t\t\t\t\t\t\t\t\t\t\t\t<\/div>\n\t\t\t\t\t\t\t<\/div>\n\t\t\t\t\t\t<\/div>\t\t\t\t\t<\/div>\n\t\t\t\t\t\t\t<\/div>\n\t\t<\/div>\t\t<\/div>\n\t\t\t\t<\/div>\n\t\t\t\t\t<\/div>\n\t\t<\/div>\n\t\t\t\t\t<\/div>\n\t\t<\/section>\n\t\t\t\t<section class=\"elementor-section elementor-top-section elementor-element elementor-element-932f515 elementor-section-boxed elementor-section-height-default elementor-section-height-default\" data-id=\"932f515\" data-element_type=\"section\" data-settings=\"{&quot;_ha_eqh_enable&quot;:false}\">\n\t\t\t\t\t\t<div class=\"elementor-container elementor-column-gap-wide\">\n\t\t\t\t\t<div class=\"elementor-column elementor-col-100 elementor-top-column elementor-element elementor-element-9b9ebee\" data-id=\"9b9ebee\" data-element_type=\"column\">\n\t\t\t<div class=\"elementor-widget-wrap elementor-element-populated\">\n\t\t\t\t\t\t<div class=\"elementor-element elementor-element-f0f9736 elementor-widget elementor-widget-heading\" data-id=\"f0f9736\" data-element_type=\"widget\" data-widget_type=\"heading.default\">\n\t\t\t\t<div class=\"elementor-widget-container\">\n\t\t\t<h3 class=\"elementor-heading-title elementor-size-default\">Pr\u00f3ximos eventos<\/h3>\t\t<\/div>\n\t\t\t\t<\/div>\n\t\t\t\t<div class=\"elementor-element elementor-element-7730da7 elementor-widget elementor-widget-ha-event-calendar happy-addon ha-event-calendar\" data-id=\"7730da7\" data-element_type=\"widget\" data-widget_type=\"ha-event-calendar.default\">\n\t\t\t\t<div class=\"elementor-widget-container\">\n\t\t\t\t\t\t<div class=\"ha-ec-wrapper\">\n\t\t\t\t<script> window['HaECjson7730da7'] = [{\"id\":\"1\",\"title\":\"WEBINAR: \\u201cDescobre a facturaci\\u00f3n electr\\u00f3nica: lexislaci\\u00f3n e novidades\\u201d\",\"description\":\"Neste webinar, exploraremos en detalle a lexislaci\\u00f3n actual e as \\u00faltimas novidades en facturaci\\u00f3n electr\\u00f3nica. Mant\\u00e9n a t\\u00faa empresa ao d\\u00eda coas normativas e aproveita as vantaxes da dixitalizaci\\u00f3n na xesti\\u00f3n fiscal. Inscr\\u00edbeche agora e descobre como a facturaci\\u00f3n electr\\u00f3nica pode simplificar e mellorar os teus procesos administrativos. Non cho perdas!\",\"start\":\"2024-07-04 10:00\",\"end\":\"2024-07-04 11:00\",\"url\":\"https:\\\/\\\/acelerapyme.depourense.es\\\/gl\\\/evento\\\/webinar-descobre-a-facturacion-electronica-lexislacion-e-novidades\\\/\",\"allDay\":\"\",\"external\":\"on\",\"nofollow\":\"on\",\"guest\":\"\",\"location\":\"\",\"image\":\"https:\\\/\\\/acelerapyme.depourense.es\\\/wp-content\\\/uploads\\\/2024\\\/06\\\/Facturacion-electronica.jpg\"},{\"id\":\"2\",\"title\":\"Webinar \\u201cAprende a investir de maneira eficiente en Paid Media\\u201d\",\"description\":\"\\n          <a href=\\\"https:\\\/\\\/events.teams.microsoft.com\\\/event\\\/86f2b067-7928-4afe-a712-7228c2280a3e@3048dc87-43f0-4100-9acb-ae1971c79395\\\">https:\\\/\\\/events.teams.microsoft.com\\\/event\\\/86f2b067-7928-4afe-a712-7228c2280a3e@3048dc87-43f0-4100-9acb-ae1971c79395<\\\/a>\\n        \",\"start\":\"2024-10-25 11:00\",\"end\":\"2024-10-25 12:00\",\"url\":\"https:\\\/\\\/acelerapyme.depourense.es\\\/gl\\\/evento\\\/webinar-aprende-a-investir-de-maneira-eficiente-en-paid-media\\\/\",\"allDay\":\"\",\"external\":\"on\",\"nofollow\":\"on\",\"guest\":\"Red.es\",\"location\":\"Web\",\"image\":\"\"},{\"id\":\"3\",\"title\":\"Nogueira de Ramu\\u00edn\",\"description\":\"Formaci\\u00f3n presencial \\u00e1s 18:00 no Sal\\u00f3n de Plenos do Concello de Nogueira de Ramu\\u00edn\",\"start\":\"2024-11-05 18:00\",\"end\":\"2024-11-05 20:00\",\"url\":\"https:\\\/\\\/acelerapyme.depourense.es\\\/gl\\\/evento\\\/nogueira-de-ramuin\\\/\",\"allDay\":\"\",\"external\":\"on\",\"nofollow\":\"on\",\"guest\":\"\",\"location\":\"\",\"image\":\"\"},{\"id\":\"4\",\"title\":\"Barbad\\u00e1s\",\"description\":\"Formaci\\u00f3n Presencial no Concello de Barbad\\u00e1s\",\"start\":\"2024-11-06 20:00\",\"end\":\"2024-11-06 21:00\",\"url\":\"https:\\\/\\\/acelerapyme.depourense.es\\\/gl\\\/evento\\\/barbadas\\\/\",\"allDay\":\"\",\"external\":\"on\",\"nofollow\":\"on\",\"guest\":\"\",\"location\":\"\",\"image\":\"\"},{\"id\":\"5\",\"title\":\"Ver\\u00edn\",\"description\":\"O taller \\\"Kit Dixital , Axudas \\u00e1 dixitalizaci\\u00f3n de Pemes e Aut\\u00f3nomos\\u201d\\u201d ter\\u00e1 lugar o d\\u00eda 21 de novembro \\u00e1s 21:15 na aula Cemit do Concello de Ver\\u00edn https:\\\/\\\/maps.app.goo.gl\\\/8P22ZKxsXaKXEri66 \\nInscrici\\u00f3ns en acelerapyme.depourense.es\\\/ ou no tel\\u00e9fono 988 41 00 00. \",\"start\":\"2024-11-21 21:00\",\"end\":\"2024-11-21 22:30\",\"url\":\"https:\\\/\\\/acelerapyme.depourense.es\\\/gl\\\/evento\\\/verin\\\/\",\"allDay\":\"\",\"external\":\"on\",\"nofollow\":\"on\",\"guest\":\"\",\"location\":\"\",\"image\":\"\"},{\"id\":\"6\",\"title\":\"Monterrei\",\"description\":\"Taller \\\"Optimiza a tua presenza na Web\\u201d - 25 de novembro \\u00e1s 12 hrs na Casa da Cultura de Albarellos https:\\\/\\\/maps.app.goo.gl\\\/u2Kpu1P1JAvMsz456\\nInscrici\\u00f3ns en acelerapyme.depourense.es\\\/ o tel\\u00e9fono 988 41 80 89. \",\"start\":\"2024-11-25 12:00\",\"end\":\"2024-11-25 13:00\",\"url\":\"https:\\\/\\\/acelerapyme.depourense.es\\\/gl\\\/evento\\\/monterrei\\\/\",\"allDay\":\"\",\"external\":\"on\",\"nofollow\":\"on\",\"guest\":\"\",\"location\":\"\",\"image\":\"\"},{\"id\":\"7\",\"title\":\"Taller Concello Manzaneda\",\"description\":\"Taller Presencial na Casa do Concello de Manzaneda\",\"start\":\"2024-12-04 10:00\",\"end\":\"2024-12-04 12:00\",\"url\":\"https:\\\/\\\/acelerapyme.depourense.es\\\/gl\\\/evento\\\/taller-concello-manzaneda\\\/\",\"allDay\":\"\",\"external\":\"on\",\"nofollow\":\"on\",\"guest\":\"\",\"location\":\"\",\"image\":\"\"},{\"id\":\"8\",\"title\":\"A Merca- Acci\\u00f3n Dinamizadora \\u201cPresentaci\\u00f3n Proxecto Acelera Pyme\\u201d\\\/Certificado Dixital\",\"description\":\"Acci\\u00f3n Dinamizadora \\u201cPresentaci\\u00f3n do Proxecto Acelera Pyme\\u201d \\u2013 Certificado Dixital no concello de A Merca, para a Comarca de Celanova.\\n\\n10 de decembro \\u00e1s 10 hrs no Sal\\u00f3n de Plenos Municipal do concello de A Merca <a href=\\\"maps.app.goo.gl\\\/wjzs578QptxpcuY97\\\">https:\\\/\\\/maps.app.goo.gl\\\/wjzs578QptxpcuY97<\\\/a>\\n\\nInscripciones: email acelerapyme.contacto@depourense.gal, web <a href=\\\"acelerapyme.depourense.es\\\/\\\">acelerapyme.depourense.es\\\/<\\\/a> o tel\\u00e9fono 988 26 00 00\",\"start\":\"2024-12-10 10:00\",\"end\":\"2024-12-10 13:00\",\"url\":\"https:\\\/\\\/acelerapyme.depourense.es\\\/gl\\\/evento\\\/a-merca-accion-dinamizadora-presentacion-proxecto-acelera-pyme-certificado-dixital\\\/\",\"allDay\":\"\",\"external\":\"on\",\"nofollow\":\"on\",\"guest\":\"\",\"location\":\"\",\"image\":\"\"},{\"id\":\"9\",\"title\":\"Oficina Itinerante no centro de Ourense\",\"description\":\"O m\\u00e9rcores 11 e o xoves 12 de decembro, a oficina itinerante AceleraPyme estar\\u00e1 situada na Calle do Paseo 20, diante do Centro Cultural \\u00c1ngel Valente.\\n\\nPodes solicitar toda a informaci\\u00f3n sobre el proxecto AceleraPyme en horario de 9 a 17 horas.\\n\\nhttps:\\\/\\\/maps.app.goo.gl\\\/yK7BsNqB1ERGvY1e8\",\"start\":\"2024-12-11 09:00\",\"end\":\"2024-12-12 17:00\",\"url\":\"https:\\\/\\\/acelerapyme.depourense.es\\\/gl\\\/evento\\\/oficina-itinerante-no-centro-de-ourense\\\/\",\"allDay\":\"\",\"external\":\"on\",\"nofollow\":\"on\",\"guest\":\"\",\"location\":\"\",\"image\":\"\"},{\"id\":\"10\",\"title\":\"Webinar: Axudas de financiamento para pemes e aut\\u00f3nomos\",\"description\":\"Webinar sobre Axudas de financiamento para pemes e aut\\u00f3nomos.\\n\\nPara asistir a esta actividade, pode rexistrarse neste <b><a href=\\\"https:\\\/\\\/events.teams.microsoft.com\\\/event\\\/f4435ee5-ee8c-4c66-9f16-5fb8f0a805ac@3048dc87-43f0-4100-9acb-ae1971c79395\\\">enlace<\\\/a><\\\/b>.\\n\",\"start\":\"2024-12-13 11:00\",\"end\":\"2024-12-13 12:00\",\"url\":\"https:\\\/\\\/acelerapyme.depourense.es\\\/gl\\\/evento\\\/webinar-axudas-de-financiamento-para-pemes-e-autonomos\\\/\",\"allDay\":\"\",\"external\":\"on\",\"nofollow\":\"on\",\"guest\":\"\",\"location\":\"\",\"image\":\"\"},{\"id\":\"11\",\"title\":\"Concello de Bande-Presentaci\\u00f3n do Proxecto Acelera Pyme\\\/Certificado Dixital\",\"description\":\"19 de decembro \\u00e1s 11 hrs na Aula Cemit do concello de Bande.\\n<span class=\\\"html-span xdj266r x11i5rnm xat24cr x1mh8g0r xexx8yu x4uap5 x18d9i69 xkhd6sd x1hl2dhg x16tdsg8 x1vvkbs\\\"><a class=\\\"x1i10hfl xjbqb8w x1ejq31n xd10rxx x1sy0etr x17r0tee x972fbf xcfux6l x1qhh985 xm0m39n x9f619 x1ypdohk xt0psk2 xe8uvvx xdj266r x11i5rnm xat24cr x1mh8g0r xexx8yu x4uap5 x18d9i69 xkhd6sd x16tdsg8 x1hl2dhg xggy1nq x1a2a7pz x1sur9pj xkrqix3 x1fey0fg x1s688f\\\" href=\\\"https:\\\/\\\/maps.app.goo.gl\\\/c7D3vxevFGpSN5Y79?fbclid=IwZXh0bgNhZW0CMTAAAR3r1Z0g-5EE6ZLCVB7nQBn1xPFGhZFjXLhkleYnSNCcLvVkeQMi2kmjbcg_aem_1ioHXiIyXKNga63_s1Tdjg\\\">https:\\\/\\\/maps.app.goo.gl\\\/c7D3vxevFGpSN5Y79<\\\/a><\\\/span>\\nInscrici\\u00f3ns: email acelerapyme.contacto@depourense.gal, web <span class=\\\"html-span xdj266r x11i5rnm xat24cr x1mh8g0r xexx8yu x4uap5 x18d9i69 xkhd6sd x1hl2dhg x16tdsg8 x1vvkbs\\\"><a class=\\\"x1i10hfl xjbqb8w x1ejq31n xd10rxx x1sy0etr x17r0tee x972fbf xcfux6l x1qhh985 xm0m39n x9f619 x1ypdohk xt0psk2 xe8uvvx xdj266r x11i5rnm xat24cr x1mh8g0r xexx8yu x4uap5 x18d9i69 xkhd6sd x16tdsg8 x1hl2dhg xggy1nq x1a2a7pz x1sur9pj xkrqix3 x1fey0fg x1s688f\\\" href=\\\"https:\\\/\\\/acelerapyme.depourense.es\\\/?fbclid=IwZXh0bgNhZW0CMTAAAR3r1Z0g-5EE6ZLCVB7nQBn1xPFGhZFjXLhkleYnSNCcLvVkeQMi2kmjbcg_aem_1ioHXiIyXKNga63_s1Tdjg\\\">https:\\\/\\\/acelerapyme.depourense.es\\\/<\\\/a><\\\/span> ou no tel\\u00e9fono 627 50 03 45\",\"start\":\"2024-12-19 11:00\",\"end\":\"2024-12-19 13:00\",\"url\":\"https:\\\/\\\/acelerapyme.depourense.es\\\/gl\\\/evento\\\/concello-de-bande-presentacion-do-proxecto-acelera-pyme-certificado-dixital\\\/\",\"allDay\":\"\",\"external\":\"on\",\"nofollow\":\"on\",\"guest\":\"\",\"location\":\"\",\"image\":\"\"},{\"id\":\"12\",\"title\":\"O\\u00edmbra\",\"description\":\"Estaremos tanto presencialmente como online\",\"start\":\"2025-01-15 08:00\",\"end\":\"2025-01-15 17:00\",\"url\":\"https:\\\/\\\/acelerapyme.depourense.es\\\/gl\\\/evento\\\/oimbra\\\/\",\"allDay\":\"\",\"external\":\"on\",\"nofollow\":\"on\",\"guest\":\"\",\"location\":\"\",\"image\":\"\"},{\"id\":\"13\",\"title\":\"Viladerv\\u00f3s\",\"description\":\"Estaremos na Oficina M\\u00f3bil\",\"start\":\"2025-01-21 08:00\",\"end\":\"2025-01-21 17:00\",\"url\":\"https:\\\/\\\/acelerapyme.depourense.es\\\/gl\\\/evento\\\/viladervos\\\/\",\"allDay\":\"\",\"external\":\"on\",\"nofollow\":\"on\",\"guest\":\"\",\"location\":\"\",\"image\":\"\"},{\"id\":\"14\",\"title\":\"Maceda\",\"description\":\"Estaremos tanto presencialmente como online\",\"start\":\"2025-02-02 12:00\",\"end\":\"2025-02-02 14:00\",\"url\":\"https:\\\/\\\/acelerapyme.depourense.es\\\/gl\\\/evento\\\/maceda\\\/\",\"allDay\":\"\",\"external\":\"on\",\"nofollow\":\"on\",\"guest\":\"\",\"location\":\"\",\"image\":\"\"},{\"id\":\"15\",\"title\":\"Entrimo\",\"description\":\"Estaremos en el Sal\\u00f3n de Actos del concello de Entrimo\",\"start\":\"2025-02-04 10:00\",\"end\":\"2025-02-04 12:00\",\"url\":\"https:\\\/\\\/acelerapyme.depourense.es\\\/gl\\\/evento\\\/entrimo\\\/\",\"allDay\":\"\",\"external\":\"on\",\"nofollow\":\"on\",\"guest\":\"\",\"location\":\"\",\"image\":\"\"},{\"id\":\"16\",\"title\":\"Vilari\\u00f1o de Conso\",\"description\":\"Estaremos tanto presencialmente como online\",\"start\":\"2025-02-05 08:00\",\"end\":\"2025-02-05 17:00\",\"url\":\"https:\\\/\\\/acelerapyme.depourense.es\\\/gl\\\/evento\\\/vilarino-de-conso\\\/\",\"allDay\":\"\",\"external\":\"on\",\"nofollow\":\"on\",\"guest\":\"\",\"location\":\"\",\"image\":\"\"},{\"id\":\"17\",\"title\":\"Bande\",\"description\":\"Estaremos tanto presencialmente como online\",\"start\":\"2025-02-06 10:00\",\"end\":\"2025-02-06 12:00\",\"url\":\"https:\\\/\\\/acelerapyme.depourense.es\\\/gl\\\/evento\\\/bande\\\/\",\"allDay\":\"\",\"external\":\"on\",\"nofollow\":\"on\",\"guest\":\"\",\"location\":\"\",\"image\":\"\"},{\"id\":\"18\",\"title\":\"Viana do Bolo\",\"description\":\"Estaremos tanto presencialmente como online\",\"start\":\"2025-02-07 08:00\",\"end\":\"2025-02-07 17:00\",\"url\":\"https:\\\/\\\/acelerapyme.depourense.es\\\/gl\\\/evento\\\/viana-do-bolo\\\/\",\"allDay\":\"\",\"external\":\"on\",\"nofollow\":\"on\",\"guest\":\"\",\"location\":\"\",\"image\":\"\"},{\"id\":\"19\",\"title\":\"Lobios\",\"description\":\"Estaremos tanto presencialmente como online\",\"start\":\"2025-02-10 10:00\",\"end\":\"2025-02-10 12:00\",\"url\":\"https:\\\/\\\/acelerapyme.depourense.es\\\/gl\\\/evento\\\/lobios\\\/\",\"allDay\":\"\",\"external\":\"on\",\"nofollow\":\"on\",\"guest\":\"\",\"location\":\"\",\"image\":\"\"},{\"id\":\"20\",\"title\":\"San Cibrao das Vi\\u00f1as\",\"description\":\"Videoconferencia desde el Sal\\u00f3n de Actos del Concello\",\"start\":\"2025-02-13 12:00\",\"end\":\"2025-02-13 13:00\",\"url\":\"https:\\\/\\\/acelerapyme.depourense.es\\\/gl\\\/evento\\\/san-cibrao-das-vinas\\\/\",\"allDay\":\"\",\"external\":\"on\",\"nofollow\":\"on\",\"guest\":\"\",\"location\":\"\",\"image\":\"\"},{\"id\":\"21\",\"title\":\"Concello de Quintela de Leirado-Presentaci\\u00f3n do Proxecto Acelera Pyme\\\/Administraci\\u00f3n Electr\\u00f3nica\",\"description\":\"\",\"start\":\"2025-02-14 09:00\",\"end\":\"2025-02-14 11:00\",\"url\":\"https:\\\/\\\/acelerapyme.depourense.es\\\/gl\\\/evento\\\/concello-de-quintela-de-leirado-presentacion-do-proxecto-acelera-pyme-administracion-electronica\\\/\",\"allDay\":\"\",\"external\":\"on\",\"nofollow\":\"on\",\"guest\":\"\",\"location\":\"\",\"image\":\"\"},{\"id\":\"22\",\"title\":\"Concello de Porqueira-Presentaci\\u00f3n do Proxecto Acelera Pyme\\\/Administraci\\u00f3n Dixital\",\"description\":\"\",\"start\":\"2025-02-14 13:00\",\"end\":\"2025-02-14 17:00\",\"url\":\"https:\\\/\\\/acelerapyme.depourense.es\\\/gl\\\/evento\\\/concello-de-porqueira-presentacion-do-proxecto-acelera-pyme-administracion-dixital\\\/\",\"allDay\":\"\",\"external\":\"on\",\"nofollow\":\"on\",\"guest\":\"\",\"location\":\"\",\"image\":\"\"},{\"id\":\"23\",\"title\":\"Concello de Xinzo de Limia-Presentaci\\u00f3n do Proxecto Acelera Pyme\\\/Administraci\\u00f3n Electr\\u00f3nica\",\"description\":\"Estaremos tanto presencialmente como online\",\"start\":\"2025-02-17 08:00\",\"end\":\"2025-02-17 10:00\",\"url\":\"https:\\\/\\\/acelerapyme.depourense.es\\\/gl\\\/evento\\\/xinzo-da-limia\\\/\",\"allDay\":\"\",\"external\":\"on\",\"nofollow\":\"on\",\"guest\":\"\",\"location\":\"\",\"image\":\"\"},{\"id\":\"24\",\"title\":\"Concello de Taboadela-Oficina Itinerante\",\"description\":\"Oficina Itinerante no centro de Taboadela\",\"start\":\"2025-02-17 10:00\",\"end\":\"2025-02-17 13:00\",\"url\":\"https:\\\/\\\/acelerapyme.depourense.es\\\/gl\\\/evento\\\/taboadela-oficina-itinerante\\\/\",\"allDay\":\"\",\"external\":\"on\",\"nofollow\":\"on\",\"guest\":\"\",\"location\":\"\",\"image\":\"\"},{\"id\":\"25\",\"title\":\"Allariz\",\"description\":\"Estaremos tanto presencialmente como online\",\"start\":\"2025-02-20 08:00\",\"end\":\"2025-02-20 17:00\",\"url\":\"https:\\\/\\\/acelerapyme.depourense.es\\\/gl\\\/evento\\\/allariz\\\/\",\"allDay\":\"\",\"external\":\"on\",\"nofollow\":\"on\",\"guest\":\"\",\"location\":\"\",\"image\":\"\"},{\"id\":\"26\",\"title\":\"Concello de A Mezquita-Presentaci\\u00f3n do Proxecto Acelera Pyme\",\"description\":\"Concello de A Mezquita-Presentaci\\u00f3n do Proxecto Acelera Pyme Sesi\\u00f3n en colaboraci\\u00f3n con \\\"Administraci\\u00f3n Preto de Ti\\u201d da Subdelegaci\\u00f3n do Goberno en Ourense.\\nSede do Concello de A Mezquita\",\"start\":\"2025-03-06 10:00\",\"end\":\"2025-03-06 12:00\",\"url\":\"https:\\\/\\\/acelerapyme.depourense.es\\\/gl\\\/evento\\\/concello-de-a-mezquita-presentacion-do-proxecto-acelera-pyme\\\/\",\"allDay\":\"\",\"external\":\"on\",\"nofollow\":\"on\",\"guest\":\"\",\"location\":\"\",\"image\":\"\"},{\"id\":\"27\",\"title\":\"Concello de Amoeiro-Presentaci\\u00f3n do Proxecto Acelera Pyme\",\"description\":\"Concello de Amoeiro-Presentaci\\u00f3n do Proxecto Acelera Pyme. Sesi\\u00f3n en colaboraci\\u00f3n con \\\"Administraci\\u00f3n Preto de Ti\\u201d da Subdelegaci\\u00f3n do Gobierno en Ourense. \\n\\nSede do Concello de Amoeiro\",\"start\":\"2025-03-11 10:00\",\"end\":\"2025-03-11 12:00\",\"url\":\"https:\\\/\\\/acelerapyme.depourense.es\\\/gl\\\/evento\\\/concello-de-amoeiro-presentacion-do-proxecto-acelera-pyme\\\/\",\"allDay\":\"\",\"external\":\"on\",\"nofollow\":\"on\",\"guest\":\"\",\"location\":\"\",\"image\":\"\"},{\"id\":\"28\",\"title\":\"O Carballi\\u00f1o\",\"description\":\"Estaremos tanto presencialmente como online\",\"start\":\"2025-03-22 08:00\",\"end\":\"2025-03-22 17:00\",\"url\":\"https:\\\/\\\/acelerapyme.depourense.es\\\/gl\\\/evento\\\/o-carballino\\\/\",\"allDay\":\"\",\"external\":\"on\",\"nofollow\":\"on\",\"guest\":\"\",\"location\":\"\",\"image\":\"\"},{\"id\":\"29\",\"title\":\"Castrelo de Mi\\u00f1o\",\"description\":\"Estaremos tanto presencialmente como online\",\"start\":\"2025-03-25 08:00\",\"end\":\"2025-03-25 17:00\",\"url\":\"https:\\\/\\\/acelerapyme.depourense.es\\\/gl\\\/evento\\\/castrelo-de-mino\\\/\",\"allDay\":\"\",\"external\":\"on\",\"nofollow\":\"on\",\"guest\":\"\",\"location\":\"\",\"image\":\"\"},{\"id\":\"30\",\"title\":\"Ridavia\",\"description\":\"Estaremos tanto presencialmente como online\",\"start\":\"2025-03-25 08:00\",\"end\":\"2025-03-25 17:00\",\"url\":\"https:\\\/\\\/acelerapyme.depourense.es\\\/gl\\\/evento\\\/ridavia\\\/\",\"allDay\":\"\",\"external\":\"on\",\"nofollow\":\"on\",\"guest\":\"\",\"location\":\"\",\"image\":\"\"},{\"id\":\"31\",\"title\":\"Concello de Cenlle-Presentaci\\u00f3n do Proxecto Acelera Pyme\",\"description\":\"Concello de Cenlle-Presentaci\\u00f3n do Proxecto Acelera Pyme. Sesi\\u00f3n en colaboraci\\u00f3n con \\\"Administraci\\u00f3n Preto de Ti\\u201d da Subdelegaci\\u00f3n do Goberno en Ourense.\\nSede do Concello de Cenlle \",\"start\":\"2025-03-25 10:00\",\"end\":\"2025-03-25 12:00\",\"url\":\"https:\\\/\\\/acelerapyme.depourense.es\\\/gl\\\/evento\\\/concello-de-cenlle-presentacion-do-proxecto-acelera-pyme\\\/\",\"allDay\":\"\",\"external\":\"on\",\"nofollow\":\"on\",\"guest\":\"\",\"location\":\"\",\"image\":\"\"},{\"id\":\"32\",\"title\":\"Videoconferencia Transformaci\\u00f3n Dixital 28\\\/03 12 hrs\",\"description\":\"<img src=\\\"https:\\\/\\\/static.xx.fbcdn.net\\\/images\\\/emoji.php\\\/v9\\\/t9f\\\/1\\\/16\\\/2b06.png\\\" alt=\\\"\\u2b06\\ufe0f\\\" width=\\\"16\\\" height=\\\"16\\\">Videoconferencia \\u201cProyecto Acelera Pyme- \\u00bfQuieres una Transformaci\\u00f3n Digital?\\u201d \\n\\nViernes 28 de marzo a las 12 hrs\\n\\nInscripciones: email acelerapyme.contacto@depourense.gal o en el siguiente formulario:\\n\\n<a href=\\\"https:\\\/\\\/forms.gle\\\/k7dyXoHCZ8ooBuoL9\\\">https:\\\/\\\/forms.gle\\\/k7dyXoHCZ8ooBuoL9<\\\/a>\",\"start\":\"2025-03-28 12:00\",\"end\":\"2025-03-28 14:00\",\"url\":\"https:\\\/\\\/acelerapyme.depourense.es\\\/gl\\\/evento\\\/videoconferencia-transformacion-dixital-28-03-12-hrs\\\/\",\"allDay\":\"\",\"external\":\"on\",\"nofollow\":\"on\",\"guest\":\"\",\"location\":\"\",\"image\":\"\"},{\"id\":\"33\",\"title\":\"Videoconferencia Factura Electr\\u00f3nica 28\\\/03 16:30 hrs\",\"description\":\"Videoconferencia \\u201cProyecto Acelera Pyme- Factura Electr\\u00f3nica\\u201d <img src=\\\"https:\\\/\\\/static.xx.fbcdn.net\\\/images\\\/emoji.php\\\/v9\\\/t9f\\\/1\\\/16\\\/2b06.png\\\" alt=\\\"\\u2b06\\ufe0f\\\" width=\\\"16\\\" height=\\\"16\\\">\\n\\nViernes 28 de marzo a las 16:30 hrs\\n\\nInscripciones: email acelerapyme.contacto@depourense.gal o en el siguiente formulario:\\n\\n<a href=\\\"https:\\\/\\\/forms.gle\\\/k7dyXoHCZ8ooBuoL9\\\">https:\\\/\\\/forms.gle\\\/k7dyXoHCZ8ooBuoL9<\\\/a>\",\"start\":\"2025-03-28 16:30\",\"end\":\"2025-03-28 18:30\",\"url\":\"https:\\\/\\\/acelerapyme.depourense.es\\\/gl\\\/evento\\\/videoconferencia-factura-electronica-28-03-1630-hrs\\\/\",\"allDay\":\"\",\"external\":\"on\",\"nofollow\":\"on\",\"guest\":\"\",\"location\":\"\",\"image\":\"\"},{\"id\":\"34\",\"title\":\"Concello de A Bola-Presentaci\\u00f3n do Proxecto Acelera Pyme\",\"description\":\"Concello de A Bola- Presentaci\\u00f3n do Proxecto Acelera Pyme. Sesi\\u00f3n en colaboraci\\u00f3n con \\\"Administraci\\u00f3n Preto de Ti\\u201d da Subdelegaci\\u00f3n del Gobierno en Ourense. Sede do Concello de A Bola\",\"start\":\"2025-04-01 10:00\",\"end\":\"2025-04-01 13:00\",\"url\":\"https:\\\/\\\/acelerapyme.depourense.es\\\/gl\\\/evento\\\/concello-de-a-bola-presentacion-do-proxecto-acelera-pyme\\\/\",\"allDay\":\"\",\"external\":\"on\",\"nofollow\":\"on\",\"guest\":\"\",\"location\":\"\",\"image\":\"\"},{\"id\":\"35\",\"title\":\"Concello de A Teixeira-Presentaci\\u00f3n do Proxecto Acelera Pyme\",\"description\":\"Concello de A Teixeira- Presentaci\\u00f3n do Proxecto Acelera Pyme. Sesi\\u00f3n en colaboraci\\u00f3n con \\\"Administraci\\u00f3n Preto de Ti\\u201d da Subdelegaci\\u00f3n del Gobierno en Ourense. Sede do Concello de A Teixeira\",\"start\":\"2025-04-22 10:00\",\"end\":\"2025-04-22 13:00\",\"url\":\"https:\\\/\\\/acelerapyme.depourense.es\\\/gl\\\/evento\\\/concello-de-a-teixeira-presentacion-do-proxecto-acelera-pyme\\\/\",\"allDay\":\"\",\"external\":\"on\",\"nofollow\":\"on\",\"guest\":\"\",\"location\":\"\",\"image\":\"\"},{\"id\":\"36\",\"title\":\"Concello de A Peroxa-Presentaci\\u00f3n do Proxecto Acelera Pyme\",\"description\":\"Concello de A Peroxa- Presentaci\\u00f3n do Proxecto Acelera Pyme. Sesi\\u00f3n en colaboraci\\u00f3n con \\\"Administraci\\u00f3n Preto de Ti\\u201d da Subdelegaci\\u00f3n del Gobierno en Ourense. Sede do Concello de A Peroxa\",\"start\":\"2025-04-29 10:00\",\"end\":\"2025-04-29 13:00\",\"url\":\"https:\\\/\\\/acelerapyme.depourense.es\\\/gl\\\/evento\\\/concello-de-a-peroxa-presentacion-do-proxecto-acelera-pyme\\\/\",\"allDay\":\"\",\"external\":\"on\",\"nofollow\":\"on\",\"guest\":\"\",\"location\":\"\",\"image\":\"\"},{\"id\":\"37\",\"title\":\"Concello de Verea-Presentaci\\u00f3n do Proxecto Acelera Pyme\",\"description\":\"Concello de Verea- Presentaci\\u00f3n do Proxecto Acelera Pyme. Sesi\\u00f3n en colaboraci\\u00f3n con \\\"Administraci\\u00f3n Preto de Ti\\u201d da Subdelegaci\\u00f3n del Gobierno en Ourense. Sede do Concello de Verea\",\"start\":\"2025-05-06 10:00\",\"end\":\"2025-05-06 13:00\",\"url\":\"https:\\\/\\\/acelerapyme.depourense.es\\\/gl\\\/evento\\\/concello-de-verea-presentacion-do-proxecto-acelera-pyme\\\/\",\"allDay\":\"\",\"external\":\"on\",\"nofollow\":\"on\",\"guest\":\"\",\"location\":\"\",\"image\":\"\"},{\"id\":\"38\",\"title\":\"Concello de Viana do Bolo-Presentaci\\u00f3n do Proxecto Acelera Pyme\",\"description\":\"Concello de Viana do Bolo- Presentaci\\u00f3n do Proxecto Acelera Pyme. Sesi\\u00f3n en colaboraci\\u00f3n con \\\"Administraci\\u00f3n Preto de Ti\\u201d da Subdelegaci\\u00f3n del Gobierno en Ourense. Sede do Concello de Viana do Bolo\",\"start\":\"2025-05-13 10:00\",\"end\":\"2025-05-13 13:00\",\"url\":\"https:\\\/\\\/acelerapyme.depourense.es\\\/gl\\\/evento\\\/concello-de-viana-do-bolo-presentacion-do-proxecto-acelera-pyme\\\/\",\"allDay\":\"\",\"external\":\"on\",\"nofollow\":\"on\",\"guest\":\"\",\"location\":\"\",\"image\":\"\"},{\"id\":\"39\",\"title\":\"Baltar\",\"description\":\"Estaremos tanto presencialmente como online\",\"start\":\"2025-05-20 08:00\",\"end\":\"2025-05-20 17:00\",\"url\":\"https:\\\/\\\/acelerapyme.depourense.es\\\/gl\\\/evento\\\/baltar\\\/\",\"allDay\":\"\",\"external\":\"on\",\"nofollow\":\"on\",\"guest\":\"\",\"location\":\"\",\"image\":\"\"},{\"id\":\"40\",\"title\":\"Os Blancos\",\"description\":\"Estaremos tanto presencialmente como online\",\"start\":\"2025-05-20 08:00\",\"end\":\"2025-05-20 17:00\",\"url\":\"https:\\\/\\\/acelerapyme.depourense.es\\\/gl\\\/evento\\\/os-blancos\\\/\",\"allDay\":\"\",\"external\":\"on\",\"nofollow\":\"on\",\"guest\":\"\",\"location\":\"\",\"image\":\"\"},{\"id\":\"41\",\"title\":\"Sarreaus\",\"description\":\"Estaremos tanto presencialmente como online\",\"start\":\"2025-05-20 08:00\",\"end\":\"2025-05-20 17:00\",\"url\":\"https:\\\/\\\/acelerapyme.depourense.es\\\/gl\\\/evento\\\/sarreaus\\\/\",\"allDay\":\"\",\"external\":\"on\",\"nofollow\":\"on\",\"guest\":\"\",\"location\":\"\",\"image\":\"\"},{\"id\":\"42\",\"title\":\"Concello de Chandrexa de Queixa-Presentaci\\u00f3n do Proxecto Acelera Pyme\",\"description\":\"Concello de Chandrexa de Queixa- Presentaci\\u00f3n do Proxecto Acelera Pyme Sesi\\u00f3n en colaboraci\\u00f3n con \\\"Administraci\\u00f3n Preto de Ti\\u201d da Subdelegaci\\u00f3n do Goberno en Ourense. Sede do Concello de Chandrexa de Queixa  \",\"start\":\"2025-05-20 10:00\",\"end\":\"2025-05-20 13:00\",\"url\":\"https:\\\/\\\/acelerapyme.depourense.es\\\/gl\\\/evento\\\/concello-de-chandrexa-de-queixa-presentacion-do-proxecto-acelera-pyme\\\/\",\"allDay\":\"\",\"external\":\"on\",\"nofollow\":\"on\",\"guest\":\"\",\"location\":\"\",\"image\":\"\"},{\"id\":\"43\",\"title\":\"Concello de Cualedro-Presentaci\\u00f3n do Proxecto Acelera Pyme\",\"description\":\"Concello de Cualedro- Presentaci\\u00f3n do Proxecto Acelera Pyme Sesi\\u00f3n en colaboraci\\u00f3n con \\\"Administraci\\u00f3n Preto de Ti\\u201d da Subdelegaci\\u00f3n do Goberno en Ourense. Sede do Concello de Cualedro  \",\"start\":\"2025-05-27 10:00\",\"end\":\"2025-05-27 13:00\",\"url\":\"https:\\\/\\\/acelerapyme.depourense.es\\\/gl\\\/evento\\\/concello-de-cualedro-presentacion-do-proxecto-acelera-pyme\\\/\",\"allDay\":\"\",\"external\":\"on\",\"nofollow\":\"on\",\"guest\":\"\",\"location\":\"\",\"image\":\"\"},{\"id\":\"44\",\"title\":\"Calvos de Rand\\u00edn\",\"description\":\"Estaremos na Oficina M\\u00f3bil\",\"start\":\"2025-05-30 08:00\",\"end\":\"2025-05-30 17:00\",\"url\":\"https:\\\/\\\/acelerapyme.depourense.es\\\/gl\\\/evento\\\/calvos-de-randin\\\/\",\"allDay\":\"\",\"external\":\"on\",\"nofollow\":\"on\",\"guest\":\"\",\"location\":\"\",\"image\":\"\"}]; <\/script>\n\t\t\t\t<div id=\"ha-ec-7730da7\" class=\"ha-ec\" data-cal-id=\"7730da7\" data-locale=\"gl\" data-initialview=\"listMonth\" data-firstday=\"1\" data-show-popup=\"yes\" data-allday-text=\"Todo el d\u00eda\"><\/div>\n\t\t\t<\/div>\n\n\t\t\t\t\t\t\t\t\t\t\t\t\t\t\t\t\t\t\t\t\t\t\t\t\t\t\t<div class=\"ha-ec-popup-wrapper\">\n\t\t\t\t\t<div class=\"ha-ec-popup\">\n\n\t\t\t\t\t\t<span class=\"ha-ec-popup-close\"><i class=\"eicon-editor-close\"><\/i><\/span>\n\t\t\t\t\t\t<div class=\"ha-ec-popup-body-wrap\">\n\t\t\t\t\t\t<div class=\"ha-ec-popup-body\">\n\t\t\t\t\t\t\t<div class=\"ha-ec-popup-image\">\n\t\t\t\t\t\t\t\t<img decoding=\"async\" src=\"\" alt=\"\">\n\t\t\t\t\t\t\t<\/div>\n\t\t\t\t\t\t\t<div class=\"ha-ec-popup-content\">\n\t\t\t\t\t\t\t\t<ul>\n\t\t\t\t\t\t\t\t\t<li class=\"ha-ec-event-time-wrap\">\n\t\t\t\t\t\t\t\t\t\t<div class=\"ha-ec-time-icon\"><svg xmlns=\"http:\/\/www.w3.org\/2000\/svg\" height=\"512pt\" viewBox=\"0 0 512 512\" width=\"512pt\"><path d=\"m256 0c-141.164062 0-256 114.835938-256 256s114.835938 256 256 256 256-114.835938 256-256-114.835938-256-256-256zm121.75 388.414062c-4.160156 4.160157-9.621094 6.253907-15.082031 6.253907-5.460938 0-10.925781-2.09375-15.082031-6.253907l-106.667969-106.664062c-4.011719-3.988281-6.25-9.410156-6.25-15.082031v-138.667969c0-11.796875 9.554687-21.332031 21.332031-21.332031s21.332031 9.535156 21.332031 21.332031v129.835938l100.417969 100.414062c8.339844 8.34375 8.339844 21.824219 0 30.164062zm0 0\"\/><\/svg><\/div>\n\t\t\t\t\t\t\t\t\t\t<div class=\"ha-ec-time-content\">\n\t\t\t\t\t\t\t\t\t\t\t<span class=\"ha-ec-time-title\">Zona horaria UTC+6<\/span>\n\t\t\t\t\t\t\t\t\t\t\t<span class=\"ha-ec-event-time\"><\/span>\n\t\t\t\t\t\t\t\t\t\t<\/div>\n\t\t\t\t\t\t\t\t\t<\/li>\n\t\t\t\t\t\t\t\t\t<li class=\"ha-ec-event-guest-wrap\">\n\t\t\t\t\t\t\t\t\t\t<div class=\"ha-ec-guest-icon\"><svg xmlns=\"http:\/\/www.w3.org\/2000\/svg\" viewBox=\"0 0 841.9 595.3\">\n\t\t\t\t<path d=\"M701.7,430.3c-5.1-8.3-14-13.2-23.7-13.2h-20.1c-5.3,0-9.6-4.1-10-9.4c-3.8-58.2-40.7-69-77.7-79.8  c-33.5-9.8-54.5-29.6-65.9-62.4c-1.3-3.7-4.8-6.2-8.8-6.2h-12.9c-0.5-10.8,1-31.6,17.3-49.9c12.7,0.8,23-10.5,27.1-22.2  c1.4-3.2,13-30.5,3.9-51.4c19.2-52-6-76.3-17.5-84.3c-5.9-51.7-87.2-51.3-91-51.4c-38.1,1.5-66.6,14.8-84.8,39.7  c-24.6,33.5-22.6,78.6-19.5,97.7c-11,11.3-2.8,34.1,2.3,48.5c0.9,2.5,1.7,4.7,2.3,6.7c2.9,9.1,7.9,15.5,14.7,18.8  c4,2,7.8,2.4,11.1,2.5c5.3,7.1,16.1,24,18.6,45.4h-4.8c-4,0-7.5,2.5-8.8,6.2c-10.9,31.2-34,52.2-68.7,62.4l-4.7,1.4  c-35.9,10.4-76.5,22.4-76.5,87.8c0,0.1-8.5,0-9.4,0h-32c-9.7,0-18.6,4.9-23.7,13.2c-5.1,8.3-5.6,18.4-1.2,27.1l37.2,74.3  c4.8,9.5,14.3,15.4,24.9,15.4h75.2c0.1,0,0.1,0,0.2,0l16.7,43.1c1.9,4.8,7.2,7.2,12.1,5.3c4.8-1.9,7.2-7.2,5.3-12l-27.4-70.7  c-1.1-2.9-0.8-6,1-8.6c1.7-2.5,4.5-4,7.6-4h260c3.1,0,5.9,1.5,7.6,4c1.7,2.6,2.1,5.7,1,8.6l-27.4,70.7c-1.9,4.8,0.5,10.2,5.3,12  c1.1,0.4,2.2,0.6,3.4,0.6c3.7,0,7.3-2.3,8.7-5.9l16.7-43h75.4c10.6,0,20.2-5.9,24.9-15.4l37.1-74.3  C707.2,448.7,706.8,438.6,701.7,430.3z M686.2,449.1l-37.2,74.3c-1.6,3.1-4.8,5.1-8.3,5.1h-68.2l3.5-9c3.3-8.6,2.2-18.2-3-25.9  c-5.2-7.6-13.8-12.1-23-12.1h-260c-9.2,0-17.8,4.5-23,12.1c-5.2,7.6-6.3,17.3-3,25.9l3.5,9h-68.2c-3.5,0-6.7-2-8.3-5.1l-37.1-74.3  c-2.1-4.1-0.4-7.7,0.4-9c0.8-1.3,3.2-4.4,7.9-4.4h254.3v-33.4c0-4.3-3.5-7.8-7.8-7.8h0c-11,0-20-9-20-20v-3c0-2.8,2.2-5,5-5h21.2  c2.7,0,5.1-2,5.3-4.6c0.3-3.1-2.1-5.6-5.1-5.6h-21.2c-2.8,0-5.1-2.3-5.1-5.1v0c0-2.8,2.3-5.1,5.1-5.1h21c2.7,0,5.1-2,5.3-4.6  c0.3-3.1-2.1-5.6-5.1-5.6h-21.2c-2.8,0-5.1-2.3-5.1-5.1l0,0c0-2.8,2.3-5.1,5.1-5.1h21c2.7,0,5.1-2,5.3-4.6c0.3-3.1-2.1-5.6-5.1-5.6  h-21.4c-2.8,0-5-2.2-5-5v-4.4c0-11,9-20,20-20H443c11,0,20,9,20,20v68.8c0,11-9,20-20,20h-0.1c-4.3,0-7.8,3.5-7.8,7.8v33.4h242.8  c4.7,0,7.1,3.1,7.9,4.4C686.6,441.4,688.3,444.9,686.2,449.1z\"\/>\n\t\t\t\t<\/svg><\/div>\n\t\t\t\t\t\t\t\t\t\t<div class=\"ha-ec-guest-content\">\n\t\t\t\t\t\t\t\t\t\t\t<span class=\"ha-ec-guest-title\">Ponente<\/span>\n\t\t\t\t\t\t\t\t\t\t\t<span class=\"ha-ec-event-guest\"><\/span>\n\t\t\t\t\t\t\t\t\t\t<\/div>\n\t\t\t\t\t\t\t\t\t<\/li>\n\t\t\t\t\t\t\t\t\t<li class=\"ha-ec-event-location-wrap\">\n\t\t\t\t\t\t\t\t\t\t<div class=\"ha-ec-location-icon\"><svg xmlns=\"http:\/\/www.w3.org\/2000\/svg\" id=\"Layer_1\" enable-background=\"new 0 0 512 512\" height=\"512\" viewBox=\"0 0 512 512\" width=\"512\"><g><path d=\"m407.579 87.677c-31.073-53.624-86.265-86.385-147.64-87.637-2.62-.054-5.257-.054-7.878 0-61.374 1.252-116.566 34.013-147.64 87.637-31.762 54.812-32.631 120.652-2.325 176.123l126.963 232.387c.057.103.114.206.173.308 5.586 9.709 15.593 15.505 26.77 15.505 11.176 0 21.183-5.797 26.768-15.505.059-.102.116-.205.173-.308l126.963-232.387c30.304-55.471 29.435-121.311-2.327-176.123zm-151.579 144.323c-39.701 0-72-32.299-72-72s32.299-72 72-72 72 32.299 72 72-32.298 72-72 72z\"\/><\/g><\/svg><\/div>\n\t\t\t\t\t\t\t\t\t\t<div class=\"ha-ec-location-content\">\n\t\t\t\t\t\t\t\t\t\t\t<span class=\"ha-ec-location-title\">Direcci\u00f3n<\/span>\n\t\t\t\t\t\t\t\t\t\t\t<span class=\"ha-ec-event-location\"><\/span>\n\t\t\t\t\t\t\t\t\t\t<\/div>\n\t\t\t\t\t\t\t\t\t<\/li>\n\t\t\t\t\t\t\t\t<\/ul>\n\t\t\t\t\t\t\t\t<h3 class=\"ha-ec-event-title\"><\/h3>\n\t\t\t\t\t\t\t\t<p class=\"ha-ec-popup-desc\"><\/p>\n\t\t\t\t\t\t\t\t<div class=\"ha-ec-popup-readmore\">\n\t\t\t\t\t\t\t\t\t<a class=\"ha-ec-popup-readmore-link\" href=\"\">Leer m\u00e1s<\/a>\n\t\t\t\t\t\t\t\t<\/div>\n\t\t\t\t\t\t\t<\/div>\n\t\t\t\t\t\t<\/div>\n\t\t\t\t\t\t<\/div>\n\n\t\t\t\t\t<\/div>\n\t\t\t\t<\/div>\t\t<\/div>\n\t\t\t\t<\/div>\n\t\t\t\t<div class=\"elementor-element elementor-element-dfd60ed elementor-align-right elementor-mobile-align-left elementor-widget elementor-widget-the7_button_widget\" data-id=\"dfd60ed\" data-element_type=\"widget\" data-widget_type=\"the7_button_widget.default\">\n\t\t\t\t<div class=\"elementor-widget-container\">\n\t\t\t<div class=\"elementor-button-wrapper\"><a href=\"https:\/\/acelerapyme.depourense.es\/gl\/?page_id=88526\" class=\"box-button elementor-button elementor-size-md\">Consulta o calendario completo de eventos<svg xmlns=\"http:\/\/www.w3.org\/2000\/svg\" viewBox=\"0 0 24 24\" width=\"24\" height=\"24\"><path fill=\"none\" d=\"M0 0h24v24H0z\"><\/path><path d=\"M16.172 11l-5.364-5.364 1.414-1.414L20 12l-7.778 7.778-1.414-1.414L16.172 13H4v-2z\"><\/path><\/svg><\/a><\/div>\t\t<\/div>\n\t\t\t\t<\/div>\n\t\t\t\t\t<\/div>\n\t\t<\/div>\n\t\t\t\t\t<\/div>\n\t\t<\/section>\n\t\t\t\t<section class=\"elementor-section elementor-top-section elementor-element elementor-element-1936aed elementor-section-full_width elementor-section-height-default elementor-section-height-default\" data-id=\"1936aed\" data-element_type=\"section\" data-settings=\"{&quot;_ha_eqh_enable&quot;:false}\">\n\t\t\t\t\t\t<div class=\"elementor-container elementor-column-gap-no\">\n\t\t\t\t\t<div class=\"elementor-column elementor-col-100 elementor-top-column elementor-element elementor-element-c1284c3\" data-id=\"c1284c3\" data-element_type=\"column\">\n\t\t\t<div class=\"elementor-widget-wrap elementor-element-populated\">\n\t\t\t\t\t\t<div class=\"elementor-element elementor-element-cb03ce2 elementor-widget elementor-widget-template\" data-id=\"cb03ce2\" data-element_type=\"widget\" data-widget_type=\"template.default\">\n\t\t\t\t<div class=\"elementor-widget-container\">\n\t\t\t\t\t<div class=\"elementor-template\">\n\t\t\t\t\t<div data-elementor-type=\"section\" data-elementor-id=\"88498\" class=\"elementor elementor-88498 elementor-79256\" data-elementor-post-type=\"elementor_library\">\n\t\t\t\t\t<section class=\"elementor-section elementor-top-section elementor-element elementor-element-62787cea elementor-section-height-min-height elementor-section-boxed elementor-section-height-default elementor-section-items-middle\" data-id=\"62787cea\" data-element_type=\"section\" data-settings=\"{&quot;_ha_eqh_enable&quot;:false}\">\n\t\t\t\t\t\t<div class=\"elementor-container elementor-column-gap-wide\">\n\t\t\t\t\t<div class=\"elementor-column elementor-col-100 elementor-top-column elementor-element elementor-element-5ee9e2fc\" data-id=\"5ee9e2fc\" data-element_type=\"column\">\n\t\t\t<div class=\"elementor-widget-wrap elementor-element-populated\">\n\t\t\t\t\t\t<div class=\"elementor-element elementor-element-3802d4d8 elementor-widget-divider--view-line elementor-widget elementor-widget-divider\" data-id=\"3802d4d8\" data-element_type=\"widget\" data-widget_type=\"divider.default\">\n\t\t\t\t<div class=\"elementor-widget-container\">\n\t\t\t\t\t<div class=\"elementor-divider\">\n\t\t\t<span class=\"elementor-divider-separator\">\n\t\t\t\t\t\t<\/span>\n\t\t<\/div>\n\t\t\t\t<\/div>\n\t\t\t\t<\/div>\n\t\t\t\t\t<\/div>\n\t\t<\/div>\n\t\t\t\t\t<\/div>\n\t\t<\/section>\n\t\t\t\t<\/div>\n\t\t\t\t<\/div>\n\t\t\t\t<\/div>\n\t\t\t\t<\/div>\n\t\t\t\t\t<\/div>\n\t\t<\/div>\n\t\t\t\t\t<\/div>\n\t\t<\/section>\n\t\t\t\t<section class=\"elementor-section elementor-top-section elementor-element elementor-element-d4b28c3 elementor-section-boxed elementor-section-height-default elementor-section-height-default\" data-id=\"d4b28c3\" data-element_type=\"section\" data-settings=\"{&quot;_ha_eqh_enable&quot;:false}\">\n\t\t\t\t\t\t<div class=\"elementor-container elementor-column-gap-wide\">\n\t\t\t\t\t<div class=\"elementor-column elementor-col-100 elementor-top-column elementor-element elementor-element-dd8c7d3\" data-id=\"dd8c7d3\" data-element_type=\"column\">\n\t\t\t<div class=\"elementor-widget-wrap elementor-element-populated\">\n\t\t\t\t\t\t<div class=\"elementor-element elementor-element-ddea772 elementor-widget elementor-widget-heading\" data-id=\"ddea772\" data-element_type=\"widget\" data-widget_type=\"heading.default\">\n\t\t\t\t<div class=\"elementor-widget-container\">\n\t\t\t<h3 class=\"elementor-heading-title elementor-size-default\">Onde podes atoparnos<\/h3>\t\t<\/div>\n\t\t\t\t<\/div>\n\t\t\t\t<div class=\"elementor-element elementor-element-1321a83 elementor-widget__width-initial elementor-widget elementor-widget-text-editor\" data-id=\"1321a83\" data-element_type=\"widget\" data-widget_type=\"text-editor.default\">\n\t\t\t\t<div class=\"elementor-widget-container\">\n\t\t\t\t\t\t\t<p>As oficinas de asesoramento presencial det\u00e1llanse a continuaci\u00f3n.<\/p>\n\t\t\t\t\t\t<\/div>\n\t\t\t\t<\/div>\n\t\t\t\t\t<\/div>\n\t\t<\/div>\n\t\t\t\t\t<\/div>\n\t\t<\/section>\n\t\t<div class=\"elementor-element elementor-element-e553795 e-con-full e-flex e-con e-parent\" data-id=\"e553795\" data-element_type=\"container\" data-settings=\"{&quot;_ha_eqh_enable&quot;:false}\">\n\t\t\t\t<div class=\"elementor-element elementor-element-47d797d elementor-widget elementor-widget-google_maps\" data-id=\"47d797d\" data-element_type=\"widget\" data-widget_type=\"google_maps.default\">\n\t\t\t\t<div class=\"elementor-widget-container\">\n\t\t\t\t\t<div class=\"elementor-custom-embed\">\n\t\t\t<iframe loading=\"lazy\"\n\t\t\t\t\tsrc=\"https:\/\/maps.google.com\/maps?q=Polideportivo%20de%20Xinzo%20de%20Limia%2C%20R%C3%BAa%20Dous%20de%20Maio%2C%2032630%20Xinzo%20de%20Limia%2C%20Ourense&#038;t=m&#038;z=13&#038;output=embed&#038;iwloc=near\"\n\t\t\t\t\ttitle=\"Polideportivo de Xinzo de Limia, R\u00faa Dous de Maio, 32630 Xinzo de Limia, Ourense\"\n\t\t\t\t\taria-label=\"Polideportivo de Xinzo de Limia, R\u00faa Dous de Maio, 32630 Xinzo de Limia, Ourense\"\n\t\t\t><\/iframe>\n\t\t<\/div>\n\t\t\t\t<\/div>\n\t\t\t\t<\/div>\n\t\t\t\t<\/div>\n\t\t\t\t<section class=\"elementor-section elementor-top-section elementor-element elementor-element-ded046d elementor-section-full_width elementor-section-height-default elementor-section-height-default\" data-id=\"ded046d\" data-element_type=\"section\" data-settings=\"{&quot;_ha_eqh_enable&quot;:false}\">\n\t\t\t\t\t\t<div class=\"elementor-container elementor-column-gap-no\">\n\t\t\t\t\t<div class=\"elementor-column elementor-col-100 elementor-top-column elementor-element elementor-element-97566d5\" data-id=\"97566d5\" data-element_type=\"column\">\n\t\t\t<div class=\"elementor-widget-wrap elementor-element-populated\">\n\t\t\t\t\t\t<div class=\"elementor-element elementor-element-cccc710 elementor-widget elementor-widget-template\" data-id=\"cccc710\" data-element_type=\"widget\" data-widget_type=\"template.default\">\n\t\t\t\t<div class=\"elementor-widget-container\">\n\t\t\t\t\t<div class=\"elementor-template\">\n\t\t\t\t\t<div data-elementor-type=\"section\" data-elementor-id=\"88498\" class=\"elementor elementor-88498 elementor-79256\" data-elementor-post-type=\"elementor_library\">\n\t\t\t\t\t<section class=\"elementor-section elementor-top-section elementor-element elementor-element-62787cea elementor-section-height-min-height elementor-section-boxed elementor-section-height-default elementor-section-items-middle\" data-id=\"62787cea\" data-element_type=\"section\" data-settings=\"{&quot;_ha_eqh_enable&quot;:false}\">\n\t\t\t\t\t\t<div class=\"elementor-container elementor-column-gap-wide\">\n\t\t\t\t\t<div class=\"elementor-column elementor-col-100 elementor-top-column elementor-element elementor-element-5ee9e2fc\" data-id=\"5ee9e2fc\" data-element_type=\"column\">\n\t\t\t<div class=\"elementor-widget-wrap elementor-element-populated\">\n\t\t\t\t\t\t<div class=\"elementor-element elementor-element-3802d4d8 elementor-widget-divider--view-line elementor-widget elementor-widget-divider\" data-id=\"3802d4d8\" data-element_type=\"widget\" data-widget_type=\"divider.default\">\n\t\t\t\t<div class=\"elementor-widget-container\">\n\t\t\t\t\t<div class=\"elementor-divider\">\n\t\t\t<span class=\"elementor-divider-separator\">\n\t\t\t\t\t\t<\/span>\n\t\t<\/div>\n\t\t\t\t<\/div>\n\t\t\t\t<\/div>\n\t\t\t\t\t<\/div>\n\t\t<\/div>\n\t\t\t\t\t<\/div>\n\t\t<\/section>\n\t\t\t\t<\/div>\n\t\t\t\t<\/div>\n\t\t\t\t<\/div>\n\t\t\t\t<\/div>\n\t\t\t\t\t<\/div>\n\t\t<\/div>\n\t\t\t\t\t<\/div>\n\t\t<\/section>\n\t\t\t\t<section class=\"elementor-section elementor-top-section elementor-element elementor-element-0162023 elementor-section-full_width elementor-section-height-default elementor-section-height-default\" data-id=\"0162023\" data-element_type=\"section\" data-settings=\"{&quot;_ha_eqh_enable&quot;:false}\">\n\t\t\t\t\t\t<div class=\"elementor-container elementor-column-gap-no\">\n\t\t\t\t\t<div class=\"elementor-column elementor-col-100 elementor-top-column elementor-element elementor-element-28d96c0\" data-id=\"28d96c0\" data-element_type=\"column\">\n\t\t\t<div class=\"elementor-widget-wrap elementor-element-populated\">\n\t\t\t\t\t\t<div class=\"elementor-element elementor-element-6a7f468 elementor-widget elementor-widget-template\" data-id=\"6a7f468\" data-element_type=\"widget\" data-widget_type=\"template.default\">\n\t\t\t\t<div class=\"elementor-widget-container\">\n\t\t\t\t\t<div class=\"elementor-template\">\n\t\t\t\t\t<div data-elementor-type=\"section\" data-elementor-id=\"88498\" class=\"elementor elementor-88498 elementor-79256\" data-elementor-post-type=\"elementor_library\">\n\t\t\t\t\t<section class=\"elementor-section elementor-top-section elementor-element elementor-element-62787cea elementor-section-height-min-height elementor-section-boxed elementor-section-height-default elementor-section-items-middle\" data-id=\"62787cea\" data-element_type=\"section\" data-settings=\"{&quot;_ha_eqh_enable&quot;:false}\">\n\t\t\t\t\t\t<div class=\"elementor-container elementor-column-gap-wide\">\n\t\t\t\t\t<div class=\"elementor-column elementor-col-100 elementor-top-column elementor-element elementor-element-5ee9e2fc\" data-id=\"5ee9e2fc\" data-element_type=\"column\">\n\t\t\t<div class=\"elementor-widget-wrap elementor-element-populated\">\n\t\t\t\t\t\t<div class=\"elementor-element elementor-element-3802d4d8 elementor-widget-divider--view-line elementor-widget elementor-widget-divider\" data-id=\"3802d4d8\" data-element_type=\"widget\" data-widget_type=\"divider.default\">\n\t\t\t\t<div class=\"elementor-widget-container\">\n\t\t\t\t\t<div class=\"elementor-divider\">\n\t\t\t<span class=\"elementor-divider-separator\">\n\t\t\t\t\t\t<\/span>\n\t\t<\/div>\n\t\t\t\t<\/div>\n\t\t\t\t<\/div>\n\t\t\t\t\t<\/div>\n\t\t<\/div>\n\t\t\t\t\t<\/div>\n\t\t<\/section>\n\t\t\t\t<\/div>\n\t\t\t\t<\/div>\n\t\t\t\t<\/div>\n\t\t\t\t<\/div>\n\t\t\t\t\t<\/div>\n\t\t<\/div>\n\t\t\t\t\t<\/div>\n\t\t<\/section>\n\t\t\t\t<section class=\"elementor-section elementor-top-section elementor-element elementor-element-112a3dd elementor-section-boxed elementor-section-height-default elementor-section-height-default\" data-id=\"112a3dd\" data-element_type=\"section\" data-settings=\"{&quot;_ha_eqh_enable&quot;:false}\">\n\t\t\t\t\t\t<div class=\"elementor-container elementor-column-gap-wide\">\n\t\t\t\t\t<div class=\"elementor-column elementor-col-100 elementor-top-column elementor-element elementor-element-d528fc6\" data-id=\"d528fc6\" data-element_type=\"column\">\n\t\t\t<div class=\"elementor-widget-wrap elementor-element-populated\">\n\t\t\t\t\t\t<div class=\"elementor-element elementor-element-adb902d elementor-widget elementor-widget-heading\" data-id=\"adb902d\" data-element_type=\"widget\" data-widget_type=\"heading.default\">\n\t\t\t\t<div class=\"elementor-widget-container\">\n\t\t\t<h3 class=\"elementor-heading-title elementor-size-default\">Recursos<\/h3>\t\t<\/div>\n\t\t\t\t<\/div>\n\t\t\t\t\t<\/div>\n\t\t<\/div>\n\t\t\t\t\t<\/div>\n\t\t<\/section>\n\t\t\t\t<section class=\"elementor-section elementor-top-section elementor-element elementor-element-2d8af98 elementor-section-boxed elementor-section-height-default elementor-section-height-default\" data-id=\"2d8af98\" data-element_type=\"section\" data-settings=\"{&quot;_ha_eqh_enable&quot;:false}\">\n\t\t\t\t\t\t<div class=\"elementor-container elementor-column-gap-wide\">\n\t\t\t\t\t<div class=\"elementor-column elementor-col-100 elementor-top-column elementor-element elementor-element-290e8c9\" data-id=\"290e8c9\" data-element_type=\"column\">\n\t\t\t<div class=\"elementor-widget-wrap elementor-element-populated\">\n\t\t\t\t\t\t<div class=\"elementor-element elementor-element-8eef803 image-vertical-align-center icon-box-vertical-align-center img-align-mobile-top image-vertical-align-mobile-center img-align-left preserve-img-ratio-cover slide-h-position-left elementor-widget elementor-widget-the7-elements-simple-posts\" data-id=\"8eef803\" data-element_type=\"widget\" data-widget_type=\"the7-elements-simple-posts.default\">\n\t\t\t\t<div class=\"elementor-widget-container\">\n\t\t\t<div class=\"the7-simple-widget-posts the7-elementor-widget the7-elements-simple-posts-8eef803 jquery-filter jquery-filter\" data-post-limit=\"-1\" data-pagination-mode=\"none\" data-scroll-offset=\"\">\t\t\t<div class=\"dt-css-grid custom-pagination-handler\" data-columns=\"{&quot;d&quot;:2,&quot;t&quot;:1,&quot;p&quot;:1,&quot;wd&quot;:&quot;&quot;}\">\n\t\t\t\t\t\t\t\t\t<div class=\"wf-cell visible \">\n\t\t\t\t\t\t<article class=\"post visible wrapper post-89137 type-post status-publish format-standard has-post-thumbnail hentry category-sin-categorizar category-1 description-off\">\n\n\t\t\t\t\t\t\t<div class=\"post-content-wrapper\">\n\t\t\t\t\t\t\t\t\t\t\t\t\t\t\t\t\t<div class=\"the7-simple-post-thumb\">\n\t\t\t\t\t\t\t\t\t\t<a class=\"post-thumbnail-rollover layzr-bg img-css-resize-wrapper\" aria-label=\"Post image\" href=\"https:\/\/acelerapyme.depourense.es\/gl\/taller-dixitalizacion-do-rural-31-marzo-en-maceda\/\"><img decoding=\"async\" width=\"1417\" height=\"1984\" src=\"data:image\/svg+xml,%3Csvg%20xmlns%3D&#039;http%3A%2F%2Fwww.w3.org%2F2000%2Fsvg&#039;%20viewBox%3D&#039;0%200%201417%201984&#039;%2F%3E\" class=\"attachment-full size-full preload-me aspect lazy lazy-load\" alt=\"\" style=\"--ratio: 1417 \/ 1984;\" data-src=\"https:\/\/acelerapyme.depourense.es\/wp-content\/uploads\/2025\/03\/cartel-formacion-acelerapyme-MAceda-31-04-e1743164012293.png\" loading=\"eager\" \/><span class=\"the7-hover-icon\"><svg xmlns=\"http:\/\/www.w3.org\/2000\/svg\" viewBox=\"0 0 24 24\" width=\"24\" height=\"24\"><path fill=\"none\" d=\"M0 0h24v24H0z\"><\/path><path d=\"M5 10c-1.1 0-2 .9-2 2s.9 2 2 2 2-.9 2-2-.9-2-2-2zm14 0c-1.1 0-2 .9-2 2s.9 2 2 2 2-.9 2-2-.9-2-2-2zm-7 0c-1.1 0-2 .9-2 2s.9 2 2 2 2-.9 2-2-.9-2-2-2z\"><\/path><\/svg><\/span><\/a>\t\t\t\t\t\t\t\t\t<\/div>\n\t\t\t\t\t\t\t\t\t\t\t\t\t\t\t\t<div class=\"post-entry-content\">\n\t\t\t\t\t\t\t\t\t<h5 class=\"heading\"><a href=\"https:\/\/acelerapyme.depourense.es\/gl\/taller-dixitalizacion-do-rural-31-marzo-en-maceda\/\" rel=\"bookmark\" title=\"Taller \u201cDixitalizaci\u00f3n do rural&#8221; 31 marzo en Maceda\" class=\"post-title\">Taller \u201cDixitalizaci\u00f3n do rural&#8221; 31 marzo en Maceda<\/a><\/h5><div class=\"entry-meta\"><span class=\"meta-item category-link\"><a href=\"https:\/\/acelerapyme.depourense.es\/gl\/category\/sin-categorizar\/\" rel=\"tag\">Sin categorizar<\/a><\/span><span class=\"meta-item data-link\"><time class=\"entry-date updated\" datetime=\"2025-03-28T13:13:44+01:00\">28 de Marzo de 2025<\/time><\/span><\/div>\t\t\t\t\t\t\t\t<\/div>\n\t\t\t\t\t\t\t<\/div>\n\t\t\t\t\t\t<\/article>\n\t\t\t\t\t<\/div>\t\t\t\t\t\t\t\t\t\t<div class=\"wf-cell visible \">\n\t\t\t\t\t\t<article class=\"post visible wrapper post-89130 type-post status-publish format-standard has-post-thumbnail hentry category-estrategia-e-cultura-dixital category-eventos-gl category-marketing-dixital category-relacion-co-cliente category-273 category-272 category-267 category-276 description-off\">\n\n\t\t\t\t\t\t\t<div class=\"post-content-wrapper\">\n\t\t\t\t\t\t\t\t\t\t\t\t\t\t\t\t\t<div class=\"the7-simple-post-thumb\">\n\t\t\t\t\t\t\t\t\t\t<a class=\"post-thumbnail-rollover layzr-bg img-css-resize-wrapper\" aria-label=\"Post image\" href=\"https:\/\/acelerapyme.depourense.es\/gl\/accion-dinamizadora-queres-una-transformacion-dixital-do-teu-negocio-en-sandias\/\"><img decoding=\"async\" width=\"1200\" height=\"1200\" src=\"data:image\/svg+xml,%3Csvg%20xmlns%3D&#039;http%3A%2F%2Fwww.w3.org%2F2000%2Fsvg&#039;%20viewBox%3D&#039;0%200%201200%201200&#039;%2F%3E\" class=\"attachment-full size-full preload-me aspect lazy lazy-load\" alt=\"\" style=\"--ratio: 1200 \/ 1200;\" data-src=\"https:\/\/acelerapyme.depourense.es\/wp-content\/uploads\/2025\/03\/CARTEL-ACCIONES-DINAMIZADORA-SANDIAS-1-1-e1743066790937.png\" loading=\"eager\" \/><span class=\"the7-hover-icon\"><svg xmlns=\"http:\/\/www.w3.org\/2000\/svg\" viewBox=\"0 0 24 24\" width=\"24\" height=\"24\"><path fill=\"none\" d=\"M0 0h24v24H0z\"><\/path><path d=\"M5 10c-1.1 0-2 .9-2 2s.9 2 2 2 2-.9 2-2-.9-2-2-2zm14 0c-1.1 0-2 .9-2 2s.9 2 2 2 2-.9 2-2-.9-2-2-2zm-7 0c-1.1 0-2 .9-2 2s.9 2 2 2 2-.9 2-2-.9-2-2-2z\"><\/path><\/svg><\/span><\/a>\t\t\t\t\t\t\t\t\t<\/div>\n\t\t\t\t\t\t\t\t\t\t\t\t\t\t\t\t<div class=\"post-entry-content\">\n\t\t\t\t\t\t\t\t\t<h5 class=\"heading\"><a href=\"https:\/\/acelerapyme.depourense.es\/gl\/accion-dinamizadora-queres-una-transformacion-dixital-do-teu-negocio-en-sandias\/\" rel=\"bookmark\" title=\"Acci\u00f3n Dinamizadora &#8220;\u00bfQueres una transformaci\u00f3n Dixital do teu negocio?&#8221; en Sandi\u00e1s\" class=\"post-title\">Acci\u00f3n Dinamizadora &#8220;\u00bfQueres una transformaci\u00f3n Dixital do teu negocio?&#8221; en Sandi\u00e1s<\/a><\/h5><div class=\"entry-meta\"><span class=\"meta-item category-link\"><a href=\"https:\/\/acelerapyme.depourense.es\/gl\/category\/estrategia-e-cultura-dixital\/\" rel=\"tag\">Estrategia e cultura dixital<\/a>, <a href=\"https:\/\/acelerapyme.depourense.es\/gl\/category\/eventos-gl\/\" rel=\"tag\">Eventos<\/a>, <a href=\"https:\/\/acelerapyme.depourense.es\/gl\/category\/marketing-dixital\/\" rel=\"tag\">Marketing dixital<\/a>, <a href=\"https:\/\/acelerapyme.depourense.es\/gl\/category\/relacion-co-cliente\/\" rel=\"tag\">Relaci\u00f3n co cliente<\/a><\/span><span class=\"meta-item data-link\"><time class=\"entry-date updated\" datetime=\"2025-03-27T10:13:24+01:00\">27 de Marzo de 2025<\/time><\/span><\/div>\t\t\t\t\t\t\t\t<\/div>\n\t\t\t\t\t\t\t<\/div>\n\t\t\t\t\t\t<\/article>\n\t\t\t\t\t<\/div>\t\t\t\t\t\t\t\t\t\t<div class=\"wf-cell visible \">\n\t\t\t\t\t\t<article class=\"post visible wrapper post-89090 type-post status-publish format-standard has-post-thumbnail hentry category-estrategia-e-cultura-dixital category-eventos-gl category-marketing-dixital category-relacion-co-cliente category-273 category-272 category-267 category-276 description-off\">\n\n\t\t\t\t\t\t\t<div class=\"post-content-wrapper\">\n\t\t\t\t\t\t\t\t\t\t\t\t\t\t\t\t\t<div class=\"the7-simple-post-thumb\">\n\t\t\t\t\t\t\t\t\t\t<a class=\"post-thumbnail-rollover layzr-bg img-css-resize-wrapper\" aria-label=\"Post image\" href=\"https:\/\/acelerapyme.depourense.es\/gl\/videoconferencia-factura-electronica-28-03-1630-hrs\/\"><img decoding=\"async\" width=\"1200\" height=\"1200\" src=\"data:image\/svg+xml,%3Csvg%20xmlns%3D&#039;http%3A%2F%2Fwww.w3.org%2F2000%2Fsvg&#039;%20viewBox%3D&#039;0%200%201200%201200&#039;%2F%3E\" class=\"attachment-full size-full preload-me aspect lazy lazy-load\" alt=\"\" style=\"--ratio: 1200 \/ 1200;\" data-src=\"https:\/\/acelerapyme.depourense.es\/wp-content\/uploads\/2025\/03\/viernes-28-DE-marzo-A-las-1630-hRS-e1742904944313.png\" loading=\"eager\" \/><span class=\"the7-hover-icon\"><svg xmlns=\"http:\/\/www.w3.org\/2000\/svg\" viewBox=\"0 0 24 24\" width=\"24\" height=\"24\"><path fill=\"none\" d=\"M0 0h24v24H0z\"><\/path><path d=\"M5 10c-1.1 0-2 .9-2 2s.9 2 2 2 2-.9 2-2-.9-2-2-2zm14 0c-1.1 0-2 .9-2 2s.9 2 2 2 2-.9 2-2-.9-2-2-2zm-7 0c-1.1 0-2 .9-2 2s.9 2 2 2 2-.9 2-2-.9-2-2-2z\"><\/path><\/svg><\/span><\/a>\t\t\t\t\t\t\t\t\t<\/div>\n\t\t\t\t\t\t\t\t\t\t\t\t\t\t\t\t<div class=\"post-entry-content\">\n\t\t\t\t\t\t\t\t\t<h5 class=\"heading\"><a href=\"https:\/\/acelerapyme.depourense.es\/gl\/videoconferencia-factura-electronica-28-03-1630-hrs\/\" rel=\"bookmark\" title=\"Videoconferencia Factura Electr\u00f3nica 28\/03 16:30 hrs\" class=\"post-title\">Videoconferencia Factura Electr\u00f3nica 28\/03 16:30 hrs<\/a><\/h5><div class=\"entry-meta\"><span class=\"meta-item category-link\"><a href=\"https:\/\/acelerapyme.depourense.es\/gl\/category\/estrategia-e-cultura-dixital\/\" rel=\"tag\">Estrategia e cultura dixital<\/a>, <a href=\"https:\/\/acelerapyme.depourense.es\/gl\/category\/eventos-gl\/\" rel=\"tag\">Eventos<\/a>, <a href=\"https:\/\/acelerapyme.depourense.es\/gl\/category\/marketing-dixital\/\" rel=\"tag\">Marketing dixital<\/a>, <a href=\"https:\/\/acelerapyme.depourense.es\/gl\/category\/relacion-co-cliente\/\" rel=\"tag\">Relaci\u00f3n co cliente<\/a><\/span><span class=\"meta-item data-link\"><time class=\"entry-date updated\" datetime=\"2025-03-25T13:16:01+01:00\">25 de Marzo de 2025<\/time><\/span><\/div>\t\t\t\t\t\t\t\t<\/div>\n\t\t\t\t\t\t\t<\/div>\n\t\t\t\t\t\t<\/article>\n\t\t\t\t\t<\/div>\t\t\t\t\t\t\t\t\t\t<div class=\"wf-cell visible \">\n\t\t\t\t\t\t<article class=\"post visible wrapper post-89094 type-post status-publish format-standard has-post-thumbnail hentry category-estrategia-e-cultura-dixital category-eventos-gl category-marketing-dixital category-relacion-co-cliente category-273 category-272 category-267 category-276 description-off\">\n\n\t\t\t\t\t\t\t<div class=\"post-content-wrapper\">\n\t\t\t\t\t\t\t\t\t\t\t\t\t\t\t\t\t<div class=\"the7-simple-post-thumb\">\n\t\t\t\t\t\t\t\t\t\t<a class=\"post-thumbnail-rollover layzr-bg img-css-resize-wrapper\" aria-label=\"Post image\" href=\"https:\/\/acelerapyme.depourense.es\/gl\/videoconferencia-transformacion-dixital-28-03-12-hrs\/\"><img decoding=\"async\" width=\"1200\" height=\"1200\" src=\"data:image\/svg+xml,%3Csvg%20xmlns%3D&#039;http%3A%2F%2Fwww.w3.org%2F2000%2Fsvg&#039;%20viewBox%3D&#039;0%200%201200%201200&#039;%2F%3E\" class=\"attachment-full size-full preload-me aspect lazy lazy-load\" alt=\"\" style=\"--ratio: 1200 \/ 1200;\" data-src=\"https:\/\/acelerapyme.depourense.es\/wp-content\/uploads\/2025\/03\/ACCIONES-DINAMIZADORA-VIDEOCONFERENCIA-KIT-DIGITAL-28-03-1-e1742904684580.png\" loading=\"eager\" \/><span class=\"the7-hover-icon\"><svg xmlns=\"http:\/\/www.w3.org\/2000\/svg\" viewBox=\"0 0 24 24\" width=\"24\" height=\"24\"><path fill=\"none\" d=\"M0 0h24v24H0z\"><\/path><path d=\"M5 10c-1.1 0-2 .9-2 2s.9 2 2 2 2-.9 2-2-.9-2-2-2zm14 0c-1.1 0-2 .9-2 2s.9 2 2 2 2-.9 2-2-.9-2-2-2zm-7 0c-1.1 0-2 .9-2 2s.9 2 2 2 2-.9 2-2-.9-2-2-2z\"><\/path><\/svg><\/span><\/a>\t\t\t\t\t\t\t\t\t<\/div>\n\t\t\t\t\t\t\t\t\t\t\t\t\t\t\t\t<div class=\"post-entry-content\">\n\t\t\t\t\t\t\t\t\t<h5 class=\"heading\"><a href=\"https:\/\/acelerapyme.depourense.es\/gl\/videoconferencia-transformacion-dixital-28-03-12-hrs\/\" rel=\"bookmark\" title=\"Videoconferencia Transformaci\u00f3n Dixital 28\/03 12 hrs\" class=\"post-title\">Videoconferencia Transformaci\u00f3n Dixital 28\/03 12 hrs<\/a><\/h5><div class=\"entry-meta\"><span class=\"meta-item category-link\"><a href=\"https:\/\/acelerapyme.depourense.es\/gl\/category\/estrategia-e-cultura-dixital\/\" rel=\"tag\">Estrategia e cultura dixital<\/a>, <a href=\"https:\/\/acelerapyme.depourense.es\/gl\/category\/eventos-gl\/\" rel=\"tag\">Eventos<\/a>, <a href=\"https:\/\/acelerapyme.depourense.es\/gl\/category\/marketing-dixital\/\" rel=\"tag\">Marketing dixital<\/a>, <a href=\"https:\/\/acelerapyme.depourense.es\/gl\/category\/relacion-co-cliente\/\" rel=\"tag\">Relaci\u00f3n co cliente<\/a><\/span><span class=\"meta-item data-link\"><time class=\"entry-date updated\" datetime=\"2025-03-25T13:12:36+01:00\">25 de Marzo de 2025<\/time><\/span><\/div>\t\t\t\t\t\t\t\t<\/div>\n\t\t\t\t\t\t\t<\/div>\n\t\t\t\t\t\t<\/article>\n\t\t\t\t\t<\/div>\t\t\t\t\t\t\t\t<\/div>\n\t\t<\/div>\t\t<\/div>\n\t\t\t\t<\/div>\n\t\t\t\t<div class=\"elementor-element elementor-element-166d42b elementor-align-right elementor-mobile-align-left elementor-widget elementor-widget-the7_button_widget\" data-id=\"166d42b\" data-element_type=\"widget\" data-widget_type=\"the7_button_widget.default\">\n\t\t\t\t<div class=\"elementor-widget-container\">\n\t\t\t<div class=\"elementor-button-wrapper\"><a href=\"https:\/\/acelerapyme.depourense.es\/blog\/\" class=\"box-button elementor-button elementor-size-md\">Ver m\u00e1is<svg xmlns=\"http:\/\/www.w3.org\/2000\/svg\" viewBox=\"0 0 24 24\" width=\"24\" height=\"24\"><path fill=\"none\" d=\"M0 0h24v24H0z\"><\/path><path d=\"M16.172 11l-5.364-5.364 1.414-1.414L20 12l-7.778 7.778-1.414-1.414L16.172 13H4v-2z\"><\/path><\/svg><\/a><\/div>\t\t<\/div>\n\t\t\t\t<\/div>\n\t\t\t\t\t<\/div>\n\t\t<\/div>\n\t\t\t\t\t<\/div>\n\t\t<\/section>\n\t\t\t\t<\/div>\n\t\t","protected":false},"excerpt":{"rendered":"<p>A transformaci\u00f3n Dixital ao teu alcance O que podemos ofrecerche Impulsamos a transformaci\u00f3n dixital das empresas da provincia de Ourense. Axudamos paso a paso \u00e1s pequenas e medianas empresas na&hellip;<\/p>\n","protected":false},"author":1,"featured_media":0,"parent":0,"menu_order":10,"comment_status":"closed","ping_status":"closed","template":"elementor_header_footer","meta":{"footnotes":""},"class_list":["post-88529","page","type-page","status-publish","hentry","category-273","category-272","category-267","category-276","description-off"],"yoast_head":"<!-- This site is optimized with the Yoast SEO plugin v23.0 - https:\/\/yoast.com\/wordpress\/plugins\/seo\/ -->\n<title>Casa - Acelerou<\/title>\n<meta name=\"robots\" content=\"index, follow, max-snippet:-1, max-image-preview:large, max-video-preview:-1\" \/>\n<link rel=\"canonical\" href=\"https:\/\/acelerapyme.depourense.es\/\" \/>\n<meta property=\"og:locale\" content=\"gl_ES\" \/>\n<meta property=\"og:type\" content=\"article\" \/>\n<meta property=\"og:title\" content=\"Casa - Acelerou\" \/>\n<meta property=\"og:description\" content=\"A transformaci\u00f3n Dixital ao teu alcance O que podemos ofrecerche Impulsamos a transformaci\u00f3n dixital das empresas da provincia de Ourense. Axudamos paso a paso \u00e1s pequenas e medianas empresas na&hellip;\" \/>\n<meta property=\"og:url\" content=\"https:\/\/acelerapyme.depourense.es\/\" \/>\n<meta property=\"og:site_name\" content=\"Acelerou\" \/>\n<meta property=\"article:modified_time\" content=\"2025-06-16T12:13:51+00:00\" \/>\n<meta name=\"twitter:card\" content=\"summary_large_image\" \/>\n<meta name=\"twitter:label1\" content=\"Tempo de lectura\" \/>\n\t<meta name=\"twitter:data1\" content=\"3 minutos\" \/>\n<script type=\"application\/ld+json\" class=\"yoast-schema-graph\">{\"@context\":\"https:\/\/schema.org\",\"@graph\":[{\"@type\":\"WebPage\",\"@id\":\"https:\/\/acelerapyme.depourense.es\/\",\"url\":\"https:\/\/acelerapyme.depourense.es\/\",\"name\":\"Casa - Acelerou\",\"isPartOf\":{\"@id\":\"https:\/\/acelerapyme.depourense.es\/#website\"},\"datePublished\":\"2020-11-21T17:29:44+00:00\",\"dateModified\":\"2025-06-16T12:13:51+00:00\",\"breadcrumb\":{\"@id\":\"https:\/\/acelerapyme.depourense.es\/#breadcrumb\"},\"inLanguage\":\"gl-ES\",\"potentialAction\":[{\"@type\":\"ReadAction\",\"target\":[\"https:\/\/acelerapyme.depourense.es\/\"]}]},{\"@type\":\"BreadcrumbList\",\"@id\":\"https:\/\/acelerapyme.depourense.es\/#breadcrumb\",\"itemListElement\":[{\"@type\":\"ListItem\",\"position\":1,\"name\":\"Portada\",\"item\":\"https:\/\/acelerapyme.depourense.es\/\"},{\"@type\":\"ListItem\",\"position\":2,\"name\":\"Casa\"}]},{\"@type\":\"WebSite\",\"@id\":\"https:\/\/acelerapyme.depourense.es\/#website\",\"url\":\"https:\/\/acelerapyme.depourense.es\/\",\"name\":\"Acelerou\",\"description\":\"\",\"publisher\":{\"@id\":\"https:\/\/acelerapyme.depourense.es\/#organization\"},\"potentialAction\":[{\"@type\":\"SearchAction\",\"target\":{\"@type\":\"EntryPoint\",\"urlTemplate\":\"https:\/\/acelerapyme.depourense.es\/?s={search_term_string}\"},\"query-input\":\"required name=search_term_string\"}],\"inLanguage\":\"gl-ES\"},{\"@type\":\"Organization\",\"@id\":\"https:\/\/acelerapyme.depourense.es\/#organization\",\"name\":\"Acelerou\",\"url\":\"https:\/\/acelerapyme.depourense.es\/\",\"logo\":{\"@type\":\"ImageObject\",\"inLanguage\":\"gl-ES\",\"@id\":\"https:\/\/acelerapyme.depourense.es\/#\/schema\/logo\/image\/\",\"url\":\"https:\/\/acelerapyme.depourense.es\/wp-content\/uploads\/2024\/06\/logo2.png\",\"contentUrl\":\"https:\/\/acelerapyme.depourense.es\/wp-content\/uploads\/2024\/06\/logo2.png\",\"width\":1012,\"height\":189,\"caption\":\"Acelerou\"},\"image\":{\"@id\":\"https:\/\/acelerapyme.depourense.es\/#\/schema\/logo\/image\/\"}}]}<\/script>\n<!-- \/ Yoast SEO plugin. -->","yoast_head_json":{"title":"Casa - Acelerou","robots":{"index":"index","follow":"follow","max-snippet":"max-snippet:-1","max-image-preview":"max-image-preview:large","max-video-preview":"max-video-preview:-1"},"canonical":"https:\/\/acelerapyme.depourense.es\/","og_locale":"gl_ES","og_type":"article","og_title":"Casa - Acelerou","og_description":"A transformaci\u00f3n Dixital ao teu alcance O que podemos ofrecerche Impulsamos a transformaci\u00f3n dixital das empresas da provincia de Ourense. Axudamos paso a paso \u00e1s pequenas e medianas empresas na&hellip;","og_url":"https:\/\/acelerapyme.depourense.es\/","og_site_name":"Acelerou","article_modified_time":"2025-06-16T12:13:51+00:00","twitter_card":"summary_large_image","twitter_misc":{"Tempo de lectura":"3 minutos"},"schema":{"@context":"https:\/\/schema.org","@graph":[{"@type":"WebPage","@id":"https:\/\/acelerapyme.depourense.es\/","url":"https:\/\/acelerapyme.depourense.es\/","name":"Casa - Acelerou","isPartOf":{"@id":"https:\/\/acelerapyme.depourense.es\/#website"},"datePublished":"2020-11-21T17:29:44+00:00","dateModified":"2025-06-16T12:13:51+00:00","breadcrumb":{"@id":"https:\/\/acelerapyme.depourense.es\/#breadcrumb"},"inLanguage":"gl-ES","potentialAction":[{"@type":"ReadAction","target":["https:\/\/acelerapyme.depourense.es\/"]}]},{"@type":"BreadcrumbList","@id":"https:\/\/acelerapyme.depourense.es\/#breadcrumb","itemListElement":[{"@type":"ListItem","position":1,"name":"Portada","item":"https:\/\/acelerapyme.depourense.es\/"},{"@type":"ListItem","position":2,"name":"Casa"}]},{"@type":"WebSite","@id":"https:\/\/acelerapyme.depourense.es\/#website","url":"https:\/\/acelerapyme.depourense.es\/","name":"Acelerou","description":"","publisher":{"@id":"https:\/\/acelerapyme.depourense.es\/#organization"},"potentialAction":[{"@type":"SearchAction","target":{"@type":"EntryPoint","urlTemplate":"https:\/\/acelerapyme.depourense.es\/?s={search_term_string}"},"query-input":"required name=search_term_string"}],"inLanguage":"gl-ES"},{"@type":"Organization","@id":"https:\/\/acelerapyme.depourense.es\/#organization","name":"Acelerou","url":"https:\/\/acelerapyme.depourense.es\/","logo":{"@type":"ImageObject","inLanguage":"gl-ES","@id":"https:\/\/acelerapyme.depourense.es\/#\/schema\/logo\/image\/","url":"https:\/\/acelerapyme.depourense.es\/wp-content\/uploads\/2024\/06\/logo2.png","contentUrl":"https:\/\/acelerapyme.depourense.es\/wp-content\/uploads\/2024\/06\/logo2.png","width":1012,"height":189,"caption":"Acelerou"},"image":{"@id":"https:\/\/acelerapyme.depourense.es\/#\/schema\/logo\/image\/"}}]}},"_links":{"self":[{"href":"https:\/\/acelerapyme.depourense.es\/gl\/wp-json\/wp\/v2\/pages\/88529","targetHints":{"allow":["GET"]}}],"collection":[{"href":"https:\/\/acelerapyme.depourense.es\/gl\/wp-json\/wp\/v2\/pages"}],"about":[{"href":"https:\/\/acelerapyme.depourense.es\/gl\/wp-json\/wp\/v2\/types\/page"}],"author":[{"embeddable":true,"href":"https:\/\/acelerapyme.depourense.es\/gl\/wp-json\/wp\/v2\/users\/1"}],"replies":[{"embeddable":true,"href":"https:\/\/acelerapyme.depourense.es\/gl\/wp-json\/wp\/v2\/comments?post=88529"}],"version-history":[{"count":9,"href":"https:\/\/acelerapyme.depourense.es\/gl\/wp-json\/wp\/v2\/pages\/88529\/revisions"}],"predecessor-version":[{"id":89167,"href":"https:\/\/acelerapyme.depourense.es\/gl\/wp-json\/wp\/v2\/pages\/88529\/revisions\/89167"}],"wp:attachment":[{"href":"https:\/\/acelerapyme.depourense.es\/gl\/wp-json\/wp\/v2\/media?parent=88529"}],"curies":[{"name":"wp","href":"https:\/\/api.w.org\/{rel}","templated":true}]}}