{"id":88494,"date":"2023-01-29T13:58:48","date_gmt":"2023-01-29T12:58:48","guid":{"rendered":"https:\/\/acelerapyme.depourense.es\/recursos\/"},"modified":"2024-09-23T18:07:16","modified_gmt":"2024-09-23T16:07:16","slug":"recursos","status":"publish","type":"page","link":"https:\/\/acelerapyme.depourense.es\/gl\/recursos\/","title":{"rendered":"Recursos"},"content":{"rendered":"\t\t<div data-elementor-type=\"wp-page\" data-elementor-id=\"88494\" class=\"elementor elementor-88494 elementor-85946\" data-elementor-post-type=\"page\">\n\t\t\t\t\t\t<section class=\"elementor-section elementor-top-section elementor-element elementor-element-ee6f18e elementor-section-boxed elementor-section-height-default elementor-section-height-default\" data-id=\"ee6f18e\" data-element_type=\"section\" data-settings=\"{&quot;_ha_eqh_enable&quot;:false}\">\n\t\t\t\t\t\t<div class=\"elementor-container elementor-column-gap-wide\">\n\t\t\t\t\t<div class=\"elementor-column elementor-col-100 elementor-top-column elementor-element elementor-element-11c1fd5\" data-id=\"11c1fd5\" data-element_type=\"column\">\n\t\t\t<div class=\"elementor-widget-wrap elementor-element-populated\">\n\t\t\t\t\t\t<div class=\"elementor-element elementor-element-fd656c0 elementor-widget elementor-widget-heading\" data-id=\"fd656c0\" data-element_type=\"widget\" data-widget_type=\"heading.default\">\n\t\t\t\t<div class=\"elementor-widget-container\">\n\t\t\t<h3 class=\"elementor-heading-title elementor-size-default\">Recursos<\/h3>\t\t<\/div>\n\t\t\t\t<\/div>\n\t\t\t\t<div class=\"elementor-element elementor-element-0f1e01c elementor-widget__width-initial elementor-widget elementor-widget-text-editor\" data-id=\"0f1e01c\" data-element_type=\"widget\" data-widget_type=\"text-editor.default\">\n\t\t\t\t<div class=\"elementor-widget-container\">\n\t\t\t\t\t\t\t<p>Aqu\u00ed atopar\u00e1s artigos e recursos que che axudar\u00e1n a estar informado sobre Acelera SME e as posibilidades que pode ofrecer \u00e1 t\u00faa empresa e a adaptaci\u00f3n \u00e1s novas tecnolox\u00edas e procesos de innovaci\u00f3n.<\/p>\n\t\t\t\t\t\t<\/div>\n\t\t\t\t<\/div>\n\t\t\t\t\t<\/div>\n\t\t<\/div>\n\t\t\t\t\t<\/div>\n\t\t<\/section>\n\t\t\t\t<section class=\"elementor-section elementor-top-section elementor-element elementor-element-f2b952a elementor-section-boxed elementor-section-height-default elementor-section-height-default\" data-id=\"f2b952a\" data-element_type=\"section\" data-settings=\"{&quot;_ha_eqh_enable&quot;:false}\">\n\t\t\t\t\t\t<div class=\"elementor-container elementor-column-gap-wide\">\n\t\t\t\t\t<div class=\"elementor-column elementor-col-100 elementor-top-column elementor-element elementor-element-ca54c8c\" data-id=\"ca54c8c\" data-element_type=\"column\">\n\t\t\t<div class=\"elementor-widget-wrap elementor-element-populated\">\n\t\t\t\t\t\t<div class=\"elementor-element elementor-element-66fc76b elementor-widget elementor-widget-the7-taxonomy-filter\" data-id=\"66fc76b\" data-element_type=\"widget\" data-widget_type=\"the7-taxonomy-filter.default\">\n\t\t\t\t<div class=\"elementor-widget-container\">\n\t\t\t<div class=\"filter-decorations without-isotope filter filter-pointer-underline filter-animation-fade\"><div class=\"filter-categories\"><a href=\"\/gl\/wp-json\/wp\/v2\/pages\/88494\" class=\"show-all filter-item act\">Todos<\/a><a class=\"filter-item\" href=\"\/gl\/wp-json\/wp\/v2\/pages\/88494?taxonomy=category&#038;term=estrategia-e-cultura-dixital\" data-filter=\".category-273\">Estrategia e cultura dixital<\/a><a class=\"filter-item\" href=\"\/gl\/wp-json\/wp\/v2\/pages\/88494?taxonomy=category&#038;term=eventos-gl\" data-filter=\".category-272\">Eventos<\/a><a class=\"filter-item\" href=\"\/gl\/wp-json\/wp\/v2\/pages\/88494?taxonomy=category&#038;term=marketing-dixital\" data-filter=\".category-267\">Marketing dixital<\/a><a class=\"filter-item\" href=\"\/gl\/wp-json\/wp\/v2\/pages\/88494?taxonomy=category&#038;term=otros-gl\" data-filter=\".category-277\">Otros<\/a><a class=\"filter-item\" href=\"\/gl\/wp-json\/wp\/v2\/pages\/88494?taxonomy=category&#038;term=pilulas-tecnoloxicas\" data-filter=\".category-275\">P\u00edlulas tecnol\u00f3xicas<\/a><a class=\"filter-item\" href=\"\/gl\/wp-json\/wp\/v2\/pages\/88494?taxonomy=category&#038;term=relacion-co-cliente\" data-filter=\".category-276\">Relaci\u00f3n co cliente<\/a><a class=\"filter-item\" href=\"\/gl\/wp-json\/wp\/v2\/pages\/88494?taxonomy=category&#038;term=sin-categorizar\" data-filter=\".category-1\">Sin categorizar<\/a><\/div><\/div>\t\t<\/div>\n\t\t\t\t<\/div>\n\t\t\t\t<div class=\"elementor-element elementor-element-a194ea1 image-vertical-align-center img-align-mobile-top icon-box-vertical-align-center image-vertical-align-mobile-center img-align-left preserve-img-ratio-cover slide-h-position-left elementor-widget elementor-widget-the7-elements-simple-posts\" data-id=\"a194ea1\" data-element_type=\"widget\" data-widget_type=\"the7-elements-simple-posts.default\">\n\t\t\t\t<div class=\"elementor-widget-container\">\n\t\t\t<div class=\"the7-simple-widget-posts the7-elementor-widget the7-elements-simple-posts-a194ea1 jquery-filter jquery-filter\" data-post-limit=\"8\" data-pagination-mode=\"load-more\" data-scroll-offset=\"\">\t\t\t<div class=\"dt-css-grid custom-pagination-handler\" data-columns=\"{&quot;d&quot;:2,&quot;t&quot;:1,&quot;p&quot;:1,&quot;wd&quot;:&quot;&quot;}\">\n\t\t\t\t\t\t\t\t\t<div class=\"wf-cell visible \">\n\t\t\t\t\t\t<article class=\"post visible wrapper post-89137 type-post status-publish format-standard has-post-thumbnail hentry category-sin-categorizar category-1 description-off\">\n\n\t\t\t\t\t\t\t<div class=\"post-content-wrapper\">\n\t\t\t\t\t\t\t\t\t\t\t\t\t\t\t\t\t<div class=\"the7-simple-post-thumb\">\n\t\t\t\t\t\t\t\t\t\t<a class=\"post-thumbnail-rollover layzr-bg img-css-resize-wrapper\" aria-label=\"Post image\" href=\"https:\/\/acelerapyme.depourense.es\/gl\/taller-dixitalizacion-do-rural-31-marzo-en-maceda\/\"><img fetchpriority=\"high\" decoding=\"async\" width=\"1417\" height=\"1984\" src=\"data:image\/svg+xml,%3Csvg%20xmlns%3D&#039;http%3A%2F%2Fwww.w3.org%2F2000%2Fsvg&#039;%20viewBox%3D&#039;0%200%201417%201984&#039;%2F%3E\" class=\"attachment-full size-full preload-me aspect lazy lazy-load\" alt=\"\" style=\"--ratio: 1417 \/ 1984;\" data-src=\"https:\/\/acelerapyme.depourense.es\/wp-content\/uploads\/2025\/03\/cartel-formacion-acelerapyme-MAceda-31-04-e1743164012293.png\" loading=\"eager\" \/><span class=\"the7-hover-icon\"><svg xmlns=\"http:\/\/www.w3.org\/2000\/svg\" viewBox=\"0 0 24 24\" width=\"24\" height=\"24\"><path fill=\"none\" d=\"M0 0h24v24H0z\"><\/path><path d=\"M5 10c-1.1 0-2 .9-2 2s.9 2 2 2 2-.9 2-2-.9-2-2-2zm14 0c-1.1 0-2 .9-2 2s.9 2 2 2 2-.9 2-2-.9-2-2-2zm-7 0c-1.1 0-2 .9-2 2s.9 2 2 2 2-.9 2-2-.9-2-2-2z\"><\/path><\/svg><\/span><\/a>\t\t\t\t\t\t\t\t\t<\/div>\n\t\t\t\t\t\t\t\t\t\t\t\t\t\t\t\t<div class=\"post-entry-content\">\n\t\t\t\t\t\t\t\t\t<h5 class=\"heading\"><a href=\"https:\/\/acelerapyme.depourense.es\/gl\/taller-dixitalizacion-do-rural-31-marzo-en-maceda\/\" rel=\"bookmark\" title=\"Taller \u201cDixitalizaci\u00f3n do rural&#8221; 31 marzo en Maceda\" class=\"post-title\">Taller \u201cDixitalizaci\u00f3n do rural&#8221; 31 marzo en Maceda<\/a><\/h5><div class=\"entry-meta\"><span class=\"meta-item category-link\"><a href=\"https:\/\/acelerapyme.depourense.es\/gl\/category\/sin-categorizar\/\" rel=\"tag\">Sin categorizar<\/a><\/span><span class=\"meta-item data-link\"><time class=\"entry-date updated\" datetime=\"2025-03-28T13:13:44+01:00\">28 de Marzo de 2025<\/time><\/span><\/div>\t\t\t\t\t\t\t\t<\/div>\n\t\t\t\t\t\t\t<\/div>\n\t\t\t\t\t\t<\/article>\n\t\t\t\t\t<\/div>\t\t\t\t\t\t\t\t\t\t<div class=\"wf-cell visible \">\n\t\t\t\t\t\t<article class=\"post visible wrapper post-89130 type-post status-publish format-standard has-post-thumbnail hentry category-estrategia-e-cultura-dixital category-eventos-gl category-marketing-dixital category-relacion-co-cliente category-273 category-272 category-267 category-276 description-off\">\n\n\t\t\t\t\t\t\t<div class=\"post-content-wrapper\">\n\t\t\t\t\t\t\t\t\t\t\t\t\t\t\t\t\t<div class=\"the7-simple-post-thumb\">\n\t\t\t\t\t\t\t\t\t\t<a class=\"post-thumbnail-rollover layzr-bg img-css-resize-wrapper\" aria-label=\"Post image\" href=\"https:\/\/acelerapyme.depourense.es\/gl\/accion-dinamizadora-queres-una-transformacion-dixital-do-teu-negocio-en-sandias\/\"><img decoding=\"async\" width=\"1200\" height=\"1200\" src=\"data:image\/svg+xml,%3Csvg%20xmlns%3D&#039;http%3A%2F%2Fwww.w3.org%2F2000%2Fsvg&#039;%20viewBox%3D&#039;0%200%201200%201200&#039;%2F%3E\" class=\"attachment-full size-full preload-me aspect lazy lazy-load\" alt=\"\" style=\"--ratio: 1200 \/ 1200;\" data-src=\"https:\/\/acelerapyme.depourense.es\/wp-content\/uploads\/2025\/03\/CARTEL-ACCIONES-DINAMIZADORA-SANDIAS-1-1-e1743066790937.png\" loading=\"eager\" \/><span class=\"the7-hover-icon\"><svg xmlns=\"http:\/\/www.w3.org\/2000\/svg\" viewBox=\"0 0 24 24\" width=\"24\" height=\"24\"><path fill=\"none\" d=\"M0 0h24v24H0z\"><\/path><path d=\"M5 10c-1.1 0-2 .9-2 2s.9 2 2 2 2-.9 2-2-.9-2-2-2zm14 0c-1.1 0-2 .9-2 2s.9 2 2 2 2-.9 2-2-.9-2-2-2zm-7 0c-1.1 0-2 .9-2 2s.9 2 2 2 2-.9 2-2-.9-2-2-2z\"><\/path><\/svg><\/span><\/a>\t\t\t\t\t\t\t\t\t<\/div>\n\t\t\t\t\t\t\t\t\t\t\t\t\t\t\t\t<div class=\"post-entry-content\">\n\t\t\t\t\t\t\t\t\t<h5 class=\"heading\"><a href=\"https:\/\/acelerapyme.depourense.es\/gl\/accion-dinamizadora-queres-una-transformacion-dixital-do-teu-negocio-en-sandias\/\" rel=\"bookmark\" title=\"Acci\u00f3n Dinamizadora &#8220;\u00bfQueres una transformaci\u00f3n Dixital do teu negocio?&#8221; en Sandi\u00e1s\" class=\"post-title\">Acci\u00f3n Dinamizadora &#8220;\u00bfQueres una transformaci\u00f3n Dixital do teu negocio?&#8221; en Sandi\u00e1s<\/a><\/h5><div class=\"entry-meta\"><span class=\"meta-item category-link\"><a href=\"https:\/\/acelerapyme.depourense.es\/gl\/category\/estrategia-e-cultura-dixital\/\" rel=\"tag\">Estrategia e cultura dixital<\/a>, <a href=\"https:\/\/acelerapyme.depourense.es\/gl\/category\/eventos-gl\/\" rel=\"tag\">Eventos<\/a>, <a href=\"https:\/\/acelerapyme.depourense.es\/gl\/category\/marketing-dixital\/\" rel=\"tag\">Marketing dixital<\/a>, <a href=\"https:\/\/acelerapyme.depourense.es\/gl\/category\/relacion-co-cliente\/\" rel=\"tag\">Relaci\u00f3n co cliente<\/a><\/span><span class=\"meta-item data-link\"><time class=\"entry-date updated\" datetime=\"2025-03-27T10:13:24+01:00\">27 de Marzo de 2025<\/time><\/span><\/div>\t\t\t\t\t\t\t\t<\/div>\n\t\t\t\t\t\t\t<\/div>\n\t\t\t\t\t\t<\/article>\n\t\t\t\t\t<\/div>\t\t\t\t\t\t\t\t\t\t<div class=\"wf-cell visible \">\n\t\t\t\t\t\t<article class=\"post visible wrapper post-89090 type-post status-publish format-standard has-post-thumbnail hentry category-estrategia-e-cultura-dixital category-eventos-gl category-marketing-dixital category-relacion-co-cliente category-273 category-272 category-267 category-276 description-off\">\n\n\t\t\t\t\t\t\t<div class=\"post-content-wrapper\">\n\t\t\t\t\t\t\t\t\t\t\t\t\t\t\t\t\t<div class=\"the7-simple-post-thumb\">\n\t\t\t\t\t\t\t\t\t\t<a class=\"post-thumbnail-rollover layzr-bg img-css-resize-wrapper\" aria-label=\"Post image\" href=\"https:\/\/acelerapyme.depourense.es\/gl\/videoconferencia-factura-electronica-28-03-1630-hrs\/\"><img decoding=\"async\" width=\"1200\" height=\"1200\" src=\"data:image\/svg+xml,%3Csvg%20xmlns%3D&#039;http%3A%2F%2Fwww.w3.org%2F2000%2Fsvg&#039;%20viewBox%3D&#039;0%200%201200%201200&#039;%2F%3E\" class=\"attachment-full size-full preload-me aspect lazy lazy-load\" alt=\"\" style=\"--ratio: 1200 \/ 1200;\" data-src=\"https:\/\/acelerapyme.depourense.es\/wp-content\/uploads\/2025\/03\/viernes-28-DE-marzo-A-las-1630-hRS-e1742904944313.png\" loading=\"eager\" \/><span class=\"the7-hover-icon\"><svg xmlns=\"http:\/\/www.w3.org\/2000\/svg\" viewBox=\"0 0 24 24\" width=\"24\" height=\"24\"><path fill=\"none\" d=\"M0 0h24v24H0z\"><\/path><path d=\"M5 10c-1.1 0-2 .9-2 2s.9 2 2 2 2-.9 2-2-.9-2-2-2zm14 0c-1.1 0-2 .9-2 2s.9 2 2 2 2-.9 2-2-.9-2-2-2zm-7 0c-1.1 0-2 .9-2 2s.9 2 2 2 2-.9 2-2-.9-2-2-2z\"><\/path><\/svg><\/span><\/a>\t\t\t\t\t\t\t\t\t<\/div>\n\t\t\t\t\t\t\t\t\t\t\t\t\t\t\t\t<div class=\"post-entry-content\">\n\t\t\t\t\t\t\t\t\t<h5 class=\"heading\"><a href=\"https:\/\/acelerapyme.depourense.es\/gl\/videoconferencia-factura-electronica-28-03-1630-hrs\/\" rel=\"bookmark\" title=\"Videoconferencia Factura Electr\u00f3nica 28\/03 16:30 hrs\" class=\"post-title\">Videoconferencia Factura Electr\u00f3nica 28\/03 16:30 hrs<\/a><\/h5><div class=\"entry-meta\"><span class=\"meta-item category-link\"><a href=\"https:\/\/acelerapyme.depourense.es\/gl\/category\/estrategia-e-cultura-dixital\/\" rel=\"tag\">Estrategia e cultura dixital<\/a>, <a href=\"https:\/\/acelerapyme.depourense.es\/gl\/category\/eventos-gl\/\" rel=\"tag\">Eventos<\/a>, <a href=\"https:\/\/acelerapyme.depourense.es\/gl\/category\/marketing-dixital\/\" rel=\"tag\">Marketing dixital<\/a>, <a href=\"https:\/\/acelerapyme.depourense.es\/gl\/category\/relacion-co-cliente\/\" rel=\"tag\">Relaci\u00f3n co cliente<\/a><\/span><span class=\"meta-item data-link\"><time class=\"entry-date updated\" datetime=\"2025-03-25T13:16:01+01:00\">25 de Marzo de 2025<\/time><\/span><\/div>\t\t\t\t\t\t\t\t<\/div>\n\t\t\t\t\t\t\t<\/div>\n\t\t\t\t\t\t<\/article>\n\t\t\t\t\t<\/div>\t\t\t\t\t\t\t\t\t\t<div class=\"wf-cell visible \">\n\t\t\t\t\t\t<article class=\"post visible wrapper post-89094 type-post status-publish format-standard has-post-thumbnail hentry category-estrategia-e-cultura-dixital category-eventos-gl category-marketing-dixital category-relacion-co-cliente category-273 category-272 category-267 category-276 description-off\">\n\n\t\t\t\t\t\t\t<div class=\"post-content-wrapper\">\n\t\t\t\t\t\t\t\t\t\t\t\t\t\t\t\t\t<div class=\"the7-simple-post-thumb\">\n\t\t\t\t\t\t\t\t\t\t<a class=\"post-thumbnail-rollover layzr-bg img-css-resize-wrapper\" aria-label=\"Post image\" href=\"https:\/\/acelerapyme.depourense.es\/gl\/videoconferencia-transformacion-dixital-28-03-12-hrs\/\"><img decoding=\"async\" width=\"1200\" height=\"1200\" src=\"data:image\/svg+xml,%3Csvg%20xmlns%3D&#039;http%3A%2F%2Fwww.w3.org%2F2000%2Fsvg&#039;%20viewBox%3D&#039;0%200%201200%201200&#039;%2F%3E\" class=\"attachment-full size-full preload-me aspect lazy lazy-load\" alt=\"\" style=\"--ratio: 1200 \/ 1200;\" data-src=\"https:\/\/acelerapyme.depourense.es\/wp-content\/uploads\/2025\/03\/ACCIONES-DINAMIZADORA-VIDEOCONFERENCIA-KIT-DIGITAL-28-03-1-e1742904684580.png\" loading=\"eager\" \/><span class=\"the7-hover-icon\"><svg xmlns=\"http:\/\/www.w3.org\/2000\/svg\" viewBox=\"0 0 24 24\" width=\"24\" height=\"24\"><path fill=\"none\" d=\"M0 0h24v24H0z\"><\/path><path d=\"M5 10c-1.1 0-2 .9-2 2s.9 2 2 2 2-.9 2-2-.9-2-2-2zm14 0c-1.1 0-2 .9-2 2s.9 2 2 2 2-.9 2-2-.9-2-2-2zm-7 0c-1.1 0-2 .9-2 2s.9 2 2 2 2-.9 2-2-.9-2-2-2z\"><\/path><\/svg><\/span><\/a>\t\t\t\t\t\t\t\t\t<\/div>\n\t\t\t\t\t\t\t\t\t\t\t\t\t\t\t\t<div class=\"post-entry-content\">\n\t\t\t\t\t\t\t\t\t<h5 class=\"heading\"><a href=\"https:\/\/acelerapyme.depourense.es\/gl\/videoconferencia-transformacion-dixital-28-03-12-hrs\/\" rel=\"bookmark\" title=\"Videoconferencia Transformaci\u00f3n Dixital 28\/03 12 hrs\" class=\"post-title\">Videoconferencia Transformaci\u00f3n Dixital 28\/03 12 hrs<\/a><\/h5><div class=\"entry-meta\"><span class=\"meta-item category-link\"><a href=\"https:\/\/acelerapyme.depourense.es\/gl\/category\/estrategia-e-cultura-dixital\/\" rel=\"tag\">Estrategia e cultura dixital<\/a>, <a href=\"https:\/\/acelerapyme.depourense.es\/gl\/category\/eventos-gl\/\" rel=\"tag\">Eventos<\/a>, <a href=\"https:\/\/acelerapyme.depourense.es\/gl\/category\/marketing-dixital\/\" rel=\"tag\">Marketing dixital<\/a>, <a href=\"https:\/\/acelerapyme.depourense.es\/gl\/category\/relacion-co-cliente\/\" rel=\"tag\">Relaci\u00f3n co cliente<\/a><\/span><span class=\"meta-item data-link\"><time class=\"entry-date updated\" datetime=\"2025-03-25T13:12:36+01:00\">25 de Marzo de 2025<\/time><\/span><\/div>\t\t\t\t\t\t\t\t<\/div>\n\t\t\t\t\t\t\t<\/div>\n\t\t\t\t\t\t<\/article>\n\t\t\t\t\t<\/div>\t\t\t\t\t\t\t\t\t\t<div class=\"wf-cell visible \">\n\t\t\t\t\t\t<article class=\"post visible wrapper post-89096 type-post status-publish format-standard has-post-thumbnail hentry category-estrategia-e-cultura-dixital category-eventos-gl category-marketing-dixital category-pilulas-tecnoloxicas category-273 category-272 category-267 category-275 description-off\">\n\n\t\t\t\t\t\t\t<div class=\"post-content-wrapper\">\n\t\t\t\t\t\t\t\t\t\t\t\t\t\t\t\t\t<div class=\"the7-simple-post-thumb\">\n\t\t\t\t\t\t\t\t\t\t<a class=\"post-thumbnail-rollover layzr-bg img-css-resize-wrapper\" aria-label=\"Post image\" href=\"https:\/\/acelerapyme.depourense.es\/gl\/webinar-aprende-a-desenar-o-customer-journey-do-teu-negocio\/\"><img decoding=\"async\" width=\"900\" height=\"500\" src=\"data:image\/svg+xml,%3Csvg%20xmlns%3D&#039;http%3A%2F%2Fwww.w3.org%2F2000%2Fsvg&#039;%20viewBox%3D&#039;0%200%20900%20500&#039;%2F%3E\" class=\"attachment-full size-full preload-me aspect lazy lazy-load\" alt=\"\" style=\"--ratio: 900 \/ 500;\" data-src=\"https:\/\/acelerapyme.depourense.es\/wp-content\/uploads\/2025\/03\/red-es-logo-vector-e1741603552947.png\" loading=\"eager\" \/><span class=\"the7-hover-icon\"><svg xmlns=\"http:\/\/www.w3.org\/2000\/svg\" viewBox=\"0 0 24 24\" width=\"24\" height=\"24\"><path fill=\"none\" d=\"M0 0h24v24H0z\"><\/path><path d=\"M5 10c-1.1 0-2 .9-2 2s.9 2 2 2 2-.9 2-2-.9-2-2-2zm14 0c-1.1 0-2 .9-2 2s.9 2 2 2 2-.9 2-2-.9-2-2-2zm-7 0c-1.1 0-2 .9-2 2s.9 2 2 2 2-.9 2-2-.9-2-2-2z\"><\/path><\/svg><\/span><\/a>\t\t\t\t\t\t\t\t\t<\/div>\n\t\t\t\t\t\t\t\t\t\t\t\t\t\t\t\t<div class=\"post-entry-content\">\n\t\t\t\t\t\t\t\t\t<h5 class=\"heading\"><a href=\"https:\/\/acelerapyme.depourense.es\/gl\/webinar-aprende-a-desenar-o-customer-journey-do-teu-negocio\/\" rel=\"bookmark\" title=\"&#8220;Webinar &#8220;Aprende a dese\u00f1ar o Customer Journey do teu negocio&#8221;\" class=\"post-title\">&#8220;Webinar &#8220;Aprende a dese\u00f1ar o Customer Journey do teu negocio&#8221;<\/a><\/h5><div class=\"entry-meta\"><span class=\"meta-item category-link\"><a href=\"https:\/\/acelerapyme.depourense.es\/gl\/category\/estrategia-e-cultura-dixital\/\" rel=\"tag\">Estrategia e cultura dixital<\/a>, <a href=\"https:\/\/acelerapyme.depourense.es\/gl\/category\/eventos-gl\/\" rel=\"tag\">Eventos<\/a>, <a href=\"https:\/\/acelerapyme.depourense.es\/gl\/category\/marketing-dixital\/\" rel=\"tag\">Marketing dixital<\/a>, <a href=\"https:\/\/acelerapyme.depourense.es\/gl\/category\/pilulas-tecnoloxicas\/\" rel=\"tag\">P\u00edlulas tecnol\u00f3xicas<\/a><\/span><span class=\"meta-item data-link\"><time class=\"entry-date updated\" datetime=\"2025-03-10T11:46:23+01:00\">10 de Marzo de 2025<\/time><\/span><\/div>\t\t\t\t\t\t\t\t<\/div>\n\t\t\t\t\t\t\t<\/div>\n\t\t\t\t\t\t<\/article>\n\t\t\t\t\t<\/div>\t\t\t\t\t\t\t\t\t\t<div class=\"wf-cell visible \">\n\t\t\t\t\t\t<article class=\"post visible wrapper post-89069 type-post status-publish format-standard has-post-thumbnail hentry category-relacion-con-cliente category-257 description-off\">\n\n\t\t\t\t\t\t\t<div class=\"post-content-wrapper\">\n\t\t\t\t\t\t\t\t\t\t\t\t\t\t\t\t\t<div class=\"the7-simple-post-thumb\">\n\t\t\t\t\t\t\t\t\t\t<a class=\"post-thumbnail-rollover layzr-bg img-css-resize-wrapper\" aria-label=\"Post image\" href=\"https:\/\/acelerapyme.depourense.es\/gl\/o-vicepresidente-segundo-da-deputacion-participa-en-accion-da-oficina-itinerante\/\"><img decoding=\"async\" width=\"567\" height=\"378\" src=\"data:image\/svg+xml,%3Csvg%20xmlns%3D&#039;http%3A%2F%2Fwww.w3.org%2F2000%2Fsvg&#039;%20viewBox%3D&#039;0%200%20567%20378&#039;%2F%3E\" class=\"attachment-full size-full preload-me aspect lazy lazy-load\" alt=\"\" style=\"--ratio: 567 \/ 378;\" data-src=\"https:\/\/acelerapyme.depourense.es\/wp-content\/uploads\/2025\/02\/250225_acelerapyme_ribadavia_web-e1740556850703.jpg\" loading=\"eager\" \/><span class=\"the7-hover-icon\"><svg xmlns=\"http:\/\/www.w3.org\/2000\/svg\" viewBox=\"0 0 24 24\" width=\"24\" height=\"24\"><path fill=\"none\" d=\"M0 0h24v24H0z\"><\/path><path d=\"M5 10c-1.1 0-2 .9-2 2s.9 2 2 2 2-.9 2-2-.9-2-2-2zm14 0c-1.1 0-2 .9-2 2s.9 2 2 2 2-.9 2-2-.9-2-2-2zm-7 0c-1.1 0-2 .9-2 2s.9 2 2 2 2-.9 2-2-.9-2-2-2z\"><\/path><\/svg><\/span><\/a>\t\t\t\t\t\t\t\t\t<\/div>\n\t\t\t\t\t\t\t\t\t\t\t\t\t\t\t\t<div class=\"post-entry-content\">\n\t\t\t\t\t\t\t\t\t<h5 class=\"heading\"><a href=\"https:\/\/acelerapyme.depourense.es\/gl\/o-vicepresidente-segundo-da-deputacion-participa-en-accion-da-oficina-itinerante\/\" rel=\"bookmark\" title=\"O vicepresidente segundo da Deputaci\u00f3n participa en acci\u00f3n da oficina itinerante\" class=\"post-title\">O vicepresidente segundo da Deputaci\u00f3n participa en acci\u00f3n da oficina itinerante<\/a><\/h5><div class=\"entry-meta\"><span class=\"meta-item category-link\"><a href=\"https:\/\/acelerapyme.depourense.es\/category\/relacion-con-cliente\/\" rel=\"tag\">Relaci\u00f3n con el cliente<\/a><\/span><span class=\"meta-item data-link\"><time class=\"entry-date updated\" datetime=\"2025-02-26T09:01:37+01:00\">26 de Febreiro de 2025<\/time><\/span><\/div>\t\t\t\t\t\t\t\t<\/div>\n\t\t\t\t\t\t\t<\/div>\n\t\t\t\t\t\t<\/article>\n\t\t\t\t\t<\/div>\t\t\t\t\t\t\t\t\t\t<div class=\"wf-cell visible \">\n\t\t\t\t\t\t<article class=\"post visible wrapper post-88988 type-post status-publish format-standard has-post-thumbnail hentry category-estrategia-e-cultura-dixital category-eventos-gl category-relacion-co-cliente category-273 category-272 category-276 description-off\">\n\n\t\t\t\t\t\t\t<div class=\"post-content-wrapper\">\n\t\t\t\t\t\t\t\t\t\t\t\t\t\t\t\t\t<div class=\"the7-simple-post-thumb\">\n\t\t\t\t\t\t\t\t\t\t<a class=\"post-thumbnail-rollover layzr-bg img-css-resize-wrapper\" aria-label=\"Post image\" href=\"https:\/\/acelerapyme.depourense.es\/gl\/visita-de-deputado-de-medio-rural-na-voz-de-galicia\/\"><img decoding=\"async\" width=\"2560\" height=\"1149\" src=\"data:image\/svg+xml,%3Csvg%20xmlns%3D&#039;http%3A%2F%2Fwww.w3.org%2F2000%2Fsvg&#039;%20viewBox%3D&#039;0%200%202560%201149&#039;%2F%3E\" class=\"attachment-full size-full preload-me aspect lazy lazy-load\" alt=\"\" style=\"--ratio: 2560 \/ 1149;\" data-src=\"https:\/\/acelerapyme.depourense.es\/wp-content\/uploads\/2025\/02\/IMG_20250211_104406-scaled-e1739348751652.jpg\" loading=\"eager\" \/><span class=\"the7-hover-icon\"><svg xmlns=\"http:\/\/www.w3.org\/2000\/svg\" viewBox=\"0 0 24 24\" width=\"24\" height=\"24\"><path fill=\"none\" d=\"M0 0h24v24H0z\"><\/path><path d=\"M5 10c-1.1 0-2 .9-2 2s.9 2 2 2 2-.9 2-2-.9-2-2-2zm14 0c-1.1 0-2 .9-2 2s.9 2 2 2 2-.9 2-2-.9-2-2-2zm-7 0c-1.1 0-2 .9-2 2s.9 2 2 2 2-.9 2-2-.9-2-2-2z\"><\/path><\/svg><\/span><\/a>\t\t\t\t\t\t\t\t\t<\/div>\n\t\t\t\t\t\t\t\t\t\t\t\t\t\t\t\t<div class=\"post-entry-content\">\n\t\t\t\t\t\t\t\t\t<h5 class=\"heading\"><a href=\"https:\/\/acelerapyme.depourense.es\/gl\/visita-de-deputado-de-medio-rural-na-voz-de-galicia\/\" rel=\"bookmark\" title=\"Visita de Deputado de Medio Rural na Voz de Galicia\" class=\"post-title\">Visita de Deputado de Medio Rural na Voz de Galicia<\/a><\/h5><div class=\"entry-meta\"><span class=\"meta-item category-link\"><a href=\"https:\/\/acelerapyme.depourense.es\/gl\/category\/estrategia-e-cultura-dixital\/\" rel=\"tag\">Estrategia e cultura dixital<\/a>, <a href=\"https:\/\/acelerapyme.depourense.es\/gl\/category\/eventos-gl\/\" rel=\"tag\">Eventos<\/a>, <a href=\"https:\/\/acelerapyme.depourense.es\/gl\/category\/relacion-co-cliente\/\" rel=\"tag\">Relaci\u00f3n co cliente<\/a><\/span><span class=\"meta-item data-link\"><time class=\"entry-date updated\" datetime=\"2025-02-12T09:26:10+01:00\">12 de Febreiro de 2025<\/time><\/span><\/div>\t\t\t\t\t\t\t\t<\/div>\n\t\t\t\t\t\t\t<\/div>\n\t\t\t\t\t\t<\/article>\n\t\t\t\t\t<\/div>\t\t\t\t\t\t\t\t\t\t<div class=\"wf-cell visible \">\n\t\t\t\t\t\t<article class=\"post visible wrapper post-88990 type-post status-publish format-standard has-post-thumbnail hentry category-estrategia-e-cultura-dixital category-eventos-gl category-relacion-co-cliente category-sin-categorizar category-273 category-272 category-276 category-1 description-off\">\n\n\t\t\t\t\t\t\t<div class=\"post-content-wrapper\">\n\t\t\t\t\t\t\t\t\t\t\t\t\t\t\t\t\t<div class=\"the7-simple-post-thumb\">\n\t\t\t\t\t\t\t\t\t\t<a class=\"post-thumbnail-rollover layzr-bg img-css-resize-wrapper\" aria-label=\"Post image\" href=\"https:\/\/acelerapyme.depourense.es\/gl\/deputado-do-medio-rural-visita-oficina-itinerante-en-maceda\/\"><img decoding=\"async\" width=\"2560\" height=\"1149\" src=\"data:image\/svg+xml,%3Csvg%20xmlns%3D&#039;http%3A%2F%2Fwww.w3.org%2F2000%2Fsvg&#039;%20viewBox%3D&#039;0%200%202560%201149&#039;%2F%3E\" class=\"attachment-full size-full preload-me aspect lazy lazy-load\" alt=\"\" style=\"--ratio: 2560 \/ 1149;\" data-src=\"https:\/\/acelerapyme.depourense.es\/wp-content\/uploads\/2025\/02\/IMG_20250211_104447-scaled-e1739348308396.jpg\" loading=\"eager\" \/><span class=\"the7-hover-icon\"><svg xmlns=\"http:\/\/www.w3.org\/2000\/svg\" viewBox=\"0 0 24 24\" width=\"24\" height=\"24\"><path fill=\"none\" d=\"M0 0h24v24H0z\"><\/path><path d=\"M5 10c-1.1 0-2 .9-2 2s.9 2 2 2 2-.9 2-2-.9-2-2-2zm14 0c-1.1 0-2 .9-2 2s.9 2 2 2 2-.9 2-2-.9-2-2-2zm-7 0c-1.1 0-2 .9-2 2s.9 2 2 2 2-.9 2-2-.9-2-2-2z\"><\/path><\/svg><\/span><\/a>\t\t\t\t\t\t\t\t\t<\/div>\n\t\t\t\t\t\t\t\t\t\t\t\t\t\t\t\t<div class=\"post-entry-content\">\n\t\t\t\t\t\t\t\t\t<h5 class=\"heading\"><a href=\"https:\/\/acelerapyme.depourense.es\/gl\/deputado-do-medio-rural-visita-oficina-itinerante-en-maceda\/\" rel=\"bookmark\" title=\"Deputado do Medio Rural visita oficina itinerante en Maceda\" class=\"post-title\">Deputado do Medio Rural visita oficina itinerante en Maceda<\/a><\/h5><div class=\"entry-meta\"><span class=\"meta-item category-link\"><a href=\"https:\/\/acelerapyme.depourense.es\/gl\/category\/estrategia-e-cultura-dixital\/\" rel=\"tag\">Estrategia e cultura dixital<\/a>, <a href=\"https:\/\/acelerapyme.depourense.es\/gl\/category\/eventos-gl\/\" rel=\"tag\">Eventos<\/a>, <a href=\"https:\/\/acelerapyme.depourense.es\/gl\/category\/relacion-co-cliente\/\" rel=\"tag\">Relaci\u00f3n co cliente<\/a>, <a href=\"https:\/\/acelerapyme.depourense.es\/gl\/category\/sin-categorizar\/\" rel=\"tag\">Sin categorizar<\/a><\/span><span class=\"meta-item data-link\"><time class=\"entry-date updated\" datetime=\"2025-02-12T09:16:55+01:00\">12 de Febreiro de 2025<\/time><\/span><\/div>\t\t\t\t\t\t\t\t<\/div>\n\t\t\t\t\t\t\t<\/div>\n\t\t\t\t\t\t<\/article>\n\t\t\t\t\t<\/div>\t\t\t\t\t\t\t\t\t\t<div class=\"wf-cell hidden \">\n\t\t\t\t\t\t<article class=\"post visible wrapper post-88972 type-post status-publish format-standard has-post-thumbnail hentry category-sin-categorizar category-1 description-off\">\n\n\t\t\t\t\t\t\t<div class=\"post-content-wrapper\">\n\t\t\t\t\t\t\t\t\t\t\t\t\t\t\t\t\t<div class=\"the7-simple-post-thumb\">\n\t\t\t\t\t\t\t\t\t\t<a class=\"post-thumbnail-rollover layzr-bg img-css-resize-wrapper\" aria-label=\"Post image\" href=\"https:\/\/acelerapyme.depourense.es\/gl\/accion-dinamizadora-presentacion-do-proxecto-acelera-peme-certificado-dixital-no-concello-de-esgos\/\"><img decoding=\"async\" width=\"1417\" height=\"1984\" src=\"data:image\/svg+xml,%3Csvg%20xmlns%3D&#039;http%3A%2F%2Fwww.w3.org%2F2000%2Fsvg&#039;%20viewBox%3D&#039;0%200%201417%201984&#039;%2F%3E\" class=\"attachment-full size-full preload-me aspect lazy lazy-load\" alt=\"\" style=\"--ratio: 1417 \/ 1984;\" data-src=\"https:\/\/acelerapyme.depourense.es\/wp-content\/uploads\/2025\/02\/cartel-acelerapyme-ESGOS-e1738742028458.png\" loading=\"eager\" \/><span class=\"the7-hover-icon\"><svg xmlns=\"http:\/\/www.w3.org\/2000\/svg\" viewBox=\"0 0 24 24\" width=\"24\" height=\"24\"><path fill=\"none\" d=\"M0 0h24v24H0z\"><\/path><path d=\"M5 10c-1.1 0-2 .9-2 2s.9 2 2 2 2-.9 2-2-.9-2-2-2zm14 0c-1.1 0-2 .9-2 2s.9 2 2 2 2-.9 2-2-.9-2-2-2zm-7 0c-1.1 0-2 .9-2 2s.9 2 2 2 2-.9 2-2-.9-2-2-2z\"><\/path><\/svg><\/span><\/a>\t\t\t\t\t\t\t\t\t<\/div>\n\t\t\t\t\t\t\t\t\t\t\t\t\t\t\t\t<div class=\"post-entry-content\">\n\t\t\t\t\t\t\t\t\t<h5 class=\"heading\"><a href=\"https:\/\/acelerapyme.depourense.es\/gl\/accion-dinamizadora-presentacion-do-proxecto-acelera-peme-certificado-dixital-no-concello-de-esgos\/\" rel=\"bookmark\" title=\"Acci\u00f3n Dinamizadora \u201cPresentaci\u00f3n do Proxecto Acelera Peme\u201d \u2013 Certificado Dixital no concello de Esgos.\" class=\"post-title\">Acci\u00f3n Dinamizadora \u201cPresentaci\u00f3n do Proxecto Acelera Peme\u201d \u2013 Certificado Dixital no concello de Esgos.<\/a><\/h5><div class=\"entry-meta\"><span class=\"meta-item category-link\"><a href=\"https:\/\/acelerapyme.depourense.es\/gl\/category\/sin-categorizar\/\" rel=\"tag\">Sin categorizar<\/a><\/span><span class=\"meta-item data-link\"><time class=\"entry-date updated\" datetime=\"2025-02-05T08:54:11+01:00\">5 de Febreiro de 2025<\/time><\/span><\/div>\t\t\t\t\t\t\t\t<\/div>\n\t\t\t\t\t\t\t<\/div>\n\t\t\t\t\t\t<\/article>\n\t\t\t\t\t<\/div>\t\t\t\t\t\t\t\t\t\t<div class=\"wf-cell hidden \">\n\t\t\t\t\t\t<article class=\"post visible wrapper post-88948 type-post status-publish format-standard has-post-thumbnail hentry category-estrategia-e-cultura-dixital category-eventos-gl category-marketing-dixital category-otros-gl category-273 category-272 category-267 category-277 description-off\">\n\n\t\t\t\t\t\t\t<div class=\"post-content-wrapper\">\n\t\t\t\t\t\t\t\t\t\t\t\t\t\t\t\t\t<div class=\"the7-simple-post-thumb\">\n\t\t\t\t\t\t\t\t\t\t<a class=\"post-thumbnail-rollover layzr-bg img-css-resize-wrapper\" aria-label=\"Post image\" href=\"https:\/\/acelerapyme.depourense.es\/gl\/reportaxe-sobre-acelera-peme-ourense-en-canle-telemino\/\"><img decoding=\"async\" width=\"225\" height=\"225\" src=\"data:image\/svg+xml,%3Csvg%20xmlns%3D&#039;http%3A%2F%2Fwww.w3.org%2F2000%2Fsvg&#039;%20viewBox%3D&#039;0%200%20225%20225&#039;%2F%3E\" class=\"attachment-full size-full preload-me aspect lazy lazy-load\" alt=\"\" sizes=\"(max-width: 225px) 100vw, 225px\" style=\"--ratio: 225 \/ 225;\" data-src=\"https:\/\/acelerapyme.depourense.es\/wp-content\/uploads\/2025\/01\/telem-1.png\" loading=\"eager\" data-srcset=\"https:\/\/acelerapyme.depourense.es\/wp-content\/uploads\/2025\/01\/telem-1.png 225w, https:\/\/acelerapyme.depourense.es\/wp-content\/uploads\/2025\/01\/telem-1-150x150.png 150w\" \/><span class=\"the7-hover-icon\"><svg xmlns=\"http:\/\/www.w3.org\/2000\/svg\" viewBox=\"0 0 24 24\" width=\"24\" height=\"24\"><path fill=\"none\" d=\"M0 0h24v24H0z\"><\/path><path d=\"M5 10c-1.1 0-2 .9-2 2s.9 2 2 2 2-.9 2-2-.9-2-2-2zm14 0c-1.1 0-2 .9-2 2s.9 2 2 2 2-.9 2-2-.9-2-2-2zm-7 0c-1.1 0-2 .9-2 2s.9 2 2 2 2-.9 2-2-.9-2-2-2z\"><\/path><\/svg><\/span><\/a>\t\t\t\t\t\t\t\t\t<\/div>\n\t\t\t\t\t\t\t\t\t\t\t\t\t\t\t\t<div class=\"post-entry-content\">\n\t\t\t\t\t\t\t\t\t<h5 class=\"heading\"><a href=\"https:\/\/acelerapyme.depourense.es\/gl\/reportaxe-sobre-acelera-peme-ourense-en-canle-telemino\/\" rel=\"bookmark\" title=\"Reportaxe sobre Acelera Peme Ourense en canle Telemi\u00f1o\" class=\"post-title\">Reportaxe sobre Acelera Peme Ourense en canle Telemi\u00f1o<\/a><\/h5><div class=\"entry-meta\"><span class=\"meta-item category-link\"><a href=\"https:\/\/acelerapyme.depourense.es\/gl\/category\/estrategia-e-cultura-dixital\/\" rel=\"tag\">Estrategia e cultura dixital<\/a>, <a href=\"https:\/\/acelerapyme.depourense.es\/gl\/category\/eventos-gl\/\" rel=\"tag\">Eventos<\/a>, <a href=\"https:\/\/acelerapyme.depourense.es\/gl\/category\/marketing-dixital\/\" rel=\"tag\">Marketing dixital<\/a>, <a href=\"https:\/\/acelerapyme.depourense.es\/gl\/category\/otros-gl\/\" rel=\"tag\">Otros<\/a><\/span><span class=\"meta-item data-link\"><time class=\"entry-date updated\" datetime=\"2025-01-30T10:42:02+01:00\">30 de Xaneiro de 2025<\/time><\/span><\/div>\t\t\t\t\t\t\t\t<\/div>\n\t\t\t\t\t\t\t<\/div>\n\t\t\t\t\t\t<\/article>\n\t\t\t\t\t<\/div>\t\t\t\t\t\t\t\t\t\t<div class=\"wf-cell hidden \">\n\t\t\t\t\t\t<article class=\"post visible wrapper post-88926 type-post status-publish format-standard has-post-thumbnail hentry category-estrategia-e-cultura-dixital category-otros-gl category-273 category-277 description-off\">\n\n\t\t\t\t\t\t\t<div class=\"post-content-wrapper\">\n\t\t\t\t\t\t\t\t\t\t\t\t\t\t\t\t\t<div class=\"the7-simple-post-thumb\">\n\t\t\t\t\t\t\t\t\t\t<a class=\"post-thumbnail-rollover layzr-bg img-css-resize-wrapper\" aria-label=\"Post image\" href=\"https:\/\/acelerapyme.depourense.es\/gl\/acelera-pyme-ourense-na-prensa-rexional\/\"><img decoding=\"async\" width=\"1800\" height=\"1758\" src=\"data:image\/svg+xml,%3Csvg%20xmlns%3D&#039;http%3A%2F%2Fwww.w3.org%2F2000%2Fsvg&#039;%20viewBox%3D&#039;0%200%201800%201758&#039;%2F%3E\" class=\"attachment-full size-full preload-me aspect lazy lazy-load\" alt=\"\" style=\"--ratio: 1800 \/ 1758;\" data-src=\"https:\/\/acelerapyme.depourense.es\/wp-content\/uploads\/2025\/01\/20250129_183304-e1738227545442.jpg\" loading=\"eager\" \/><span class=\"the7-hover-icon\"><svg xmlns=\"http:\/\/www.w3.org\/2000\/svg\" viewBox=\"0 0 24 24\" width=\"24\" height=\"24\"><path fill=\"none\" d=\"M0 0h24v24H0z\"><\/path><path d=\"M5 10c-1.1 0-2 .9-2 2s.9 2 2 2 2-.9 2-2-.9-2-2-2zm14 0c-1.1 0-2 .9-2 2s.9 2 2 2 2-.9 2-2-.9-2-2-2zm-7 0c-1.1 0-2 .9-2 2s.9 2 2 2 2-.9 2-2-.9-2-2-2z\"><\/path><\/svg><\/span><\/a>\t\t\t\t\t\t\t\t\t<\/div>\n\t\t\t\t\t\t\t\t\t\t\t\t\t\t\t\t<div class=\"post-entry-content\">\n\t\t\t\t\t\t\t\t\t<h5 class=\"heading\"><a href=\"https:\/\/acelerapyme.depourense.es\/gl\/acelera-pyme-ourense-na-prensa-rexional\/\" rel=\"bookmark\" title=\"Acelera Pyme Ourense na prensa rexional\" class=\"post-title\">Acelera Pyme Ourense na prensa rexional<\/a><\/h5><div class=\"entry-meta\"><span class=\"meta-item category-link\"><a href=\"https:\/\/acelerapyme.depourense.es\/gl\/category\/estrategia-e-cultura-dixital\/\" rel=\"tag\">Estrategia e cultura dixital<\/a>, <a href=\"https:\/\/acelerapyme.depourense.es\/gl\/category\/otros-gl\/\" rel=\"tag\">Otros<\/a><\/span><span class=\"meta-item data-link\"><time class=\"entry-date updated\" datetime=\"2025-01-30T10:00:51+01:00\">30 de Xaneiro de 2025<\/time><\/span><\/div>\t\t\t\t\t\t\t\t<\/div>\n\t\t\t\t\t\t\t<\/div>\n\t\t\t\t\t\t<\/article>\n\t\t\t\t\t<\/div>\t\t\t\t\t\t\t\t\t\t<div class=\"wf-cell hidden \">\n\t\t\t\t\t\t<article class=\"post visible wrapper post-88914 type-post status-publish format-standard has-post-thumbnail hentry category-estrategia-e-cultura-dixital category-marketing-dixital category-relacion-co-cliente category-273 category-267 category-276 description-off\">\n\n\t\t\t\t\t\t\t<div class=\"post-content-wrapper\">\n\t\t\t\t\t\t\t\t\t\t\t\t\t\t\t\t\t<div class=\"the7-simple-post-thumb\">\n\t\t\t\t\t\t\t\t\t\t<a class=\"post-thumbnail-rollover layzr-bg img-css-resize-wrapper\" aria-label=\"Post image\" href=\"https:\/\/acelerapyme.depourense.es\/gl\/nova-factura-electronica\/\"><img decoding=\"async\" width=\"1280\" height=\"720\" src=\"data:image\/svg+xml,%3Csvg%20xmlns%3D&#039;http%3A%2F%2Fwww.w3.org%2F2000%2Fsvg&#039;%20viewBox%3D&#039;0%200%201280%20720&#039;%2F%3E\" class=\"attachment-full size-full preload-me aspect lazy lazy-load\" alt=\"\" style=\"--ratio: 1280 \/ 720;\" data-src=\"https:\/\/acelerapyme.depourense.es\/wp-content\/uploads\/2025\/01\/verifactu-e1736842753182.jpg\" loading=\"eager\" \/><span class=\"the7-hover-icon\"><svg xmlns=\"http:\/\/www.w3.org\/2000\/svg\" viewBox=\"0 0 24 24\" width=\"24\" height=\"24\"><path fill=\"none\" d=\"M0 0h24v24H0z\"><\/path><path d=\"M5 10c-1.1 0-2 .9-2 2s.9 2 2 2 2-.9 2-2-.9-2-2-2zm14 0c-1.1 0-2 .9-2 2s.9 2 2 2 2-.9 2-2-.9-2-2-2zm-7 0c-1.1 0-2 .9-2 2s.9 2 2 2 2-.9 2-2-.9-2-2-2z\"><\/path><\/svg><\/span><\/a>\t\t\t\t\t\t\t\t\t<\/div>\n\t\t\t\t\t\t\t\t\t\t\t\t\t\t\t\t<div class=\"post-entry-content\">\n\t\t\t\t\t\t\t\t\t<h5 class=\"heading\"><a href=\"https:\/\/acelerapyme.depourense.es\/gl\/nova-factura-electronica\/\" rel=\"bookmark\" title=\"Nova Factura electr\u00f3nica\" class=\"post-title\">Nova Factura electr\u00f3nica<\/a><\/h5><div class=\"entry-meta\"><span class=\"meta-item category-link\"><a href=\"https:\/\/acelerapyme.depourense.es\/gl\/category\/estrategia-e-cultura-dixital\/\" rel=\"tag\">Estrategia e cultura dixital<\/a>, <a href=\"https:\/\/acelerapyme.depourense.es\/gl\/category\/marketing-dixital\/\" rel=\"tag\">Marketing dixital<\/a>, <a href=\"https:\/\/acelerapyme.depourense.es\/gl\/category\/relacion-co-cliente\/\" rel=\"tag\">Relaci\u00f3n co cliente<\/a><\/span><span class=\"meta-item data-link\"><time class=\"entry-date updated\" datetime=\"2025-01-14T09:19:32+01:00\">14 de Xaneiro de 2025<\/time><\/span><\/div>\t\t\t\t\t\t\t\t<\/div>\n\t\t\t\t\t\t\t<\/div>\n\t\t\t\t\t\t<\/article>\n\t\t\t\t\t<\/div>\t\t\t\t\t\t\t\t\t\t<div class=\"wf-cell hidden \">\n\t\t\t\t\t\t<article class=\"post visible wrapper post-88885 type-post status-publish format-standard has-post-thumbnail hentry category-estrategia-e-cultura-dixital category-eventos-gl category-relacion-co-cliente category-273 category-272 category-276 description-off\">\n\n\t\t\t\t\t\t\t<div class=\"post-content-wrapper\">\n\t\t\t\t\t\t\t\t\t\t\t\t\t\t\t\t\t<div class=\"the7-simple-post-thumb\">\n\t\t\t\t\t\t\t\t\t\t<a class=\"post-thumbnail-rollover layzr-bg img-css-resize-wrapper\" aria-label=\"Post image\" href=\"https:\/\/acelerapyme.depourense.es\/gl\/oficina-itinerante-acelerou-en-ourense\/\"><img decoding=\"async\" width=\"2221\" height=\"1832\" src=\"data:image\/svg+xml,%3Csvg%20xmlns%3D&#039;http%3A%2F%2Fwww.w3.org%2F2000%2Fsvg&#039;%20viewBox%3D&#039;0%200%202221%201832&#039;%2F%3E\" class=\"attachment-full size-full preload-me aspect lazy lazy-load\" alt=\"\" style=\"--ratio: 2221 \/ 1832;\" data-src=\"https:\/\/acelerapyme.depourense.es\/wp-content\/uploads\/2024\/12\/1734077494939-e1734077551764.jpg\" loading=\"eager\" \/><span class=\"the7-hover-icon\"><svg xmlns=\"http:\/\/www.w3.org\/2000\/svg\" viewBox=\"0 0 24 24\" width=\"24\" height=\"24\"><path fill=\"none\" d=\"M0 0h24v24H0z\"><\/path><path d=\"M5 10c-1.1 0-2 .9-2 2s.9 2 2 2 2-.9 2-2-.9-2-2-2zm14 0c-1.1 0-2 .9-2 2s.9 2 2 2 2-.9 2-2-.9-2-2-2zm-7 0c-1.1 0-2 .9-2 2s.9 2 2 2 2-.9 2-2-.9-2-2-2z\"><\/path><\/svg><\/span><\/a>\t\t\t\t\t\t\t\t\t<\/div>\n\t\t\t\t\t\t\t\t\t\t\t\t\t\t\t\t<div class=\"post-entry-content\">\n\t\t\t\t\t\t\t\t\t<h5 class=\"heading\"><a href=\"https:\/\/acelerapyme.depourense.es\/gl\/oficina-itinerante-acelerou-en-ourense\/\" rel=\"bookmark\" title=\"Oficina Itinerante Acelerou en Ourense\" class=\"post-title\">Oficina Itinerante Acelerou en Ourense<\/a><\/h5><div class=\"entry-meta\"><span class=\"meta-item category-link\"><a href=\"https:\/\/acelerapyme.depourense.es\/gl\/category\/estrategia-e-cultura-dixital\/\" rel=\"tag\">Estrategia e cultura dixital<\/a>, <a href=\"https:\/\/acelerapyme.depourense.es\/gl\/category\/eventos-gl\/\" rel=\"tag\">Eventos<\/a>, <a href=\"https:\/\/acelerapyme.depourense.es\/gl\/category\/relacion-co-cliente\/\" rel=\"tag\">Relaci\u00f3n co cliente<\/a><\/span><span class=\"meta-item data-link\"><time class=\"entry-date updated\" datetime=\"2024-12-13T09:12:45+01:00\">13 de Decembro de 2024<\/time><\/span><\/div>\t\t\t\t\t\t\t\t<\/div>\n\t\t\t\t\t\t\t<\/div>\n\t\t\t\t\t\t<\/article>\n\t\t\t\t\t<\/div>\t\t\t\t\t\t\t\t\t\t<div class=\"wf-cell hidden \">\n\t\t\t\t\t\t<article class=\"post visible wrapper post-88864 type-post status-publish format-standard has-post-thumbnail hentry category-estrategia-e-cultura-dixital category-eventos-gl category-marketing-dixital category-273 category-272 category-267 description-off\">\n\n\t\t\t\t\t\t\t<div class=\"post-content-wrapper\">\n\t\t\t\t\t\t\t\t\t\t\t\t\t\t\t\t\t<div class=\"the7-simple-post-thumb\">\n\t\t\t\t\t\t\t\t\t\t<a class=\"post-thumbnail-rollover layzr-bg img-css-resize-wrapper\" aria-label=\"Post image\" href=\"https:\/\/acelerapyme.depourense.es\/gl\/proxecto-acelerou-en-evento-de-executivas-de-galicia\/\"><img decoding=\"async\" width=\"2560\" height=\"1149\" src=\"data:image\/svg+xml,%3Csvg%20xmlns%3D&#039;http%3A%2F%2Fwww.w3.org%2F2000%2Fsvg&#039;%20viewBox%3D&#039;0%200%202560%201149&#039;%2F%3E\" class=\"attachment-full size-full preload-me aspect lazy lazy-load\" alt=\"\" style=\"--ratio: 2560 \/ 1149;\" data-src=\"https:\/\/acelerapyme.depourense.es\/wp-content\/uploads\/2024\/12\/1733914321872-scaled-e1733914880689.jpg\" loading=\"eager\" \/><span class=\"the7-hover-icon\"><svg xmlns=\"http:\/\/www.w3.org\/2000\/svg\" viewBox=\"0 0 24 24\" width=\"24\" height=\"24\"><path fill=\"none\" d=\"M0 0h24v24H0z\"><\/path><path d=\"M5 10c-1.1 0-2 .9-2 2s.9 2 2 2 2-.9 2-2-.9-2-2-2zm14 0c-1.1 0-2 .9-2 2s.9 2 2 2 2-.9 2-2-.9-2-2-2zm-7 0c-1.1 0-2 .9-2 2s.9 2 2 2 2-.9 2-2-.9-2-2-2z\"><\/path><\/svg><\/span><\/a>\t\t\t\t\t\t\t\t\t<\/div>\n\t\t\t\t\t\t\t\t\t\t\t\t\t\t\t\t<div class=\"post-entry-content\">\n\t\t\t\t\t\t\t\t\t<h5 class=\"heading\"><a href=\"https:\/\/acelerapyme.depourense.es\/gl\/proxecto-acelerou-en-evento-de-executivas-de-galicia\/\" rel=\"bookmark\" title=\"Proxecto Acelerou en evento de Executivas de Galicia\" class=\"post-title\">Proxecto Acelerou en evento de Executivas de Galicia<\/a><\/h5><div class=\"entry-meta\"><span class=\"meta-item category-link\"><a href=\"https:\/\/acelerapyme.depourense.es\/gl\/category\/estrategia-e-cultura-dixital\/\" rel=\"tag\">Estrategia e cultura dixital<\/a>, <a href=\"https:\/\/acelerapyme.depourense.es\/gl\/category\/eventos-gl\/\" rel=\"tag\">Eventos<\/a>, <a href=\"https:\/\/acelerapyme.depourense.es\/gl\/category\/marketing-dixital\/\" rel=\"tag\">Marketing dixital<\/a><\/span><span class=\"meta-item data-link\"><time class=\"entry-date updated\" datetime=\"2024-12-11T11:56:43+01:00\">11 de Decembro de 2024<\/time><\/span><\/div>\t\t\t\t\t\t\t\t<\/div>\n\t\t\t\t\t\t\t<\/div>\n\t\t\t\t\t\t<\/article>\n\t\t\t\t\t<\/div>\t\t\t\t\t\t\t\t\t\t<div class=\"wf-cell hidden \">\n\t\t\t\t\t\t<article class=\"post visible wrapper post-88852 type-post status-publish format-standard has-post-thumbnail hentry category-estrategia-y-cultura-digital category-255 description-off\">\n\n\t\t\t\t\t\t\t<div class=\"post-content-wrapper\">\n\t\t\t\t\t\t\t\t\t\t\t\t\t\t\t\t\t<div class=\"the7-simple-post-thumb\">\n\t\t\t\t\t\t\t\t\t\t<a class=\"post-thumbnail-rollover layzr-bg img-css-resize-wrapper\" aria-label=\"Post image\" href=\"https:\/\/acelerapyme.depourense.es\/gl\/webinars-acelerapyme\/\"><img decoding=\"async\" width=\"311\" height=\"162\" src=\"data:image\/svg+xml,%3Csvg%20xmlns%3D&#039;http%3A%2F%2Fwww.w3.org%2F2000%2Fsvg&#039;%20viewBox%3D&#039;0%200%20311%20162&#039;%2F%3E\" class=\"attachment-full size-full preload-me aspect lazy lazy-load\" alt=\"\" style=\"--ratio: 311 \/ 162;\" data-src=\"https:\/\/acelerapyme.depourense.es\/wp-content\/uploads\/2024\/12\/descarga-e1733909875535.png\" loading=\"eager\" \/><span class=\"the7-hover-icon\"><svg xmlns=\"http:\/\/www.w3.org\/2000\/svg\" viewBox=\"0 0 24 24\" width=\"24\" height=\"24\"><path fill=\"none\" d=\"M0 0h24v24H0z\"><\/path><path d=\"M5 10c-1.1 0-2 .9-2 2s.9 2 2 2 2-.9 2-2-.9-2-2-2zm14 0c-1.1 0-2 .9-2 2s.9 2 2 2 2-.9 2-2-.9-2-2-2zm-7 0c-1.1 0-2 .9-2 2s.9 2 2 2 2-.9 2-2-.9-2-2-2z\"><\/path><\/svg><\/span><\/a>\t\t\t\t\t\t\t\t\t<\/div>\n\t\t\t\t\t\t\t\t\t\t\t\t\t\t\t\t<div class=\"post-entry-content\">\n\t\t\t\t\t\t\t\t\t<h5 class=\"heading\"><a href=\"https:\/\/acelerapyme.depourense.es\/gl\/webinars-acelerapyme\/\" rel=\"bookmark\" title=\"Webinars AceleraPyme\" class=\"post-title\">Webinars AceleraPyme<\/a><\/h5><div class=\"entry-meta\"><span class=\"meta-item category-link\"><a href=\"https:\/\/acelerapyme.depourense.es\/category\/estrategia-y-cultura-digital\/\" rel=\"tag\">Estrategia y cultura digital<\/a><\/span><span class=\"meta-item data-link\"><time class=\"entry-date updated\" datetime=\"2024-12-11T10:38:12+01:00\">11 de Decembro de 2024<\/time><\/span><\/div>\t\t\t\t\t\t\t\t<\/div>\n\t\t\t\t\t\t\t<\/div>\n\t\t\t\t\t\t<\/article>\n\t\t\t\t\t<\/div>\t\t\t\t\t\t\t\t\t\t<div class=\"wf-cell hidden \">\n\t\t\t\t\t\t<article class=\"post visible wrapper post-88837 type-post status-publish format-standard has-post-thumbnail hentry category-estrategia-e-cultura-dixital category-estrategia-y-cultura-digital category-273 category-255 description-off\">\n\n\t\t\t\t\t\t\t<div class=\"post-content-wrapper\">\n\t\t\t\t\t\t\t\t\t\t\t\t\t\t\t\t\t<div class=\"the7-simple-post-thumb\">\n\t\t\t\t\t\t\t\t\t\t<a class=\"post-thumbnail-rollover layzr-bg img-css-resize-wrapper\" aria-label=\"Post image\" href=\"https:\/\/acelerapyme.depourense.es\/gl\/nova-convocatoria-de-kit-dixital-dirixida-a-medianas-empresas\/\"><img decoding=\"async\" width=\"1112\" height=\"637\" src=\"data:image\/svg+xml,%3Csvg%20xmlns%3D&#039;http%3A%2F%2Fwww.w3.org%2F2000%2Fsvg&#039;%20viewBox%3D&#039;0%200%201112%20637&#039;%2F%3E\" class=\"attachment-full size-full preload-me aspect lazy lazy-load\" alt=\"\" style=\"--ratio: 1112 \/ 637;\" data-src=\"https:\/\/acelerapyme.depourense.es\/wp-content\/uploads\/2024\/12\/Portada_KIT-DIGITAL-1-e1733909971203.jpg\" loading=\"eager\" \/><span class=\"the7-hover-icon\"><svg xmlns=\"http:\/\/www.w3.org\/2000\/svg\" viewBox=\"0 0 24 24\" width=\"24\" height=\"24\"><path fill=\"none\" d=\"M0 0h24v24H0z\"><\/path><path d=\"M5 10c-1.1 0-2 .9-2 2s.9 2 2 2 2-.9 2-2-.9-2-2-2zm14 0c-1.1 0-2 .9-2 2s.9 2 2 2 2-.9 2-2-.9-2-2-2zm-7 0c-1.1 0-2 .9-2 2s.9 2 2 2 2-.9 2-2-.9-2-2-2z\"><\/path><\/svg><\/span><\/a>\t\t\t\t\t\t\t\t\t<\/div>\n\t\t\t\t\t\t\t\t\t\t\t\t\t\t\t\t<div class=\"post-entry-content\">\n\t\t\t\t\t\t\t\t\t<h5 class=\"heading\"><a href=\"https:\/\/acelerapyme.depourense.es\/gl\/nova-convocatoria-de-kit-dixital-dirixida-a-medianas-empresas\/\" rel=\"bookmark\" title=\"Nova convocatoria de Kit Dixital dirixida a medianas empresas\" class=\"post-title\">Nova convocatoria de Kit Dixital dirixida a medianas empresas<\/a><\/h5><div class=\"entry-meta\"><span class=\"meta-item category-link\"><a href=\"https:\/\/acelerapyme.depourense.es\/gl\/category\/estrategia-e-cultura-dixital\/\" rel=\"tag\">Estrategia e cultura dixital<\/a>, <a href=\"https:\/\/acelerapyme.depourense.es\/category\/estrategia-y-cultura-digital\/\" rel=\"tag\">Estrategia y cultura digital<\/a><\/span><span class=\"meta-item data-link\"><time class=\"entry-date updated\" datetime=\"2024-12-09T12:59:34+01:00\">9 de Decembro de 2024<\/time><\/span><\/div>\t\t\t\t\t\t\t\t<\/div>\n\t\t\t\t\t\t\t<\/div>\n\t\t\t\t\t\t<\/article>\n\t\t\t\t\t<\/div>\t\t\t\t\t\t\t\t\t\t<div class=\"wf-cell hidden \">\n\t\t\t\t\t\t<article class=\"post visible wrapper post-88821 type-post status-publish format-standard has-post-thumbnail hentry category-estrategia-y-cultura-digital category-255 description-off\">\n\n\t\t\t\t\t\t\t<div class=\"post-content-wrapper\">\n\t\t\t\t\t\t\t\t\t\t\t\t\t\t\t\t\t<div class=\"the7-simple-post-thumb\">\n\t\t\t\t\t\t\t\t\t\t<a class=\"post-thumbnail-rollover layzr-bg img-css-resize-wrapper\" aria-label=\"Post image\" href=\"https:\/\/acelerapyme.depourense.es\/gl\/accion-dinamizadora-presentacion-proxecto-acelera-pyme-certificado-digital-no-concello-de-a-merca\/\"><img decoding=\"async\" width=\"640\" height=\"662\" src=\"data:image\/svg+xml,%3Csvg%20xmlns%3D&#039;http%3A%2F%2Fwww.w3.org%2F2000%2Fsvg&#039;%20viewBox%3D&#039;0%200%20640%20662&#039;%2F%3E\" class=\"attachment-full size-full preload-me aspect lazy lazy-load\" alt=\"\" style=\"--ratio: 640 \/ 662;\" data-src=\"https:\/\/acelerapyme.depourense.es\/wp-content\/uploads\/2024\/12\/Sin-titulo7-e1733307129680.png\" loading=\"eager\" \/><span class=\"the7-hover-icon\"><svg xmlns=\"http:\/\/www.w3.org\/2000\/svg\" viewBox=\"0 0 24 24\" width=\"24\" height=\"24\"><path fill=\"none\" d=\"M0 0h24v24H0z\"><\/path><path d=\"M5 10c-1.1 0-2 .9-2 2s.9 2 2 2 2-.9 2-2-.9-2-2-2zm14 0c-1.1 0-2 .9-2 2s.9 2 2 2 2-.9 2-2-.9-2-2-2zm-7 0c-1.1 0-2 .9-2 2s.9 2 2 2 2-.9 2-2-.9-2-2-2z\"><\/path><\/svg><\/span><\/a>\t\t\t\t\t\t\t\t\t<\/div>\n\t\t\t\t\t\t\t\t\t\t\t\t\t\t\t\t<div class=\"post-entry-content\">\n\t\t\t\t\t\t\t\t\t<h5 class=\"heading\"><a href=\"https:\/\/acelerapyme.depourense.es\/gl\/accion-dinamizadora-presentacion-proxecto-acelera-pyme-certificado-digital-no-concello-de-a-merca\/\" rel=\"bookmark\" title=\"Acci\u00f3n Dinamizadora \u201cPresentaci\u00f3n Proxecto Acelera Pyme\u201d\/Certificado Digital no concello de A Merca\" class=\"post-title\">Acci\u00f3n Dinamizadora \u201cPresentaci\u00f3n Proxecto Acelera Pyme\u201d\/Certificado Digital no concello de A Merca<\/a><\/h5><div class=\"entry-meta\"><span class=\"meta-item category-link\"><a href=\"https:\/\/acelerapyme.depourense.es\/category\/estrategia-y-cultura-digital\/\" rel=\"tag\">Estrategia y cultura digital<\/a><\/span><span class=\"meta-item data-link\"><time class=\"entry-date updated\" datetime=\"2024-12-04T11:12:39+01:00\">4 de Decembro de 2024<\/time><\/span><\/div>\t\t\t\t\t\t\t\t<\/div>\n\t\t\t\t\t\t\t<\/div>\n\t\t\t\t\t\t<\/article>\n\t\t\t\t\t<\/div>\t\t\t\t\t\t\t\t\t\t<div class=\"wf-cell hidden \">\n\t\t\t\t\t\t<article class=\"post visible wrapper post-88803 type-post status-publish format-standard has-post-thumbnail hentry category-estrategia-y-cultura-digital category-255 description-off\">\n\n\t\t\t\t\t\t\t<div class=\"post-content-wrapper\">\n\t\t\t\t\t\t\t\t\t\t\t\t\t\t\t\t\t<div class=\"the7-simple-post-thumb\">\n\t\t\t\t\t\t\t\t\t\t<a class=\"post-thumbnail-rollover layzr-bg img-css-resize-wrapper\" aria-label=\"Post image\" href=\"https:\/\/acelerapyme.depourense.es\/gl\/taller-charla-servizos-financeiros-26-11-1130-ourense\/\"><img decoding=\"async\" width=\"1600\" height=\"2000\" src=\"data:image\/svg+xml,%3Csvg%20xmlns%3D&#039;http%3A%2F%2Fwww.w3.org%2F2000%2Fsvg&#039;%20viewBox%3D&#039;0%200%201600%202000&#039;%2F%3E\" class=\"attachment-full size-full preload-me aspect lazy lazy-load\" alt=\"\" style=\"--ratio: 1600 \/ 2000;\" data-src=\"https:\/\/acelerapyme.depourense.es\/wp-content\/uploads\/2024\/11\/CARTEL-PRESENTACION-PROVIVIENDA-e1732522592455.png\" loading=\"eager\" \/><span class=\"the7-hover-icon\"><svg xmlns=\"http:\/\/www.w3.org\/2000\/svg\" viewBox=\"0 0 24 24\" width=\"24\" height=\"24\"><path fill=\"none\" d=\"M0 0h24v24H0z\"><\/path><path d=\"M5 10c-1.1 0-2 .9-2 2s.9 2 2 2 2-.9 2-2-.9-2-2-2zm14 0c-1.1 0-2 .9-2 2s.9 2 2 2 2-.9 2-2-.9-2-2-2zm-7 0c-1.1 0-2 .9-2 2s.9 2 2 2 2-.9 2-2-.9-2-2-2z\"><\/path><\/svg><\/span><\/a>\t\t\t\t\t\t\t\t\t<\/div>\n\t\t\t\t\t\t\t\t\t\t\t\t\t\t\t\t<div class=\"post-entry-content\">\n\t\t\t\t\t\t\t\t\t<h5 class=\"heading\"><a href=\"https:\/\/acelerapyme.depourense.es\/gl\/taller-charla-servizos-financeiros-26-11-1130-ourense\/\" rel=\"bookmark\" title=\"Taller-Charla &#8220;Servizos Financeiros&#8221; 26\/11 11:30 Ourense\" class=\"post-title\">Taller-Charla &#8220;Servizos Financeiros&#8221; 26\/11 11:30 Ourense<\/a><\/h5><div class=\"entry-meta\"><span class=\"meta-item category-link\"><a href=\"https:\/\/acelerapyme.depourense.es\/category\/estrategia-y-cultura-digital\/\" rel=\"tag\">Estrategia y cultura digital<\/a><\/span><span class=\"meta-item data-link\"><time class=\"entry-date updated\" datetime=\"2024-11-25T09:16:43+01:00\">25 de Novembro de 2024<\/time><\/span><\/div>\t\t\t\t\t\t\t\t<\/div>\n\t\t\t\t\t\t\t<\/div>\n\t\t\t\t\t\t<\/article>\n\t\t\t\t\t<\/div>\t\t\t\t\t\t\t\t\t\t<div class=\"wf-cell hidden \">\n\t\t\t\t\t\t<article class=\"post visible wrapper post-88797 type-post status-publish format-standard has-post-thumbnail hentry category-estrategia-e-cultura-dixital category-eventos-gl category-273 category-272 description-off\">\n\n\t\t\t\t\t\t\t<div class=\"post-content-wrapper\">\n\t\t\t\t\t\t\t\t\t\t\t\t\t\t\t\t\t<div class=\"the7-simple-post-thumb\">\n\t\t\t\t\t\t\t\t\t\t<a class=\"post-thumbnail-rollover layzr-bg img-css-resize-wrapper\" aria-label=\"Post image\" href=\"https:\/\/acelerapyme.depourense.es\/gl\/accion-dinamizadora-presentacion-do-proxecto-acelera-pyme-certificado-dixital\/\"><img decoding=\"async\" width=\"640\" height=\"609\" src=\"data:image\/svg+xml,%3Csvg%20xmlns%3D&#039;http%3A%2F%2Fwww.w3.org%2F2000%2Fsvg&#039;%20viewBox%3D&#039;0%200%20640%20609&#039;%2F%3E\" class=\"attachment-full size-full preload-me aspect lazy lazy-load\" alt=\"\" style=\"--ratio: 640 \/ 609;\" data-src=\"https:\/\/acelerapyme.depourense.es\/wp-content\/uploads\/2024\/11\/quintela-e1732275652987.png\" loading=\"eager\" \/><span class=\"the7-hover-icon\"><svg xmlns=\"http:\/\/www.w3.org\/2000\/svg\" viewBox=\"0 0 24 24\" width=\"24\" height=\"24\"><path fill=\"none\" d=\"M0 0h24v24H0z\"><\/path><path d=\"M5 10c-1.1 0-2 .9-2 2s.9 2 2 2 2-.9 2-2-.9-2-2-2zm14 0c-1.1 0-2 .9-2 2s.9 2 2 2 2-.9 2-2-.9-2-2-2zm-7 0c-1.1 0-2 .9-2 2s.9 2 2 2 2-.9 2-2-.9-2-2-2z\"><\/path><\/svg><\/span><\/a>\t\t\t\t\t\t\t\t\t<\/div>\n\t\t\t\t\t\t\t\t\t\t\t\t\t\t\t\t<div class=\"post-entry-content\">\n\t\t\t\t\t\t\t\t\t<h5 class=\"heading\"><a href=\"https:\/\/acelerapyme.depourense.es\/gl\/accion-dinamizadora-presentacion-do-proxecto-acelera-pyme-certificado-dixital\/\" rel=\"bookmark\" title=\"Acci\u00f3n Dinamizadora &#8220;Presentaci\u00f3n do Proxecto Acelera Pyme&#8221;\/Certificado Dixital\" class=\"post-title\">Acci\u00f3n Dinamizadora &#8220;Presentaci\u00f3n do Proxecto Acelera Pyme&#8221;\/Certificado Dixital<\/a><\/h5><div class=\"entry-meta\"><span class=\"meta-item category-link\"><a href=\"https:\/\/acelerapyme.depourense.es\/gl\/category\/estrategia-e-cultura-dixital\/\" rel=\"tag\">Estrategia e cultura dixital<\/a>, <a href=\"https:\/\/acelerapyme.depourense.es\/gl\/category\/eventos-gl\/\" rel=\"tag\">Eventos<\/a><\/span><span class=\"meta-item data-link\"><time class=\"entry-date updated\" datetime=\"2024-11-22T12:41:17+01:00\">22 de Novembro de 2024<\/time><\/span><\/div>\t\t\t\t\t\t\t\t<\/div>\n\t\t\t\t\t\t\t<\/div>\n\t\t\t\t\t\t<\/article>\n\t\t\t\t\t<\/div>\t\t\t\t\t\t\t\t\t\t<div class=\"wf-cell hidden \">\n\t\t\t\t\t\t<article class=\"post visible wrapper post-88765 type-post status-publish format-standard has-post-thumbnail hentry category-eventos-gl category-272 description-off\">\n\n\t\t\t\t\t\t\t<div class=\"post-content-wrapper\">\n\t\t\t\t\t\t\t\t\t\t\t\t\t\t\t\t\t<div class=\"the7-simple-post-thumb\">\n\t\t\t\t\t\t\t\t\t\t<a class=\"post-thumbnail-rollover layzr-bg img-css-resize-wrapper\" aria-label=\"Post image\" href=\"https:\/\/acelerapyme.depourense.es\/gl\/taller-acelerapyme-en-monterrei-25-11-1200\/\"><img decoding=\"async\" width=\"640\" height=\"620\" src=\"data:image\/svg+xml,%3Csvg%20xmlns%3D&#039;http%3A%2F%2Fwww.w3.org%2F2000%2Fsvg&#039;%20viewBox%3D&#039;0%200%20640%20620&#039;%2F%3E\" class=\"attachment-full size-full preload-me aspect lazy lazy-load\" alt=\"\" style=\"--ratio: 640 \/ 620;\" data-src=\"https:\/\/acelerapyme.depourense.es\/wp-content\/uploads\/2024\/11\/Sin-titulo-e1731583867446.png\" loading=\"eager\" \/><span class=\"the7-hover-icon\"><svg xmlns=\"http:\/\/www.w3.org\/2000\/svg\" viewBox=\"0 0 24 24\" width=\"24\" height=\"24\"><path fill=\"none\" d=\"M0 0h24v24H0z\"><\/path><path d=\"M5 10c-1.1 0-2 .9-2 2s.9 2 2 2 2-.9 2-2-.9-2-2-2zm14 0c-1.1 0-2 .9-2 2s.9 2 2 2 2-.9 2-2-.9-2-2-2zm-7 0c-1.1 0-2 .9-2 2s.9 2 2 2 2-.9 2-2-.9-2-2-2z\"><\/path><\/svg><\/span><\/a>\t\t\t\t\t\t\t\t\t<\/div>\n\t\t\t\t\t\t\t\t\t\t\t\t\t\t\t\t<div class=\"post-entry-content\">\n\t\t\t\t\t\t\t\t\t<h5 class=\"heading\"><a href=\"https:\/\/acelerapyme.depourense.es\/gl\/taller-acelerapyme-en-monterrei-25-11-1200\/\" rel=\"bookmark\" title=\"Taller AceleraPyme en Monterrei 25\/11 12:00\" class=\"post-title\">Taller AceleraPyme en Monterrei 25\/11 12:00<\/a><\/h5><div class=\"entry-meta\"><span class=\"meta-item category-link\"><a href=\"https:\/\/acelerapyme.depourense.es\/gl\/category\/eventos-gl\/\" rel=\"tag\">Eventos<\/a><\/span><span class=\"meta-item data-link\"><time class=\"entry-date updated\" datetime=\"2024-11-14T12:31:38+01:00\">14 de Novembro de 2024<\/time><\/span><\/div>\t\t\t\t\t\t\t\t<\/div>\n\t\t\t\t\t\t\t<\/div>\n\t\t\t\t\t\t<\/article>\n\t\t\t\t\t<\/div>\t\t\t\t\t\t\t\t\t\t<div class=\"wf-cell hidden \">\n\t\t\t\t\t\t<article class=\"post visible wrapper post-88767 type-post status-publish format-standard has-post-thumbnail hentry category-eventos-gl category-272 description-off\">\n\n\t\t\t\t\t\t\t<div class=\"post-content-wrapper\">\n\t\t\t\t\t\t\t\t\t\t\t\t\t\t\t\t\t<div class=\"the7-simple-post-thumb\">\n\t\t\t\t\t\t\t\t\t\t<a class=\"post-thumbnail-rollover layzr-bg img-css-resize-wrapper\" aria-label=\"Post image\" href=\"https:\/\/acelerapyme.depourense.es\/gl\/taller-acelerapyme-en-verin-21-11-2015\/\"><img decoding=\"async\" width=\"508\" height=\"636\" src=\"data:image\/svg+xml,%3Csvg%20xmlns%3D&#039;http%3A%2F%2Fwww.w3.org%2F2000%2Fsvg&#039;%20viewBox%3D&#039;0%200%20508%20636&#039;%2F%3E\" class=\"attachment-full size-full preload-me aspect lazy lazy-load\" alt=\"\" style=\"--ratio: 508 \/ 636;\" data-src=\"https:\/\/acelerapyme.depourense.es\/wp-content\/uploads\/2024\/11\/Captura-de-pantalla_14-11-2024_115823_-1-e1732092988312.jpeg\" loading=\"eager\" \/><span class=\"the7-hover-icon\"><svg xmlns=\"http:\/\/www.w3.org\/2000\/svg\" viewBox=\"0 0 24 24\" width=\"24\" height=\"24\"><path fill=\"none\" d=\"M0 0h24v24H0z\"><\/path><path d=\"M5 10c-1.1 0-2 .9-2 2s.9 2 2 2 2-.9 2-2-.9-2-2-2zm14 0c-1.1 0-2 .9-2 2s.9 2 2 2 2-.9 2-2-.9-2-2-2zm-7 0c-1.1 0-2 .9-2 2s.9 2 2 2 2-.9 2-2-.9-2-2-2z\"><\/path><\/svg><\/span><\/a>\t\t\t\t\t\t\t\t\t<\/div>\n\t\t\t\t\t\t\t\t\t\t\t\t\t\t\t\t<div class=\"post-entry-content\">\n\t\t\t\t\t\t\t\t\t<h5 class=\"heading\"><a href=\"https:\/\/acelerapyme.depourense.es\/gl\/taller-acelerapyme-en-verin-21-11-2015\/\" rel=\"bookmark\" title=\"Taller AceleraPyme en Ver\u00edn 21\/11 20:15\" class=\"post-title\">Taller AceleraPyme en Ver\u00edn 21\/11 20:15<\/a><\/h5><div class=\"entry-meta\"><span class=\"meta-item category-link\"><a href=\"https:\/\/acelerapyme.depourense.es\/gl\/category\/eventos-gl\/\" rel=\"tag\">Eventos<\/a><\/span><span class=\"meta-item data-link\"><time class=\"entry-date updated\" datetime=\"2024-11-14T12:27:03+01:00\">14 de Novembro de 2024<\/time><\/span><\/div>\t\t\t\t\t\t\t\t<\/div>\n\t\t\t\t\t\t\t<\/div>\n\t\t\t\t\t\t<\/article>\n\t\t\t\t\t<\/div>\t\t\t\t\t\t\t\t\t\t<div class=\"wf-cell hidden \">\n\t\t\t\t\t\t<article class=\"post visible wrapper post-88751 type-post status-publish format-standard has-post-thumbnail hentry category-pilulas-tecnoloxicas category-275 description-off\">\n\n\t\t\t\t\t\t\t<div class=\"post-content-wrapper\">\n\t\t\t\t\t\t\t\t\t\t\t\t\t\t\t\t\t<div class=\"the7-simple-post-thumb\">\n\t\t\t\t\t\t\t\t\t\t<a class=\"post-thumbnail-rollover layzr-bg img-css-resize-wrapper\" aria-label=\"Post image\" href=\"https:\/\/acelerapyme.depourense.es\/gl\/a-revolucion-da-tecnoloxia-na-educacion\/\"><img decoding=\"async\" width=\"1024\" height=\"1024\" src=\"data:image\/svg+xml,%3Csvg%20xmlns%3D&#039;http%3A%2F%2Fwww.w3.org%2F2000%2Fsvg&#039;%20viewBox%3D&#039;0%200%201024%201024&#039;%2F%3E\" class=\"attachment-full size-full preload-me aspect lazy lazy-load\" alt=\"\" style=\"--ratio: 1024 \/ 1024;\" data-src=\"https:\/\/acelerapyme.depourense.es\/wp-content\/uploads\/2024\/11\/73831d1c-8fa6-418e-8388-9cd78f46733b-e1731498752268.jpg\" loading=\"eager\" \/><span class=\"the7-hover-icon\"><svg xmlns=\"http:\/\/www.w3.org\/2000\/svg\" viewBox=\"0 0 24 24\" width=\"24\" height=\"24\"><path fill=\"none\" d=\"M0 0h24v24H0z\"><\/path><path d=\"M5 10c-1.1 0-2 .9-2 2s.9 2 2 2 2-.9 2-2-.9-2-2-2zm14 0c-1.1 0-2 .9-2 2s.9 2 2 2 2-.9 2-2-.9-2-2-2zm-7 0c-1.1 0-2 .9-2 2s.9 2 2 2 2-.9 2-2-.9-2-2-2z\"><\/path><\/svg><\/span><\/a>\t\t\t\t\t\t\t\t\t<\/div>\n\t\t\t\t\t\t\t\t\t\t\t\t\t\t\t\t<div class=\"post-entry-content\">\n\t\t\t\t\t\t\t\t\t<h5 class=\"heading\"><a href=\"https:\/\/acelerapyme.depourense.es\/gl\/a-revolucion-da-tecnoloxia-na-educacion\/\" rel=\"bookmark\" title=\"A Revoluci\u00f3n da Tecnolox\u00eda na Educaci\u00f3n\" class=\"post-title\">A Revoluci\u00f3n da Tecnolox\u00eda na Educaci\u00f3n<\/a><\/h5><div class=\"entry-meta\"><span class=\"meta-item category-link\"><a href=\"https:\/\/acelerapyme.depourense.es\/gl\/category\/pilulas-tecnoloxicas\/\" rel=\"tag\">P\u00edlulas tecnol\u00f3xicas<\/a><\/span><span class=\"meta-item data-link\"><time class=\"entry-date updated\" datetime=\"2024-11-13T12:52:52+01:00\">13 de Novembro de 2024<\/time><\/span><\/div>\t\t\t\t\t\t\t\t<\/div>\n\t\t\t\t\t\t\t<\/div>\n\t\t\t\t\t\t<\/article>\n\t\t\t\t\t<\/div>\t\t\t\t\t\t\t\t\t\t<div class=\"wf-cell hidden \">\n\t\t\t\t\t\t<article class=\"post visible wrapper post-88724 type-post status-publish format-standard has-post-thumbnail hentry category-eventos-gl category-272 description-off\">\n\n\t\t\t\t\t\t\t<div class=\"post-content-wrapper\">\n\t\t\t\t\t\t\t\t\t\t\t\t\t\t\t\t\t<div class=\"the7-simple-post-thumb\">\n\t\t\t\t\t\t\t\t\t\t<a class=\"post-thumbnail-rollover layzr-bg img-css-resize-wrapper\" aria-label=\"Post image\" href=\"https:\/\/acelerapyme.depourense.es\/gl\/primeira-sesion-formativa-en-nogueira-de-ramuin\/\"><img decoding=\"async\" width=\"300\" height=\"262\" src=\"data:image\/svg+xml,%3Csvg%20xmlns%3D&#039;http%3A%2F%2Fwww.w3.org%2F2000%2Fsvg&#039;%20viewBox%3D&#039;0%200%20300%20262&#039;%2F%3E\" class=\"attachment-full size-full preload-me aspect lazy lazy-load\" alt=\"\" style=\"--ratio: 300 \/ 262;\" data-src=\"https:\/\/acelerapyme.depourense.es\/wp-content\/uploads\/2024\/11\/1730880226791-5-e1730883671403.jpg\" loading=\"eager\" \/><span class=\"the7-hover-icon\"><svg xmlns=\"http:\/\/www.w3.org\/2000\/svg\" viewBox=\"0 0 24 24\" width=\"24\" height=\"24\"><path fill=\"none\" d=\"M0 0h24v24H0z\"><\/path><path d=\"M5 10c-1.1 0-2 .9-2 2s.9 2 2 2 2-.9 2-2-.9-2-2-2zm14 0c-1.1 0-2 .9-2 2s.9 2 2 2 2-.9 2-2-.9-2-2-2zm-7 0c-1.1 0-2 .9-2 2s.9 2 2 2 2-.9 2-2-.9-2-2-2z\"><\/path><\/svg><\/span><\/a>\t\t\t\t\t\t\t\t\t<\/div>\n\t\t\t\t\t\t\t\t\t\t\t\t\t\t\t\t<div class=\"post-entry-content\">\n\t\t\t\t\t\t\t\t\t<h5 class=\"heading\"><a href=\"https:\/\/acelerapyme.depourense.es\/gl\/primeira-sesion-formativa-en-nogueira-de-ramuin\/\" rel=\"bookmark\" title=\"Primeira Sesi\u00f3n Formativa en Nogueira de Ramu\u00edn\" class=\"post-title\">Primeira Sesi\u00f3n Formativa en Nogueira de Ramu\u00edn<\/a><\/h5><div class=\"entry-meta\"><span class=\"meta-item category-link\"><a href=\"https:\/\/acelerapyme.depourense.es\/gl\/category\/eventos-gl\/\" rel=\"tag\">Eventos<\/a><\/span><span class=\"meta-item data-link\"><time class=\"entry-date updated\" datetime=\"2024-11-06T09:54:13+01:00\">6 de Novembro de 2024<\/time><\/span><\/div>\t\t\t\t\t\t\t\t<\/div>\n\t\t\t\t\t\t\t<\/div>\n\t\t\t\t\t\t<\/article>\n\t\t\t\t\t<\/div>\t\t\t\t\t\t\t\t\t\t<div class=\"wf-cell hidden \">\n\t\t\t\t\t\t<article class=\"post visible wrapper post-88655 type-post status-publish format-standard has-post-thumbnail hentry category-eventos-gl category-272 description-off\">\n\n\t\t\t\t\t\t\t<div class=\"post-content-wrapper\">\n\t\t\t\t\t\t\t\t\t\t\t\t\t\t\t\t\t<div class=\"the7-simple-post-thumb\">\n\t\t\t\t\t\t\t\t\t\t<a class=\"post-thumbnail-rollover layzr-bg img-css-resize-wrapper\" aria-label=\"Post image\" href=\"https:\/\/acelerapyme.depourense.es\/gl\/a-deputacion-reune-aos-axentes-do-proxecto-acelerou-que-axudaran-as-empresas-na-sua-transformacion-dixital\/\"><img decoding=\"async\" width=\"567\" height=\"447\" src=\"data:image\/svg+xml,%3Csvg%20xmlns%3D&#039;http%3A%2F%2Fwww.w3.org%2F2000%2Fsvg&#039;%20viewBox%3D&#039;0%200%20567%20447&#039;%2F%3E\" class=\"attachment-full size-full preload-me aspect lazy lazy-load\" alt=\"\" sizes=\"(max-width: 567px) 100vw, 567px\" style=\"--ratio: 567 \/ 447;\" data-src=\"https:\/\/acelerapyme.depourense.es\/wp-content\/uploads\/2024\/10\/Xornada_AceleraPyme.jpg\" loading=\"eager\" data-srcset=\"https:\/\/acelerapyme.depourense.es\/wp-content\/uploads\/2024\/10\/Xornada_AceleraPyme.jpg 567w, https:\/\/acelerapyme.depourense.es\/wp-content\/uploads\/2024\/10\/Xornada_AceleraPyme-300x237.jpg 300w\" \/><span class=\"the7-hover-icon\"><svg xmlns=\"http:\/\/www.w3.org\/2000\/svg\" viewBox=\"0 0 24 24\" width=\"24\" height=\"24\"><path fill=\"none\" d=\"M0 0h24v24H0z\"><\/path><path d=\"M5 10c-1.1 0-2 .9-2 2s.9 2 2 2 2-.9 2-2-.9-2-2-2zm14 0c-1.1 0-2 .9-2 2s.9 2 2 2 2-.9 2-2-.9-2-2-2zm-7 0c-1.1 0-2 .9-2 2s.9 2 2 2 2-.9 2-2-.9-2-2-2z\"><\/path><\/svg><\/span><\/a>\t\t\t\t\t\t\t\t\t<\/div>\n\t\t\t\t\t\t\t\t\t\t\t\t\t\t\t\t<div class=\"post-entry-content\">\n\t\t\t\t\t\t\t\t\t<h5 class=\"heading\"><a href=\"https:\/\/acelerapyme.depourense.es\/gl\/a-deputacion-reune-aos-axentes-do-proxecto-acelerou-que-axudaran-as-empresas-na-sua-transformacion-dixital\/\" rel=\"bookmark\" title=\"A Deputaci\u00f3n re\u00fane aos axentes do Proxecto Acelerou que axudar\u00e1n \u00e1s empresas na s\u00faa transformaci\u00f3n dixital\" class=\"post-title\">A Deputaci\u00f3n re\u00fane aos axentes do Proxecto Acelerou que axudar\u00e1n \u00e1s empresas na s\u00faa transformaci\u00f3n&hellip;<\/a><\/h5><div class=\"entry-meta\"><span class=\"meta-item category-link\"><a href=\"https:\/\/acelerapyme.depourense.es\/gl\/category\/eventos-gl\/\" rel=\"tag\">Eventos<\/a><\/span><span class=\"meta-item data-link\"><time class=\"entry-date updated\" datetime=\"2024-10-03T16:14:21+02:00\">3 de Outubro de 2024<\/time><\/span><\/div>\t\t\t\t\t\t\t\t<\/div>\n\t\t\t\t\t\t\t<\/div>\n\t\t\t\t\t\t<\/article>\n\t\t\t\t\t<\/div>\t\t\t\t\t\t\t\t\t\t<div class=\"wf-cell hidden \">\n\t\t\t\t\t\t<article class=\"post visible wrapper post-88663 type-post status-publish format-standard has-post-thumbnail hentry category-estrategia-e-cultura-dixital category-eventos-gl\">\n\n\t\t\t\t\t\t\t<div class=\"post-content-wrapper\">\n\t\t\t\t\t\t\t\t\t\t\t\t\t\t\t\t\t<div class=\"the7-simple-post-thumb\">\n\t\t\t\t\t\t\t\t\t\t<a class=\"post-thumbnail-rollover layzr-bg img-css-resize-wrapper\" aria-label=\"Post image\" href=\"https:\/\/acelerapyme.depourense.es\/gl\/a-deputacion-impulsa-a-transformacion-dixital-do-pequeno-comercio-ourensan-co-proxecto-acelerou\/\"><img decoding=\"async\" width=\"567\" height=\"378\" src=\"data:image\/svg+xml,%3Csvg%20xmlns%3D&#039;http%3A%2F%2Fwww.w3.org%2F2000%2Fsvg&#039;%20viewBox%3D&#039;0%200%20567%20378&#039;%2F%3E\" class=\"attachment-full size-full preload-me aspect lazy lazy-load\" alt=\"\" sizes=\"(max-width: 567px) 100vw, 567px\" style=\"--ratio: 567 \/ 378;\" data-src=\"https:\/\/acelerapyme.depourense.es\/wp-content\/uploads\/2024\/10\/Proxecto-AcelerOU-1.jpg\" loading=\"eager\" data-srcset=\"https:\/\/acelerapyme.depourense.es\/wp-content\/uploads\/2024\/10\/Proxecto-AcelerOU-1.jpg 567w, https:\/\/acelerapyme.depourense.es\/wp-content\/uploads\/2024\/10\/Proxecto-AcelerOU-1-300x200.jpg 300w\" \/><span class=\"the7-hover-icon\"><svg xmlns=\"http:\/\/www.w3.org\/2000\/svg\" viewBox=\"0 0 24 24\" width=\"24\" height=\"24\"><path fill=\"none\" d=\"M0 0h24v24H0z\"><\/path><path d=\"M5 10c-1.1 0-2 .9-2 2s.9 2 2 2 2-.9 2-2-.9-2-2-2zm14 0c-1.1 0-2 .9-2 2s.9 2 2 2 2-.9 2-2-.9-2-2-2zm-7 0c-1.1 0-2 .9-2 2s.9 2 2 2 2-.9 2-2-.9-2-2-2z\"><\/path><\/svg><\/span><\/a>\t\t\t\t\t\t\t\t\t<\/div>\n\t\t\t\t\t\t\t\t\t\t\t\t\t\t\t\t<div class=\"post-entry-content\">\n\t\t\t\t\t\t\t\t\t<h5 class=\"heading\"><a href=\"https:\/\/acelerapyme.depourense.es\/gl\/a-deputacion-impulsa-a-transformacion-dixital-do-pequeno-comercio-ourensan-co-proxecto-acelerou\/\" rel=\"bookmark\" title=\"A Deputaci\u00f3n impulsa a transformaci\u00f3n dixital do pequeno comercio ourens\u00e1n co proxecto &#8220;AcelerOU&#8221;\" class=\"post-title\">A Deputaci\u00f3n impulsa a transformaci\u00f3n dixital do pequeno comercio ourens\u00e1n co proxecto &#8220;AcelerOU&#8221;<\/a><\/h5><div class=\"entry-meta\"><span class=\"meta-item category-link\"><a href=\"https:\/\/acelerapyme.depourense.es\/gl\/category\/estrategia-e-cultura-dixital\/\" rel=\"tag\">Estrategia e cultura dixital<\/a>, <a href=\"https:\/\/acelerapyme.depourense.es\/gl\/category\/eventos-gl\/\" rel=\"tag\">Eventos<\/a><\/span><span class=\"meta-item data-link\"><time class=\"entry-date updated\" datetime=\"2024-10-03T16:11:36+02:00\">3 de Outubro de 2024<\/time><\/span><\/div>\t\t\t\t\t\t\t\t<\/div>\n\t\t\t\t\t\t\t<\/div>\n\t\t\t\t\t\t<\/article>\n\t\t\t\t\t<\/div>\t\t\t\t\t\t\t\t\t\t<div class=\"wf-cell hidden \">\n\t\t\t\t\t\t<article class=\"post visible wrapper post-88551 type-post status-publish format-standard has-post-thumbnail hentry category-marketing-dixital tag-marketing-de-contidos\">\n\n\t\t\t\t\t\t\t<div class=\"post-content-wrapper\">\n\t\t\t\t\t\t\t\t\t\t\t\t\t\t\t\t\t<div class=\"the7-simple-post-thumb\">\n\t\t\t\t\t\t\t\t\t\t<a class=\"post-thumbnail-rollover layzr-bg img-css-resize-wrapper\" aria-label=\"Post image\" href=\"https:\/\/acelerapyme.depourense.es\/gl\/que-e-o-marketing-de-contidos-e-para-que-serve\/\"><img decoding=\"async\" width=\"960\" height=\"540\" src=\"data:image\/svg+xml,%3Csvg%20xmlns%3D&#039;http%3A%2F%2Fwww.w3.org%2F2000%2Fsvg&#039;%20viewBox%3D&#039;0%200%20960%20540&#039;%2F%3E\" class=\"attachment-full size-full preload-me aspect lazy lazy-load\" alt=\"\" sizes=\"(max-width: 960px) 100vw, 960px\" style=\"--ratio: 960 \/ 540;\" data-src=\"https:\/\/acelerapyme.depourense.es\/wp-content\/uploads\/2024\/06\/Ejemplo-de-diseno-ACELEROU-4.jpg\" loading=\"eager\" data-srcset=\"https:\/\/acelerapyme.depourense.es\/wp-content\/uploads\/2024\/06\/Ejemplo-de-diseno-ACELEROU-4.jpg 960w, https:\/\/acelerapyme.depourense.es\/wp-content\/uploads\/2024\/06\/Ejemplo-de-diseno-ACELEROU-4-300x169.jpg 300w, https:\/\/acelerapyme.depourense.es\/wp-content\/uploads\/2024\/06\/Ejemplo-de-diseno-ACELEROU-4-768x432.jpg 768w\" \/><span class=\"the7-hover-icon\"><svg xmlns=\"http:\/\/www.w3.org\/2000\/svg\" viewBox=\"0 0 24 24\" width=\"24\" height=\"24\"><path fill=\"none\" d=\"M0 0h24v24H0z\"><\/path><path d=\"M5 10c-1.1 0-2 .9-2 2s.9 2 2 2 2-.9 2-2-.9-2-2-2zm14 0c-1.1 0-2 .9-2 2s.9 2 2 2 2-.9 2-2-.9-2-2-2zm-7 0c-1.1 0-2 .9-2 2s.9 2 2 2 2-.9 2-2-.9-2-2-2z\"><\/path><\/svg><\/span><\/a>\t\t\t\t\t\t\t\t\t<\/div>\n\t\t\t\t\t\t\t\t\t\t\t\t\t\t\t\t<div class=\"post-entry-content\">\n\t\t\t\t\t\t\t\t\t<h5 class=\"heading\"><a href=\"https:\/\/acelerapyme.depourense.es\/gl\/que-e-o-marketing-de-contidos-e-para-que-serve\/\" rel=\"bookmark\" title=\"Que \u00e9 o marketing de contidos e para que serve?\" class=\"post-title\">Que \u00e9 o marketing de contidos e para que serve?<\/a><\/h5><div class=\"entry-meta\"><span class=\"meta-item category-link\"><a href=\"https:\/\/acelerapyme.depourense.es\/gl\/category\/marketing-dixital\/\" rel=\"tag\">Marketing dixital<\/a><\/span><span class=\"meta-item data-link\"><time class=\"entry-date updated\" datetime=\"2024-06-28T15:42:37+02:00\">28 de Xu\u00f1o de 2024<\/time><\/span><\/div>\t\t\t\t\t\t\t\t<\/div>\n\t\t\t\t\t\t\t<\/div>\n\t\t\t\t\t\t<\/article>\n\t\t\t\t\t<\/div>\t\t\t\t\t\t\t\t<\/div>\n\t\t<div class=\"paginator filter-decorations paginator-more-button filter-pointer-background\">\n\t\t\t\t<a class=\"button-load-more highlighted filter-item\" href=\"javascript:void(0);\" data-dt-page=\"1\" ><span class=\"button-caption\">Cargar m\u00e1is entradas<\/span><\/a>\n\t\t\t<\/div><\/div>\t\t<\/div>\n\t\t\t\t<\/div>\n\t\t\t\t\t<\/div>\n\t\t<\/div>\n\t\t\t\t\t<\/div>\n\t\t<\/section>\n\t\t\t\t<\/div>\n\t\t","protected":false},"excerpt":{"rendered":"<p>Recursos Aqu\u00ed atopar\u00e1s artigos e recursos que che axudar\u00e1n a estar informado sobre Acelera SME e as posibilidades que pode ofrecer \u00e1 t\u00faa empresa e a adaptaci\u00f3n \u00e1s novas tecnolox\u00edas&hellip;<\/p>\n","protected":false},"author":1,"featured_media":0,"parent":0,"menu_order":52,"comment_status":"closed","ping_status":"closed","template":"elementor_header_footer","meta":{"footnotes":""},"class_list":["post-88494","page","type-page","status-publish","hentry"],"yoast_head":"<!-- This site is optimized with the Yoast SEO plugin v23.0 - https:\/\/yoast.com\/wordpress\/plugins\/seo\/ -->\n<title>Recursos - Acelerou<\/title>\n<meta name=\"robots\" content=\"index, follow, max-snippet:-1, max-image-preview:large, max-video-preview:-1\" \/>\n<link rel=\"canonical\" href=\"https:\/\/acelerapyme.depourense.es\/gl\/?page_id=88494\" \/>\n<meta property=\"og:locale\" content=\"gl_ES\" \/>\n<meta property=\"og:type\" content=\"article\" \/>\n<meta property=\"og:title\" content=\"Recursos - Acelerou\" \/>\n<meta property=\"og:description\" content=\"Recursos Aqu\u00ed atopar\u00e1s artigos e recursos que che axudar\u00e1n a estar informado sobre Acelera SME e as posibilidades que pode ofrecer \u00e1 t\u00faa empresa e a adaptaci\u00f3n \u00e1s novas tecnolox\u00edas&hellip;\" \/>\n<meta property=\"og:url\" content=\"https:\/\/acelerapyme.depourense.es\/gl\/?page_id=88494\" \/>\n<meta property=\"og:site_name\" content=\"Acelerou\" \/>\n<meta property=\"article:modified_time\" content=\"2024-09-23T16:07:16+00:00\" \/>\n<meta name=\"twitter:card\" content=\"summary_large_image\" \/>\n<script type=\"application\/ld+json\" class=\"yoast-schema-graph\">{\"@context\":\"https:\/\/schema.org\",\"@graph\":[{\"@type\":\"WebPage\",\"@id\":\"https:\/\/acelerapyme.depourense.es\/gl\/?page_id=88494\",\"url\":\"https:\/\/acelerapyme.depourense.es\/gl\/?page_id=88494\",\"name\":\"Recursos - Acelerou\",\"isPartOf\":{\"@id\":\"https:\/\/acelerapyme.depourense.es\/#website\"},\"datePublished\":\"2023-01-29T12:58:48+00:00\",\"dateModified\":\"2024-09-23T16:07:16+00:00\",\"breadcrumb\":{\"@id\":\"https:\/\/acelerapyme.depourense.es\/gl\/?page_id=88494#breadcrumb\"},\"inLanguage\":\"gl-ES\",\"potentialAction\":[{\"@type\":\"ReadAction\",\"target\":[\"https:\/\/acelerapyme.depourense.es\/gl\/?page_id=88494\"]}]},{\"@type\":\"BreadcrumbList\",\"@id\":\"https:\/\/acelerapyme.depourense.es\/gl\/?page_id=88494#breadcrumb\",\"itemListElement\":[{\"@type\":\"ListItem\",\"position\":1,\"name\":\"Portada\",\"item\":\"https:\/\/acelerapyme.depourense.es\/\"},{\"@type\":\"ListItem\",\"position\":2,\"name\":\"Recursos\"}]},{\"@type\":\"WebSite\",\"@id\":\"https:\/\/acelerapyme.depourense.es\/#website\",\"url\":\"https:\/\/acelerapyme.depourense.es\/\",\"name\":\"Acelerou\",\"description\":\"\",\"publisher\":{\"@id\":\"https:\/\/acelerapyme.depourense.es\/#organization\"},\"potentialAction\":[{\"@type\":\"SearchAction\",\"target\":{\"@type\":\"EntryPoint\",\"urlTemplate\":\"https:\/\/acelerapyme.depourense.es\/?s={search_term_string}\"},\"query-input\":\"required name=search_term_string\"}],\"inLanguage\":\"gl-ES\"},{\"@type\":\"Organization\",\"@id\":\"https:\/\/acelerapyme.depourense.es\/#organization\",\"name\":\"Acelerou\",\"url\":\"https:\/\/acelerapyme.depourense.es\/\",\"logo\":{\"@type\":\"ImageObject\",\"inLanguage\":\"gl-ES\",\"@id\":\"https:\/\/acelerapyme.depourense.es\/#\/schema\/logo\/image\/\",\"url\":\"https:\/\/acelerapyme.depourense.es\/wp-content\/uploads\/2024\/06\/logo2.png\",\"contentUrl\":\"https:\/\/acelerapyme.depourense.es\/wp-content\/uploads\/2024\/06\/logo2.png\",\"width\":1012,\"height\":189,\"caption\":\"Acelerou\"},\"image\":{\"@id\":\"https:\/\/acelerapyme.depourense.es\/#\/schema\/logo\/image\/\"}}]}<\/script>\n<!-- \/ Yoast SEO plugin. -->","yoast_head_json":{"title":"Recursos - Acelerou","robots":{"index":"index","follow":"follow","max-snippet":"max-snippet:-1","max-image-preview":"max-image-preview:large","max-video-preview":"max-video-preview:-1"},"canonical":"https:\/\/acelerapyme.depourense.es\/gl\/?page_id=88494","og_locale":"gl_ES","og_type":"article","og_title":"Recursos - Acelerou","og_description":"Recursos Aqu\u00ed atopar\u00e1s artigos e recursos que che axudar\u00e1n a estar informado sobre Acelera SME e as posibilidades que pode ofrecer \u00e1 t\u00faa empresa e a adaptaci\u00f3n \u00e1s novas tecnolox\u00edas&hellip;","og_url":"https:\/\/acelerapyme.depourense.es\/gl\/?page_id=88494","og_site_name":"Acelerou","article_modified_time":"2024-09-23T16:07:16+00:00","twitter_card":"summary_large_image","schema":{"@context":"https:\/\/schema.org","@graph":[{"@type":"WebPage","@id":"https:\/\/acelerapyme.depourense.es\/gl\/?page_id=88494","url":"https:\/\/acelerapyme.depourense.es\/gl\/?page_id=88494","name":"Recursos - Acelerou","isPartOf":{"@id":"https:\/\/acelerapyme.depourense.es\/#website"},"datePublished":"2023-01-29T12:58:48+00:00","dateModified":"2024-09-23T16:07:16+00:00","breadcrumb":{"@id":"https:\/\/acelerapyme.depourense.es\/gl\/?page_id=88494#breadcrumb"},"inLanguage":"gl-ES","potentialAction":[{"@type":"ReadAction","target":["https:\/\/acelerapyme.depourense.es\/gl\/?page_id=88494"]}]},{"@type":"BreadcrumbList","@id":"https:\/\/acelerapyme.depourense.es\/gl\/?page_id=88494#breadcrumb","itemListElement":[{"@type":"ListItem","position":1,"name":"Portada","item":"https:\/\/acelerapyme.depourense.es\/"},{"@type":"ListItem","position":2,"name":"Recursos"}]},{"@type":"WebSite","@id":"https:\/\/acelerapyme.depourense.es\/#website","url":"https:\/\/acelerapyme.depourense.es\/","name":"Acelerou","description":"","publisher":{"@id":"https:\/\/acelerapyme.depourense.es\/#organization"},"potentialAction":[{"@type":"SearchAction","target":{"@type":"EntryPoint","urlTemplate":"https:\/\/acelerapyme.depourense.es\/?s={search_term_string}"},"query-input":"required name=search_term_string"}],"inLanguage":"gl-ES"},{"@type":"Organization","@id":"https:\/\/acelerapyme.depourense.es\/#organization","name":"Acelerou","url":"https:\/\/acelerapyme.depourense.es\/","logo":{"@type":"ImageObject","inLanguage":"gl-ES","@id":"https:\/\/acelerapyme.depourense.es\/#\/schema\/logo\/image\/","url":"https:\/\/acelerapyme.depourense.es\/wp-content\/uploads\/2024\/06\/logo2.png","contentUrl":"https:\/\/acelerapyme.depourense.es\/wp-content\/uploads\/2024\/06\/logo2.png","width":1012,"height":189,"caption":"Acelerou"},"image":{"@id":"https:\/\/acelerapyme.depourense.es\/#\/schema\/logo\/image\/"}}]}},"_links":{"self":[{"href":"https:\/\/acelerapyme.depourense.es\/gl\/wp-json\/wp\/v2\/pages\/88494","targetHints":{"allow":["GET"]}}],"collection":[{"href":"https:\/\/acelerapyme.depourense.es\/gl\/wp-json\/wp\/v2\/pages"}],"about":[{"href":"https:\/\/acelerapyme.depourense.es\/gl\/wp-json\/wp\/v2\/types\/page"}],"author":[{"embeddable":true,"href":"https:\/\/acelerapyme.depourense.es\/gl\/wp-json\/wp\/v2\/users\/1"}],"replies":[{"embeddable":true,"href":"https:\/\/acelerapyme.depourense.es\/gl\/wp-json\/wp\/v2\/comments?post=88494"}],"version-history":[{"count":2,"href":"https:\/\/acelerapyme.depourense.es\/gl\/wp-json\/wp\/v2\/pages\/88494\/revisions"}],"predecessor-version":[{"id":88497,"href":"https:\/\/acelerapyme.depourense.es\/gl\/wp-json\/wp\/v2\/pages\/88494\/revisions\/88497"}],"wp:attachment":[{"href":"https:\/\/acelerapyme.depourense.es\/gl\/wp-json\/wp\/v2\/media?parent=88494"}],"curies":[{"name":"wp","href":"https:\/\/api.w.org\/{rel}","templated":true}]}}